{"id":10275,"date":"2024-04-14T19:29:54","date_gmt":"2024-04-14T17:29:54","guid":{"rendered":"https:\/\/www.lebenslaute.net\/?page_id=10275"},"modified":"2024-09-13T12:56:16","modified_gmt":"2024-09-13T10:56:16","slug":"2024-thueringen","status":"publish","type":"page","link":"https:\/\/www.lebenslaute.net\/?page_id=10275","title":{"rendered":"2024 Th\u00fcringen"},"content":{"rendered":"\n<p class=\"has-text-align-center\"><strong>Fl\u00f6te und Bass statt Hetze und Hass<\/strong><br><strong>Vorbereitungs- und Probenwochenende<\/strong> vom <strong>14. bis 16. Juni<\/strong> 2024. <br><strong>Proben- und Aktionstage<\/strong> vom <strong>7. bis 14. August<\/strong> 2024 in <strong>Th\u00fcringen<\/strong>. <\/p>\n\n\n\n<p><a href=\"#ticker\">Aktionsticker<\/a>\u00a0|\u00a0<a href=\"#fotos\">Fotos<\/a>\u00a0| <a href=\"#videos\" data-type=\"internal\" data-id=\"#videos\">Videos<\/a> |\u00a0<a href=\"#pm\">Pressemitteilungen<\/a> | <a href=\"#reden\">Reden<\/a>\u00a0|\u00a0<a href=\"#medienberichte\">Medienberichte<\/a>\u00a0|\u00a0<a href=\"#material\">Material<\/a>\u00a0|\u00a0<a href=\"#aufruf\">Aufruf<\/a>\u00a0|\u00a0<a href=\"#konzertprogramm\">Konzertprogramm<\/a>\u00a0|\u00a0<a href=\"#wirsuchen\">Wir suchen \/Mitmachen<\/a> <\/p>\n\n\n\n<p>Mit den Landtagswahlen am 1.9.2024 will der Nazi&nbsp;H\u00f6cke&nbsp;in Th\u00fcringen Ministerpr\u00e4sident werden. Dem stellen wir uns gemeinsam mit anderen zivil-ungehorsam und musikalisch in den Weg.<\/p>\n\n\n\n<div class=\"wp-block-media-text alignwide is-stacked-on-mobile\"><figure class=\"wp-block-media-text__media\"><img loading=\"lazy\" decoding=\"async\" width=\"722\" height=\"1024\" src=\"https:\/\/www.lebenslaute.net\/wp-content\/uploads\/2024\/07\/Plakat-2024_web-722x1024.jpg\" alt=\"\" class=\"wp-image-10451 size-full\" srcset=\"https:\/\/www.lebenslaute.net\/wp-content\/uploads\/2024\/07\/Plakat-2024_web-722x1024.jpg 722w, https:\/\/www.lebenslaute.net\/wp-content\/uploads\/2024\/07\/Plakat-2024_web-211x300.jpg 211w, https:\/\/www.lebenslaute.net\/wp-content\/uploads\/2024\/07\/Plakat-2024_web-768x1090.jpg 768w, https:\/\/www.lebenslaute.net\/wp-content\/uploads\/2024\/07\/Plakat-2024_web-1083x1536.jpg 1083w, https:\/\/www.lebenslaute.net\/wp-content\/uploads\/2024\/07\/Plakat-2024_web-1444x2048.jpg 1444w, https:\/\/www.lebenslaute.net\/wp-content\/uploads\/2024\/07\/Plakat-2024_web-190x270.jpg 190w, https:\/\/www.lebenslaute.net\/wp-content\/uploads\/2024\/07\/Plakat-2024_web.jpg 1748w\" sizes=\"auto, (max-width: 722px) 100vw, 722px\" \/><\/figure><div class=\"wp-block-media-text__content\">\n<p class=\"has-text-align-left\"><strong>\u00d6ffentliche Konzerte:<\/strong><\/p>\n\n\n\n<p class=\"has-text-align-left\">13.8., 15:15 Gedenkst\u00e4tte Buchenwald.<\/p>\n\n\n\n<p class=\"has-text-align-left\">13.8., 19:00 Evangelisches Gemeindezentrum Paul Schneider, Weimar, Moskauer Str. 1a.<\/p>\n\n\n\n<p class=\"has-text-align-left\">14.8., 11:55 Th\u00fcringer Landtag, Erfurt, J\u00fcrgen-Fuchs Str. 1.<\/p>\n<\/div><\/div>\n\n\n\n<h2 class=\"wp-block-heading\">Konzert am Eingang der Gedenkst\u00e4tte Buchenwald<\/h2>\n\n\n\n<p>Lebenslaute vor den Toren des ehemaligen KZ Buchenwald: das war ein besonders bewegendes Konzert f\u00fcr uns. Es gibt wenige Orte, an denen so eindrucksvoll und ersch\u00fctternd erfahrbar ist, wohin Faschismus f\u00fchrt.<\/p>\n\n\n\n<p>In Buchenwald waren insgesamt fast 280.000 Menschen inhaftiert und wurden von der SS zu Zwangsarbeit in der R\u00fcstungsindustrie und anderswo gezwungen. \u00dcber 56.000 Menschen starben an Folter, T\u00f6tungen, medizinischen Experimenten und Auszehrung.<\/p>\n\n\n\n<p>Wir haben unser Konzertprogramm um 15:15 Uhr begonnen: Zur Stunde der Befreiung der H\u00e4ftlinge am 11. April 1945.<\/p>\n\n\n\n<p>Mit unserer Konzertreihe wollen wir einen Beitrag gegen den zunehmenden Rechtsruck leisten und diejenigen st\u00e4rken, die die Wahl des Nazis Bj\u00f6rn H\u00f6cke zum Ministerpr\u00e4sident von Th\u00fcringen verhindern wollen. Am Mittwoch spielen wir deshalb ein letztes Mal um 5 vor 12 vor dem Landtag in Erfurt!<\/p>\n\n\n\n<figure class=\"wp-block-gallery has-nested-images columns-default is-cropped wp-block-gallery-1 is-layout-flex wp-block-gallery-is-layout-flex\">\n<figure class=\"wp-block-image size-large\"><a href=\"https:\/\/www.lebenslaute.net\/wp-content\/uploads\/2024\/08\/Lebenslaute-Lothar-Kornblum-DSC_4058-2-scaled.jpg\"><img loading=\"lazy\" decoding=\"async\" width=\"1024\" height=\"683\" data-id=\"10539\" src=\"https:\/\/www.lebenslaute.net\/wp-content\/uploads\/2024\/08\/Lebenslaute-Lothar-Kornblum-DSC_4058-2-1024x683.jpg\" alt=\"\" class=\"wp-image-10539\" srcset=\"https:\/\/www.lebenslaute.net\/wp-content\/uploads\/2024\/08\/Lebenslaute-Lothar-Kornblum-DSC_4058-2-1024x683.jpg 1024w, https:\/\/www.lebenslaute.net\/wp-content\/uploads\/2024\/08\/Lebenslaute-Lothar-Kornblum-DSC_4058-2-300x200.jpg 300w, https:\/\/www.lebenslaute.net\/wp-content\/uploads\/2024\/08\/Lebenslaute-Lothar-Kornblum-DSC_4058-2-768x512.jpg 768w, https:\/\/www.lebenslaute.net\/wp-content\/uploads\/2024\/08\/Lebenslaute-Lothar-Kornblum-DSC_4058-2-1536x1024.jpg 1536w, https:\/\/www.lebenslaute.net\/wp-content\/uploads\/2024\/08\/Lebenslaute-Lothar-Kornblum-DSC_4058-2-2048x1365.jpg 2048w, https:\/\/www.lebenslaute.net\/wp-content\/uploads\/2024\/08\/Lebenslaute-Lothar-Kornblum-DSC_4058-2-405x270.jpg 405w\" sizes=\"auto, (max-width: 1024px) 100vw, 1024px\" \/><\/a><\/figure>\n\n\n\n<figure class=\"wp-block-image size-large\"><a href=\"https:\/\/www.lebenslaute.net\/wp-content\/uploads\/2024\/08\/Lebenslaute-Lothar-Kornblum-DSC_4114-1-scaled.jpg\"><img loading=\"lazy\" decoding=\"async\" width=\"1024\" height=\"683\" data-id=\"10538\" src=\"https:\/\/www.lebenslaute.net\/wp-content\/uploads\/2024\/08\/Lebenslaute-Lothar-Kornblum-DSC_4114-1-1024x683.jpg\" alt=\"\" class=\"wp-image-10538\" srcset=\"https:\/\/www.lebenslaute.net\/wp-content\/uploads\/2024\/08\/Lebenslaute-Lothar-Kornblum-DSC_4114-1-1024x683.jpg 1024w, https:\/\/www.lebenslaute.net\/wp-content\/uploads\/2024\/08\/Lebenslaute-Lothar-Kornblum-DSC_4114-1-300x200.jpg 300w, https:\/\/www.lebenslaute.net\/wp-content\/uploads\/2024\/08\/Lebenslaute-Lothar-Kornblum-DSC_4114-1-768x512.jpg 768w, https:\/\/www.lebenslaute.net\/wp-content\/uploads\/2024\/08\/Lebenslaute-Lothar-Kornblum-DSC_4114-1-1536x1024.jpg 1536w, https:\/\/www.lebenslaute.net\/wp-content\/uploads\/2024\/08\/Lebenslaute-Lothar-Kornblum-DSC_4114-1-2048x1365.jpg 2048w, https:\/\/www.lebenslaute.net\/wp-content\/uploads\/2024\/08\/Lebenslaute-Lothar-Kornblum-DSC_4114-1-405x270.jpg 405w\" sizes=\"auto, (max-width: 1024px) 100vw, 1024px\" \/><\/a><\/figure>\n<\/figure>\n\n\n\n<h2 class=\"wp-block-heading\">Konzert vor dem faschistischen Zentrum &#8220;Flieder Volkshaus&#8221;<\/h2>\n\n\n\n<p>\u00dcber 100 Aktivst:innen von Lebenslaute spielten am Abend des 12. August ein unangemeldetes Protestkonzert vor dem von militanten Rechtsextremisten genutzten \u201cFlieder Volkshaus\u201d in Eisenach. <\/p>\n\n\n\n<p>Das Geb\u00e4ude sieht nett und unscheinbar aus, aber die Polizei sagt: Das Flieder Volkshaus ist einer der vier gef\u00e4hrlichsten Orte Th\u00fcringens. Hier gehen militante und gewaltt\u00e4tige Nazis ein und aus, versuchen, Jugendliche f\u00fcr sich zu gewinnen, trainieren das T\u00f6ten von Linken und von Menschen, die nicht in ihr braunes Weltbild passen.<\/p>\n\n\n\n<figure class=\"wp-block-image size-large\"><a href=\"https:\/\/www.lebenslaute.net\/wp-content\/uploads\/2024\/08\/Lebenslaute-Flieder-Volkshaus_Lothar-Kornblum_DSC_3827-1-scaled.jpg\"><img loading=\"lazy\" decoding=\"async\" width=\"1024\" height=\"683\" src=\"https:\/\/www.lebenslaute.net\/wp-content\/uploads\/2024\/08\/Lebenslaute-Flieder-Volkshaus_Lothar-Kornblum_DSC_3827-1-1024x683.jpg\" alt=\"\" class=\"wp-image-10504\" srcset=\"https:\/\/www.lebenslaute.net\/wp-content\/uploads\/2024\/08\/Lebenslaute-Flieder-Volkshaus_Lothar-Kornblum_DSC_3827-1-1024x683.jpg 1024w, https:\/\/www.lebenslaute.net\/wp-content\/uploads\/2024\/08\/Lebenslaute-Flieder-Volkshaus_Lothar-Kornblum_DSC_3827-1-300x200.jpg 300w, https:\/\/www.lebenslaute.net\/wp-content\/uploads\/2024\/08\/Lebenslaute-Flieder-Volkshaus_Lothar-Kornblum_DSC_3827-1-768x512.jpg 768w, https:\/\/www.lebenslaute.net\/wp-content\/uploads\/2024\/08\/Lebenslaute-Flieder-Volkshaus_Lothar-Kornblum_DSC_3827-1-1536x1024.jpg 1536w, https:\/\/www.lebenslaute.net\/wp-content\/uploads\/2024\/08\/Lebenslaute-Flieder-Volkshaus_Lothar-Kornblum_DSC_3827-1-2048x1365.jpg 2048w, https:\/\/www.lebenslaute.net\/wp-content\/uploads\/2024\/08\/Lebenslaute-Flieder-Volkshaus_Lothar-Kornblum_DSC_3827-1-405x270.jpg 405w\" sizes=\"auto, (max-width: 1024px) 100vw, 1024px\" \/><\/a><\/figure>\n\n\n\n<hr class=\"wp-block-separator\"\/>\n\n\n\n<a id=\"fotos\" xlink=\"href\"><\/a>\n\n\n\n<p><strong>&gt;&gt; Fotos<\/strong><br>Fotos zur freien Verf\u00fcgung bei Nennung der UrheberIn (Lebenslaute, falls nicht anders angegeben).<\/p>\n\n\n\n<figure class=\"wp-block-gallery has-nested-images columns-default is-cropped wp-block-gallery-2 is-layout-flex wp-block-gallery-is-layout-flex\">\n<figure class=\"wp-block-image size-large\"><a href=\"https:\/\/www.lebenslaute.net\/wp-content\/uploads\/2024\/08\/Lebenslaute_Lothar-Kornblum_DSC_4189-1-scaled.jpg\"><img loading=\"lazy\" decoding=\"async\" width=\"1024\" height=\"683\" data-id=\"10554\" src=\"https:\/\/www.lebenslaute.net\/wp-content\/uploads\/2024\/08\/Lebenslaute_Lothar-Kornblum_DSC_4189-1-1024x683.jpg\" alt=\"\" class=\"wp-image-10554\" srcset=\"https:\/\/www.lebenslaute.net\/wp-content\/uploads\/2024\/08\/Lebenslaute_Lothar-Kornblum_DSC_4189-1-1024x683.jpg 1024w, https:\/\/www.lebenslaute.net\/wp-content\/uploads\/2024\/08\/Lebenslaute_Lothar-Kornblum_DSC_4189-1-300x200.jpg 300w, https:\/\/www.lebenslaute.net\/wp-content\/uploads\/2024\/08\/Lebenslaute_Lothar-Kornblum_DSC_4189-1-768x512.jpg 768w, https:\/\/www.lebenslaute.net\/wp-content\/uploads\/2024\/08\/Lebenslaute_Lothar-Kornblum_DSC_4189-1-1536x1024.jpg 1536w, https:\/\/www.lebenslaute.net\/wp-content\/uploads\/2024\/08\/Lebenslaute_Lothar-Kornblum_DSC_4189-1-2048x1365.jpg 2048w, https:\/\/www.lebenslaute.net\/wp-content\/uploads\/2024\/08\/Lebenslaute_Lothar-Kornblum_DSC_4189-1-405x270.jpg 405w\" sizes=\"auto, (max-width: 1024px) 100vw, 1024px\" \/><\/a><\/figure>\n\n\n\n<figure class=\"wp-block-image size-large\"><a href=\"https:\/\/www.lebenslaute.net\/wp-content\/uploads\/2024\/08\/Lebenslaute_Lothar-Kornblum_DSC_4202-1-scaled.jpg\"><img loading=\"lazy\" decoding=\"async\" width=\"1024\" height=\"683\" data-id=\"10553\" src=\"https:\/\/www.lebenslaute.net\/wp-content\/uploads\/2024\/08\/Lebenslaute_Lothar-Kornblum_DSC_4202-1-1024x683.jpg\" alt=\"\" class=\"wp-image-10553\" srcset=\"https:\/\/www.lebenslaute.net\/wp-content\/uploads\/2024\/08\/Lebenslaute_Lothar-Kornblum_DSC_4202-1-1024x683.jpg 1024w, https:\/\/www.lebenslaute.net\/wp-content\/uploads\/2024\/08\/Lebenslaute_Lothar-Kornblum_DSC_4202-1-300x200.jpg 300w, https:\/\/www.lebenslaute.net\/wp-content\/uploads\/2024\/08\/Lebenslaute_Lothar-Kornblum_DSC_4202-1-768x512.jpg 768w, https:\/\/www.lebenslaute.net\/wp-content\/uploads\/2024\/08\/Lebenslaute_Lothar-Kornblum_DSC_4202-1-1536x1024.jpg 1536w, https:\/\/www.lebenslaute.net\/wp-content\/uploads\/2024\/08\/Lebenslaute_Lothar-Kornblum_DSC_4202-1-2048x1365.jpg 2048w, https:\/\/www.lebenslaute.net\/wp-content\/uploads\/2024\/08\/Lebenslaute_Lothar-Kornblum_DSC_4202-1-405x270.jpg 405w\" sizes=\"auto, (max-width: 1024px) 100vw, 1024px\" \/><\/a><\/figure>\n\n\n\n<figure class=\"wp-block-image size-large\"><a href=\"https:\/\/www.lebenslaute.net\/wp-content\/uploads\/2024\/08\/Lebenslaute_Lothar-Kornblum_DSC_4212-1-scaled.jpg\"><img loading=\"lazy\" decoding=\"async\" width=\"1024\" height=\"683\" data-id=\"10555\" src=\"https:\/\/www.lebenslaute.net\/wp-content\/uploads\/2024\/08\/Lebenslaute_Lothar-Kornblum_DSC_4212-1-1024x683.jpg\" alt=\"\" class=\"wp-image-10555\" srcset=\"https:\/\/www.lebenslaute.net\/wp-content\/uploads\/2024\/08\/Lebenslaute_Lothar-Kornblum_DSC_4212-1-1024x683.jpg 1024w, https:\/\/www.lebenslaute.net\/wp-content\/uploads\/2024\/08\/Lebenslaute_Lothar-Kornblum_DSC_4212-1-300x200.jpg 300w, https:\/\/www.lebenslaute.net\/wp-content\/uploads\/2024\/08\/Lebenslaute_Lothar-Kornblum_DSC_4212-1-768x512.jpg 768w, https:\/\/www.lebenslaute.net\/wp-content\/uploads\/2024\/08\/Lebenslaute_Lothar-Kornblum_DSC_4212-1-1536x1024.jpg 1536w, https:\/\/www.lebenslaute.net\/wp-content\/uploads\/2024\/08\/Lebenslaute_Lothar-Kornblum_DSC_4212-1-2048x1365.jpg 2048w, https:\/\/www.lebenslaute.net\/wp-content\/uploads\/2024\/08\/Lebenslaute_Lothar-Kornblum_DSC_4212-1-405x270.jpg 405w\" sizes=\"auto, (max-width: 1024px) 100vw, 1024px\" \/><\/a><\/figure>\n\n\n\n<figure class=\"wp-block-image size-large\"><a href=\"https:\/\/www.lebenslaute.net\/wp-content\/uploads\/2024\/08\/Lebenslaute_Lothar-Kornblum_DSC_4230-1-scaled.jpg\"><img loading=\"lazy\" decoding=\"async\" width=\"1024\" height=\"683\" data-id=\"10556\" src=\"https:\/\/www.lebenslaute.net\/wp-content\/uploads\/2024\/08\/Lebenslaute_Lothar-Kornblum_DSC_4230-1-1024x683.jpg\" alt=\"\" class=\"wp-image-10556\" srcset=\"https:\/\/www.lebenslaute.net\/wp-content\/uploads\/2024\/08\/Lebenslaute_Lothar-Kornblum_DSC_4230-1-1024x683.jpg 1024w, https:\/\/www.lebenslaute.net\/wp-content\/uploads\/2024\/08\/Lebenslaute_Lothar-Kornblum_DSC_4230-1-300x200.jpg 300w, https:\/\/www.lebenslaute.net\/wp-content\/uploads\/2024\/08\/Lebenslaute_Lothar-Kornblum_DSC_4230-1-768x512.jpg 768w, https:\/\/www.lebenslaute.net\/wp-content\/uploads\/2024\/08\/Lebenslaute_Lothar-Kornblum_DSC_4230-1-1536x1024.jpg 1536w, https:\/\/www.lebenslaute.net\/wp-content\/uploads\/2024\/08\/Lebenslaute_Lothar-Kornblum_DSC_4230-1-2048x1365.jpg 2048w, https:\/\/www.lebenslaute.net\/wp-content\/uploads\/2024\/08\/Lebenslaute_Lothar-Kornblum_DSC_4230-1-405x270.jpg 405w\" sizes=\"auto, (max-width: 1024px) 100vw, 1024px\" \/><\/a><\/figure>\n\n\n\n<figure class=\"wp-block-image size-large\"><a href=\"https:\/\/www.lebenslaute.net\/wp-content\/uploads\/2024\/08\/Lebenslaute_Lothar-Kornblum_DSC_4241-1-scaled.jpg\"><img loading=\"lazy\" decoding=\"async\" width=\"1024\" height=\"683\" data-id=\"10552\" src=\"https:\/\/www.lebenslaute.net\/wp-content\/uploads\/2024\/08\/Lebenslaute_Lothar-Kornblum_DSC_4241-1-1024x683.jpg\" alt=\"\" class=\"wp-image-10552\" srcset=\"https:\/\/www.lebenslaute.net\/wp-content\/uploads\/2024\/08\/Lebenslaute_Lothar-Kornblum_DSC_4241-1-1024x683.jpg 1024w, https:\/\/www.lebenslaute.net\/wp-content\/uploads\/2024\/08\/Lebenslaute_Lothar-Kornblum_DSC_4241-1-300x200.jpg 300w, https:\/\/www.lebenslaute.net\/wp-content\/uploads\/2024\/08\/Lebenslaute_Lothar-Kornblum_DSC_4241-1-768x512.jpg 768w, https:\/\/www.lebenslaute.net\/wp-content\/uploads\/2024\/08\/Lebenslaute_Lothar-Kornblum_DSC_4241-1-1536x1024.jpg 1536w, https:\/\/www.lebenslaute.net\/wp-content\/uploads\/2024\/08\/Lebenslaute_Lothar-Kornblum_DSC_4241-1-2048x1365.jpg 2048w, https:\/\/www.lebenslaute.net\/wp-content\/uploads\/2024\/08\/Lebenslaute_Lothar-Kornblum_DSC_4241-1-405x270.jpg 405w\" sizes=\"auto, (max-width: 1024px) 100vw, 1024px\" \/><\/a><\/figure>\n\n\n\n<figure class=\"wp-block-image size-large\"><a href=\"https:\/\/www.lebenslaute.net\/wp-content\/uploads\/2024\/08\/Lebenslaute_Lothar-Kornblum_DSC_4255-1-scaled.jpg\"><img loading=\"lazy\" decoding=\"async\" width=\"1024\" height=\"683\" data-id=\"10551\" src=\"https:\/\/www.lebenslaute.net\/wp-content\/uploads\/2024\/08\/Lebenslaute_Lothar-Kornblum_DSC_4255-1-1024x683.jpg\" alt=\"\" class=\"wp-image-10551\" srcset=\"https:\/\/www.lebenslaute.net\/wp-content\/uploads\/2024\/08\/Lebenslaute_Lothar-Kornblum_DSC_4255-1-1024x683.jpg 1024w, https:\/\/www.lebenslaute.net\/wp-content\/uploads\/2024\/08\/Lebenslaute_Lothar-Kornblum_DSC_4255-1-300x200.jpg 300w, https:\/\/www.lebenslaute.net\/wp-content\/uploads\/2024\/08\/Lebenslaute_Lothar-Kornblum_DSC_4255-1-768x512.jpg 768w, https:\/\/www.lebenslaute.net\/wp-content\/uploads\/2024\/08\/Lebenslaute_Lothar-Kornblum_DSC_4255-1-1536x1024.jpg 1536w, https:\/\/www.lebenslaute.net\/wp-content\/uploads\/2024\/08\/Lebenslaute_Lothar-Kornblum_DSC_4255-1-2048x1365.jpg 2048w, https:\/\/www.lebenslaute.net\/wp-content\/uploads\/2024\/08\/Lebenslaute_Lothar-Kornblum_DSC_4255-1-405x270.jpg 405w\" sizes=\"auto, (max-width: 1024px) 100vw, 1024px\" \/><\/a><\/figure>\n\n\n\n<figure class=\"wp-block-image size-large\"><a href=\"https:\/\/www.lebenslaute.net\/wp-content\/uploads\/2024\/08\/Lebenslaute_Lothar-Kornblum_DSC_4308-1-scaled.jpg\"><img loading=\"lazy\" decoding=\"async\" width=\"1024\" height=\"683\" data-id=\"10557\" src=\"https:\/\/www.lebenslaute.net\/wp-content\/uploads\/2024\/08\/Lebenslaute_Lothar-Kornblum_DSC_4308-1-1024x683.jpg\" alt=\"\" class=\"wp-image-10557\" srcset=\"https:\/\/www.lebenslaute.net\/wp-content\/uploads\/2024\/08\/Lebenslaute_Lothar-Kornblum_DSC_4308-1-1024x683.jpg 1024w, https:\/\/www.lebenslaute.net\/wp-content\/uploads\/2024\/08\/Lebenslaute_Lothar-Kornblum_DSC_4308-1-300x200.jpg 300w, https:\/\/www.lebenslaute.net\/wp-content\/uploads\/2024\/08\/Lebenslaute_Lothar-Kornblum_DSC_4308-1-768x512.jpg 768w, https:\/\/www.lebenslaute.net\/wp-content\/uploads\/2024\/08\/Lebenslaute_Lothar-Kornblum_DSC_4308-1-1536x1024.jpg 1536w, https:\/\/www.lebenslaute.net\/wp-content\/uploads\/2024\/08\/Lebenslaute_Lothar-Kornblum_DSC_4308-1-2048x1365.jpg 2048w, https:\/\/www.lebenslaute.net\/wp-content\/uploads\/2024\/08\/Lebenslaute_Lothar-Kornblum_DSC_4308-1-405x270.jpg 405w\" sizes=\"auto, (max-width: 1024px) 100vw, 1024px\" \/><\/a><\/figure>\n\n\n\n<figure class=\"wp-block-image size-large\"><a href=\"https:\/\/www.lebenslaute.net\/wp-content\/uploads\/2024\/08\/Lebenslaute_Lothar-Kornblum_DSC_4335-1-scaled.jpg\"><img loading=\"lazy\" decoding=\"async\" width=\"1024\" height=\"683\" data-id=\"10558\" src=\"https:\/\/www.lebenslaute.net\/wp-content\/uploads\/2024\/08\/Lebenslaute_Lothar-Kornblum_DSC_4335-1-1024x683.jpg\" alt=\"\" class=\"wp-image-10558\" srcset=\"https:\/\/www.lebenslaute.net\/wp-content\/uploads\/2024\/08\/Lebenslaute_Lothar-Kornblum_DSC_4335-1-1024x683.jpg 1024w, https:\/\/www.lebenslaute.net\/wp-content\/uploads\/2024\/08\/Lebenslaute_Lothar-Kornblum_DSC_4335-1-300x200.jpg 300w, https:\/\/www.lebenslaute.net\/wp-content\/uploads\/2024\/08\/Lebenslaute_Lothar-Kornblum_DSC_4335-1-768x512.jpg 768w, https:\/\/www.lebenslaute.net\/wp-content\/uploads\/2024\/08\/Lebenslaute_Lothar-Kornblum_DSC_4335-1-1536x1024.jpg 1536w, https:\/\/www.lebenslaute.net\/wp-content\/uploads\/2024\/08\/Lebenslaute_Lothar-Kornblum_DSC_4335-1-2048x1365.jpg 2048w, https:\/\/www.lebenslaute.net\/wp-content\/uploads\/2024\/08\/Lebenslaute_Lothar-Kornblum_DSC_4335-1-405x270.jpg 405w\" sizes=\"auto, (max-width: 1024px) 100vw, 1024px\" \/><\/a><\/figure>\n\n\n\n<figure class=\"wp-block-image size-large\"><a href=\"https:\/\/www.lebenslaute.net\/wp-content\/uploads\/2024\/08\/Lebenslaute_Lothar-Kornblum_DSC_4402-1-scaled.jpg\"><img loading=\"lazy\" decoding=\"async\" width=\"1024\" height=\"683\" data-id=\"10559\" src=\"https:\/\/www.lebenslaute.net\/wp-content\/uploads\/2024\/08\/Lebenslaute_Lothar-Kornblum_DSC_4402-1-1024x683.jpg\" alt=\"\" class=\"wp-image-10559\" srcset=\"https:\/\/www.lebenslaute.net\/wp-content\/uploads\/2024\/08\/Lebenslaute_Lothar-Kornblum_DSC_4402-1-1024x683.jpg 1024w, https:\/\/www.lebenslaute.net\/wp-content\/uploads\/2024\/08\/Lebenslaute_Lothar-Kornblum_DSC_4402-1-300x200.jpg 300w, https:\/\/www.lebenslaute.net\/wp-content\/uploads\/2024\/08\/Lebenslaute_Lothar-Kornblum_DSC_4402-1-768x512.jpg 768w, https:\/\/www.lebenslaute.net\/wp-content\/uploads\/2024\/08\/Lebenslaute_Lothar-Kornblum_DSC_4402-1-1536x1024.jpg 1536w, https:\/\/www.lebenslaute.net\/wp-content\/uploads\/2024\/08\/Lebenslaute_Lothar-Kornblum_DSC_4402-1-2048x1365.jpg 2048w, https:\/\/www.lebenslaute.net\/wp-content\/uploads\/2024\/08\/Lebenslaute_Lothar-Kornblum_DSC_4402-1-405x270.jpg 405w\" sizes=\"auto, (max-width: 1024px) 100vw, 1024px\" \/><\/a><\/figure>\n<figcaption class=\"blocks-gallery-caption\">Lebenslaute-Konzert vor dem Evangelischen Gemeindezentrum &#8220;Paul Schneider&#8221;, 13.08. 2024<\/figcaption><\/figure>\n\n\n\n<p><\/p>\n\n\n\n<figure class=\"wp-block-gallery has-nested-images columns-default is-cropped wp-block-gallery-3 is-layout-flex wp-block-gallery-is-layout-flex\"><\/figure>\n\n\n\n<figure class=\"wp-block-gallery has-nested-images columns-default is-cropped wp-block-gallery-4 is-layout-flex wp-block-gallery-is-layout-flex\">\n<figure class=\"wp-block-image size-large\"><a href=\"https:\/\/www.lebenslaute.net\/wp-content\/uploads\/2024\/08\/Lebenslaute-Lothar-Kornblum-DSC_3950-scaled.jpg\"><img loading=\"lazy\" decoding=\"async\" width=\"1024\" height=\"683\" data-id=\"10529\" src=\"https:\/\/www.lebenslaute.net\/wp-content\/uploads\/2024\/08\/Lebenslaute-Lothar-Kornblum-DSC_3950-1024x683.jpg\" alt=\"\" class=\"wp-image-10529\" srcset=\"https:\/\/www.lebenslaute.net\/wp-content\/uploads\/2024\/08\/Lebenslaute-Lothar-Kornblum-DSC_3950-1024x683.jpg 1024w, https:\/\/www.lebenslaute.net\/wp-content\/uploads\/2024\/08\/Lebenslaute-Lothar-Kornblum-DSC_3950-300x200.jpg 300w, https:\/\/www.lebenslaute.net\/wp-content\/uploads\/2024\/08\/Lebenslaute-Lothar-Kornblum-DSC_3950-768x512.jpg 768w, https:\/\/www.lebenslaute.net\/wp-content\/uploads\/2024\/08\/Lebenslaute-Lothar-Kornblum-DSC_3950-1536x1024.jpg 1536w, https:\/\/www.lebenslaute.net\/wp-content\/uploads\/2024\/08\/Lebenslaute-Lothar-Kornblum-DSC_3950-2048x1365.jpg 2048w, https:\/\/www.lebenslaute.net\/wp-content\/uploads\/2024\/08\/Lebenslaute-Lothar-Kornblum-DSC_3950-405x270.jpg 405w\" sizes=\"auto, (max-width: 1024px) 100vw, 1024px\" \/><\/a><\/figure>\n\n\n\n<figure class=\"wp-block-image size-large\"><a href=\"https:\/\/www.lebenslaute.net\/wp-content\/uploads\/2024\/08\/Lebenslaute-Lothar-Kornblum-DSC_3964-scaled.jpg\"><img loading=\"lazy\" decoding=\"async\" width=\"1024\" height=\"683\" data-id=\"10533\" src=\"https:\/\/www.lebenslaute.net\/wp-content\/uploads\/2024\/08\/Lebenslaute-Lothar-Kornblum-DSC_3964-1024x683.jpg\" alt=\"\" class=\"wp-image-10533\" srcset=\"https:\/\/www.lebenslaute.net\/wp-content\/uploads\/2024\/08\/Lebenslaute-Lothar-Kornblum-DSC_3964-1024x683.jpg 1024w, https:\/\/www.lebenslaute.net\/wp-content\/uploads\/2024\/08\/Lebenslaute-Lothar-Kornblum-DSC_3964-300x200.jpg 300w, https:\/\/www.lebenslaute.net\/wp-content\/uploads\/2024\/08\/Lebenslaute-Lothar-Kornblum-DSC_3964-768x512.jpg 768w, https:\/\/www.lebenslaute.net\/wp-content\/uploads\/2024\/08\/Lebenslaute-Lothar-Kornblum-DSC_3964-1536x1024.jpg 1536w, https:\/\/www.lebenslaute.net\/wp-content\/uploads\/2024\/08\/Lebenslaute-Lothar-Kornblum-DSC_3964-2048x1365.jpg 2048w, https:\/\/www.lebenslaute.net\/wp-content\/uploads\/2024\/08\/Lebenslaute-Lothar-Kornblum-DSC_3964-405x270.jpg 405w\" sizes=\"auto, (max-width: 1024px) 100vw, 1024px\" \/><\/a><\/figure>\n\n\n\n<figure class=\"wp-block-image size-large\"><a href=\"https:\/\/www.lebenslaute.net\/wp-content\/uploads\/2024\/08\/Lebenslaute-Lothar-Kornblum-DSC_3989-scaled.jpg\"><img loading=\"lazy\" decoding=\"async\" width=\"1024\" height=\"683\" data-id=\"10532\" src=\"https:\/\/www.lebenslaute.net\/wp-content\/uploads\/2024\/08\/Lebenslaute-Lothar-Kornblum-DSC_3989-1024x683.jpg\" alt=\"\" class=\"wp-image-10532\" srcset=\"https:\/\/www.lebenslaute.net\/wp-content\/uploads\/2024\/08\/Lebenslaute-Lothar-Kornblum-DSC_3989-1024x683.jpg 1024w, https:\/\/www.lebenslaute.net\/wp-content\/uploads\/2024\/08\/Lebenslaute-Lothar-Kornblum-DSC_3989-300x200.jpg 300w, https:\/\/www.lebenslaute.net\/wp-content\/uploads\/2024\/08\/Lebenslaute-Lothar-Kornblum-DSC_3989-768x512.jpg 768w, https:\/\/www.lebenslaute.net\/wp-content\/uploads\/2024\/08\/Lebenslaute-Lothar-Kornblum-DSC_3989-1536x1024.jpg 1536w, https:\/\/www.lebenslaute.net\/wp-content\/uploads\/2024\/08\/Lebenslaute-Lothar-Kornblum-DSC_3989-2048x1365.jpg 2048w, https:\/\/www.lebenslaute.net\/wp-content\/uploads\/2024\/08\/Lebenslaute-Lothar-Kornblum-DSC_3989-405x270.jpg 405w\" sizes=\"auto, (max-width: 1024px) 100vw, 1024px\" \/><\/a><\/figure>\n\n\n\n<figure class=\"wp-block-image size-large\"><a href=\"https:\/\/www.lebenslaute.net\/wp-content\/uploads\/2024\/08\/Lebenslaute-Lothar-Kornblum-DSC_3997-scaled.jpg\"><img loading=\"lazy\" decoding=\"async\" width=\"1024\" height=\"683\" data-id=\"10531\" src=\"https:\/\/www.lebenslaute.net\/wp-content\/uploads\/2024\/08\/Lebenslaute-Lothar-Kornblum-DSC_3997-1024x683.jpg\" alt=\"\" class=\"wp-image-10531\" srcset=\"https:\/\/www.lebenslaute.net\/wp-content\/uploads\/2024\/08\/Lebenslaute-Lothar-Kornblum-DSC_3997-1024x683.jpg 1024w, https:\/\/www.lebenslaute.net\/wp-content\/uploads\/2024\/08\/Lebenslaute-Lothar-Kornblum-DSC_3997-300x200.jpg 300w, https:\/\/www.lebenslaute.net\/wp-content\/uploads\/2024\/08\/Lebenslaute-Lothar-Kornblum-DSC_3997-768x512.jpg 768w, https:\/\/www.lebenslaute.net\/wp-content\/uploads\/2024\/08\/Lebenslaute-Lothar-Kornblum-DSC_3997-1536x1024.jpg 1536w, https:\/\/www.lebenslaute.net\/wp-content\/uploads\/2024\/08\/Lebenslaute-Lothar-Kornblum-DSC_3997-2048x1365.jpg 2048w, https:\/\/www.lebenslaute.net\/wp-content\/uploads\/2024\/08\/Lebenslaute-Lothar-Kornblum-DSC_3997-405x270.jpg 405w\" sizes=\"auto, (max-width: 1024px) 100vw, 1024px\" \/><\/a><\/figure>\n\n\n\n<figure class=\"wp-block-image size-large\"><a href=\"https:\/\/www.lebenslaute.net\/wp-content\/uploads\/2024\/08\/Lebenslaute-Lothar-Kornblum-DSC_4025-scaled.jpg\"><img loading=\"lazy\" decoding=\"async\" width=\"1024\" height=\"683\" data-id=\"10530\" src=\"https:\/\/www.lebenslaute.net\/wp-content\/uploads\/2024\/08\/Lebenslaute-Lothar-Kornblum-DSC_4025-1024x683.jpg\" alt=\"\" class=\"wp-image-10530\" srcset=\"https:\/\/www.lebenslaute.net\/wp-content\/uploads\/2024\/08\/Lebenslaute-Lothar-Kornblum-DSC_4025-1024x683.jpg 1024w, https:\/\/www.lebenslaute.net\/wp-content\/uploads\/2024\/08\/Lebenslaute-Lothar-Kornblum-DSC_4025-300x200.jpg 300w, https:\/\/www.lebenslaute.net\/wp-content\/uploads\/2024\/08\/Lebenslaute-Lothar-Kornblum-DSC_4025-768x512.jpg 768w, https:\/\/www.lebenslaute.net\/wp-content\/uploads\/2024\/08\/Lebenslaute-Lothar-Kornblum-DSC_4025-1536x1024.jpg 1536w, https:\/\/www.lebenslaute.net\/wp-content\/uploads\/2024\/08\/Lebenslaute-Lothar-Kornblum-DSC_4025-2048x1365.jpg 2048w, https:\/\/www.lebenslaute.net\/wp-content\/uploads\/2024\/08\/Lebenslaute-Lothar-Kornblum-DSC_4025-405x270.jpg 405w\" sizes=\"auto, (max-width: 1024px) 100vw, 1024px\" \/><\/a><\/figure>\n\n\n\n<figure class=\"wp-block-image size-large\"><a href=\"https:\/\/www.lebenslaute.net\/wp-content\/uploads\/2024\/08\/Lebenslaute-Lothar-Kornblum-DSC_4058-scaled.jpg\"><img loading=\"lazy\" decoding=\"async\" width=\"1024\" height=\"683\" data-id=\"10534\" src=\"https:\/\/www.lebenslaute.net\/wp-content\/uploads\/2024\/08\/Lebenslaute-Lothar-Kornblum-DSC_4058-1024x683.jpg\" alt=\"\" class=\"wp-image-10534\" srcset=\"https:\/\/www.lebenslaute.net\/wp-content\/uploads\/2024\/08\/Lebenslaute-Lothar-Kornblum-DSC_4058-1024x683.jpg 1024w, https:\/\/www.lebenslaute.net\/wp-content\/uploads\/2024\/08\/Lebenslaute-Lothar-Kornblum-DSC_4058-300x200.jpg 300w, https:\/\/www.lebenslaute.net\/wp-content\/uploads\/2024\/08\/Lebenslaute-Lothar-Kornblum-DSC_4058-768x512.jpg 768w, https:\/\/www.lebenslaute.net\/wp-content\/uploads\/2024\/08\/Lebenslaute-Lothar-Kornblum-DSC_4058-1536x1024.jpg 1536w, https:\/\/www.lebenslaute.net\/wp-content\/uploads\/2024\/08\/Lebenslaute-Lothar-Kornblum-DSC_4058-2048x1365.jpg 2048w, https:\/\/www.lebenslaute.net\/wp-content\/uploads\/2024\/08\/Lebenslaute-Lothar-Kornblum-DSC_4058-405x270.jpg 405w\" sizes=\"auto, (max-width: 1024px) 100vw, 1024px\" \/><\/a><\/figure>\n\n\n\n<figure class=\"wp-block-image size-large\"><a href=\"https:\/\/www.lebenslaute.net\/wp-content\/uploads\/2024\/08\/Lebenslaute-Lothar-Kornblum-DSC_4109-scaled.jpg\"><img loading=\"lazy\" decoding=\"async\" width=\"1024\" height=\"683\" data-id=\"10535\" src=\"https:\/\/www.lebenslaute.net\/wp-content\/uploads\/2024\/08\/Lebenslaute-Lothar-Kornblum-DSC_4109-1024x683.jpg\" alt=\"\" class=\"wp-image-10535\" srcset=\"https:\/\/www.lebenslaute.net\/wp-content\/uploads\/2024\/08\/Lebenslaute-Lothar-Kornblum-DSC_4109-1024x683.jpg 1024w, https:\/\/www.lebenslaute.net\/wp-content\/uploads\/2024\/08\/Lebenslaute-Lothar-Kornblum-DSC_4109-300x200.jpg 300w, https:\/\/www.lebenslaute.net\/wp-content\/uploads\/2024\/08\/Lebenslaute-Lothar-Kornblum-DSC_4109-768x512.jpg 768w, https:\/\/www.lebenslaute.net\/wp-content\/uploads\/2024\/08\/Lebenslaute-Lothar-Kornblum-DSC_4109-1536x1024.jpg 1536w, https:\/\/www.lebenslaute.net\/wp-content\/uploads\/2024\/08\/Lebenslaute-Lothar-Kornblum-DSC_4109-2048x1365.jpg 2048w, https:\/\/www.lebenslaute.net\/wp-content\/uploads\/2024\/08\/Lebenslaute-Lothar-Kornblum-DSC_4109-405x270.jpg 405w\" sizes=\"auto, (max-width: 1024px) 100vw, 1024px\" \/><\/a><\/figure>\n\n\n\n<figure class=\"wp-block-image size-large\"><a href=\"https:\/\/www.lebenslaute.net\/wp-content\/uploads\/2024\/08\/Lebenslaute-Lothar-Kornblum-DSC_4114-scaled.jpg\"><img loading=\"lazy\" decoding=\"async\" width=\"1024\" height=\"683\" data-id=\"10536\" src=\"https:\/\/www.lebenslaute.net\/wp-content\/uploads\/2024\/08\/Lebenslaute-Lothar-Kornblum-DSC_4114-1024x683.jpg\" alt=\"\" class=\"wp-image-10536\" srcset=\"https:\/\/www.lebenslaute.net\/wp-content\/uploads\/2024\/08\/Lebenslaute-Lothar-Kornblum-DSC_4114-1024x683.jpg 1024w, https:\/\/www.lebenslaute.net\/wp-content\/uploads\/2024\/08\/Lebenslaute-Lothar-Kornblum-DSC_4114-300x200.jpg 300w, https:\/\/www.lebenslaute.net\/wp-content\/uploads\/2024\/08\/Lebenslaute-Lothar-Kornblum-DSC_4114-768x512.jpg 768w, https:\/\/www.lebenslaute.net\/wp-content\/uploads\/2024\/08\/Lebenslaute-Lothar-Kornblum-DSC_4114-1536x1024.jpg 1536w, https:\/\/www.lebenslaute.net\/wp-content\/uploads\/2024\/08\/Lebenslaute-Lothar-Kornblum-DSC_4114-2048x1365.jpg 2048w, https:\/\/www.lebenslaute.net\/wp-content\/uploads\/2024\/08\/Lebenslaute-Lothar-Kornblum-DSC_4114-405x270.jpg 405w\" sizes=\"auto, (max-width: 1024px) 100vw, 1024px\" \/><\/a><\/figure>\n<figcaption class=\"blocks-gallery-caption\">Lebenslaute-Konzert vor dem Eingang zum ehemaligen H\u00e4ftlingslager der Gedenkst\u00e4tte Buchenwald, 13.08. 2024<\/figcaption><\/figure>\n\n\n\n<p><\/p>\n\n\n\n<figure class=\"wp-block-gallery has-nested-images columns-default is-cropped wp-block-gallery-5 is-layout-flex wp-block-gallery-is-layout-flex\">\n<figure class=\"wp-block-image size-large\"><a href=\"https:\/\/www.lebenslaute.net\/wp-content\/uploads\/2024\/08\/Lebenslaute-Flieder-Volkshaus_Lothar-Kornblum_DSC_3743-scaled.jpg\"><img loading=\"lazy\" decoding=\"async\" width=\"1024\" height=\"683\" data-id=\"10491\" src=\"https:\/\/www.lebenslaute.net\/wp-content\/uploads\/2024\/08\/Lebenslaute-Flieder-Volkshaus_Lothar-Kornblum_DSC_3743-1024x683.jpg\" alt=\"\" class=\"wp-image-10491\" srcset=\"https:\/\/www.lebenslaute.net\/wp-content\/uploads\/2024\/08\/Lebenslaute-Flieder-Volkshaus_Lothar-Kornblum_DSC_3743-1024x683.jpg 1024w, https:\/\/www.lebenslaute.net\/wp-content\/uploads\/2024\/08\/Lebenslaute-Flieder-Volkshaus_Lothar-Kornblum_DSC_3743-300x200.jpg 300w, https:\/\/www.lebenslaute.net\/wp-content\/uploads\/2024\/08\/Lebenslaute-Flieder-Volkshaus_Lothar-Kornblum_DSC_3743-768x512.jpg 768w, https:\/\/www.lebenslaute.net\/wp-content\/uploads\/2024\/08\/Lebenslaute-Flieder-Volkshaus_Lothar-Kornblum_DSC_3743-1536x1024.jpg 1536w, https:\/\/www.lebenslaute.net\/wp-content\/uploads\/2024\/08\/Lebenslaute-Flieder-Volkshaus_Lothar-Kornblum_DSC_3743-2048x1365.jpg 2048w, https:\/\/www.lebenslaute.net\/wp-content\/uploads\/2024\/08\/Lebenslaute-Flieder-Volkshaus_Lothar-Kornblum_DSC_3743-405x270.jpg 405w\" sizes=\"auto, (max-width: 1024px) 100vw, 1024px\" \/><\/a><\/figure>\n\n\n\n<figure class=\"wp-block-image size-large\"><a href=\"https:\/\/www.lebenslaute.net\/wp-content\/uploads\/2024\/08\/Lebenslaute-Flieder-Volkshaus_Lothar-Kornblum_DSC_3782-scaled.jpg\"><img loading=\"lazy\" decoding=\"async\" width=\"1024\" height=\"683\" data-id=\"10490\" src=\"https:\/\/www.lebenslaute.net\/wp-content\/uploads\/2024\/08\/Lebenslaute-Flieder-Volkshaus_Lothar-Kornblum_DSC_3782-1024x683.jpg\" alt=\"\" class=\"wp-image-10490\" srcset=\"https:\/\/www.lebenslaute.net\/wp-content\/uploads\/2024\/08\/Lebenslaute-Flieder-Volkshaus_Lothar-Kornblum_DSC_3782-1024x683.jpg 1024w, https:\/\/www.lebenslaute.net\/wp-content\/uploads\/2024\/08\/Lebenslaute-Flieder-Volkshaus_Lothar-Kornblum_DSC_3782-300x200.jpg 300w, https:\/\/www.lebenslaute.net\/wp-content\/uploads\/2024\/08\/Lebenslaute-Flieder-Volkshaus_Lothar-Kornblum_DSC_3782-768x512.jpg 768w, https:\/\/www.lebenslaute.net\/wp-content\/uploads\/2024\/08\/Lebenslaute-Flieder-Volkshaus_Lothar-Kornblum_DSC_3782-1536x1024.jpg 1536w, https:\/\/www.lebenslaute.net\/wp-content\/uploads\/2024\/08\/Lebenslaute-Flieder-Volkshaus_Lothar-Kornblum_DSC_3782-2048x1365.jpg 2048w, https:\/\/www.lebenslaute.net\/wp-content\/uploads\/2024\/08\/Lebenslaute-Flieder-Volkshaus_Lothar-Kornblum_DSC_3782-405x270.jpg 405w\" sizes=\"auto, (max-width: 1024px) 100vw, 1024px\" \/><\/a><\/figure>\n\n\n\n<figure class=\"wp-block-image size-large\"><a href=\"https:\/\/www.lebenslaute.net\/wp-content\/uploads\/2024\/08\/Lebenslaute-Flieder-Volkshaus_Lothar-Kornblum_DSC_3788-scaled.jpg\"><img loading=\"lazy\" decoding=\"async\" width=\"1024\" height=\"683\" data-id=\"10496\" src=\"https:\/\/www.lebenslaute.net\/wp-content\/uploads\/2024\/08\/Lebenslaute-Flieder-Volkshaus_Lothar-Kornblum_DSC_3788-1024x683.jpg\" alt=\"\" class=\"wp-image-10496\" srcset=\"https:\/\/www.lebenslaute.net\/wp-content\/uploads\/2024\/08\/Lebenslaute-Flieder-Volkshaus_Lothar-Kornblum_DSC_3788-1024x683.jpg 1024w, https:\/\/www.lebenslaute.net\/wp-content\/uploads\/2024\/08\/Lebenslaute-Flieder-Volkshaus_Lothar-Kornblum_DSC_3788-300x200.jpg 300w, https:\/\/www.lebenslaute.net\/wp-content\/uploads\/2024\/08\/Lebenslaute-Flieder-Volkshaus_Lothar-Kornblum_DSC_3788-768x512.jpg 768w, https:\/\/www.lebenslaute.net\/wp-content\/uploads\/2024\/08\/Lebenslaute-Flieder-Volkshaus_Lothar-Kornblum_DSC_3788-1536x1024.jpg 1536w, https:\/\/www.lebenslaute.net\/wp-content\/uploads\/2024\/08\/Lebenslaute-Flieder-Volkshaus_Lothar-Kornblum_DSC_3788-2048x1365.jpg 2048w, https:\/\/www.lebenslaute.net\/wp-content\/uploads\/2024\/08\/Lebenslaute-Flieder-Volkshaus_Lothar-Kornblum_DSC_3788-405x270.jpg 405w\" sizes=\"auto, (max-width: 1024px) 100vw, 1024px\" \/><\/a><\/figure>\n\n\n\n<figure class=\"wp-block-image size-large\"><a href=\"https:\/\/www.lebenslaute.net\/wp-content\/uploads\/2024\/08\/Lebenslaute-Flieder-Volkshaus_Lothar-Kornblum_DSC_3790-scaled.jpg\"><img loading=\"lazy\" decoding=\"async\" width=\"1024\" height=\"683\" data-id=\"10492\" src=\"https:\/\/www.lebenslaute.net\/wp-content\/uploads\/2024\/08\/Lebenslaute-Flieder-Volkshaus_Lothar-Kornblum_DSC_3790-1024x683.jpg\" alt=\"\" class=\"wp-image-10492\" srcset=\"https:\/\/www.lebenslaute.net\/wp-content\/uploads\/2024\/08\/Lebenslaute-Flieder-Volkshaus_Lothar-Kornblum_DSC_3790-1024x683.jpg 1024w, https:\/\/www.lebenslaute.net\/wp-content\/uploads\/2024\/08\/Lebenslaute-Flieder-Volkshaus_Lothar-Kornblum_DSC_3790-300x200.jpg 300w, https:\/\/www.lebenslaute.net\/wp-content\/uploads\/2024\/08\/Lebenslaute-Flieder-Volkshaus_Lothar-Kornblum_DSC_3790-768x512.jpg 768w, https:\/\/www.lebenslaute.net\/wp-content\/uploads\/2024\/08\/Lebenslaute-Flieder-Volkshaus_Lothar-Kornblum_DSC_3790-1536x1024.jpg 1536w, https:\/\/www.lebenslaute.net\/wp-content\/uploads\/2024\/08\/Lebenslaute-Flieder-Volkshaus_Lothar-Kornblum_DSC_3790-2048x1365.jpg 2048w, https:\/\/www.lebenslaute.net\/wp-content\/uploads\/2024\/08\/Lebenslaute-Flieder-Volkshaus_Lothar-Kornblum_DSC_3790-405x270.jpg 405w\" sizes=\"auto, (max-width: 1024px) 100vw, 1024px\" \/><\/a><\/figure>\n\n\n\n<figure class=\"wp-block-image size-large\"><a href=\"https:\/\/www.lebenslaute.net\/wp-content\/uploads\/2024\/08\/Lebenslaute-Flieder-Volkshaus_Lothar-Kornblum_DSC_3827-scaled.jpg\"><img loading=\"lazy\" decoding=\"async\" width=\"1024\" height=\"683\" data-id=\"10493\" src=\"https:\/\/www.lebenslaute.net\/wp-content\/uploads\/2024\/08\/Lebenslaute-Flieder-Volkshaus_Lothar-Kornblum_DSC_3827-1024x683.jpg\" alt=\"\" class=\"wp-image-10493\" srcset=\"https:\/\/www.lebenslaute.net\/wp-content\/uploads\/2024\/08\/Lebenslaute-Flieder-Volkshaus_Lothar-Kornblum_DSC_3827-1024x683.jpg 1024w, https:\/\/www.lebenslaute.net\/wp-content\/uploads\/2024\/08\/Lebenslaute-Flieder-Volkshaus_Lothar-Kornblum_DSC_3827-300x200.jpg 300w, https:\/\/www.lebenslaute.net\/wp-content\/uploads\/2024\/08\/Lebenslaute-Flieder-Volkshaus_Lothar-Kornblum_DSC_3827-768x512.jpg 768w, https:\/\/www.lebenslaute.net\/wp-content\/uploads\/2024\/08\/Lebenslaute-Flieder-Volkshaus_Lothar-Kornblum_DSC_3827-1536x1024.jpg 1536w, https:\/\/www.lebenslaute.net\/wp-content\/uploads\/2024\/08\/Lebenslaute-Flieder-Volkshaus_Lothar-Kornblum_DSC_3827-2048x1365.jpg 2048w, https:\/\/www.lebenslaute.net\/wp-content\/uploads\/2024\/08\/Lebenslaute-Flieder-Volkshaus_Lothar-Kornblum_DSC_3827-405x270.jpg 405w\" sizes=\"auto, (max-width: 1024px) 100vw, 1024px\" \/><\/a><\/figure>\n\n\n\n<figure class=\"wp-block-image size-large\"><a href=\"https:\/\/www.lebenslaute.net\/wp-content\/uploads\/2024\/08\/Lebenslaute-Flieder-Volkshaus_Lothar-Kornblum_DSC_3844-scaled.jpg\"><img loading=\"lazy\" decoding=\"async\" width=\"1024\" height=\"683\" data-id=\"10494\" src=\"https:\/\/www.lebenslaute.net\/wp-content\/uploads\/2024\/08\/Lebenslaute-Flieder-Volkshaus_Lothar-Kornblum_DSC_3844-1024x683.jpg\" alt=\"\" class=\"wp-image-10494\" srcset=\"https:\/\/www.lebenslaute.net\/wp-content\/uploads\/2024\/08\/Lebenslaute-Flieder-Volkshaus_Lothar-Kornblum_DSC_3844-1024x683.jpg 1024w, https:\/\/www.lebenslaute.net\/wp-content\/uploads\/2024\/08\/Lebenslaute-Flieder-Volkshaus_Lothar-Kornblum_DSC_3844-300x200.jpg 300w, https:\/\/www.lebenslaute.net\/wp-content\/uploads\/2024\/08\/Lebenslaute-Flieder-Volkshaus_Lothar-Kornblum_DSC_3844-768x512.jpg 768w, https:\/\/www.lebenslaute.net\/wp-content\/uploads\/2024\/08\/Lebenslaute-Flieder-Volkshaus_Lothar-Kornblum_DSC_3844-1536x1024.jpg 1536w, https:\/\/www.lebenslaute.net\/wp-content\/uploads\/2024\/08\/Lebenslaute-Flieder-Volkshaus_Lothar-Kornblum_DSC_3844-2048x1365.jpg 2048w, https:\/\/www.lebenslaute.net\/wp-content\/uploads\/2024\/08\/Lebenslaute-Flieder-Volkshaus_Lothar-Kornblum_DSC_3844-405x270.jpg 405w\" sizes=\"auto, (max-width: 1024px) 100vw, 1024px\" \/><\/a><\/figure>\n\n\n\n<figure class=\"wp-block-image size-large\"><a href=\"https:\/\/www.lebenslaute.net\/wp-content\/uploads\/2024\/08\/Lebenslaute-Flieder-Volkshaus_Lothar-Kornblum_DSC_3855-scaled.jpg\"><img loading=\"lazy\" decoding=\"async\" width=\"1024\" height=\"683\" data-id=\"10495\" src=\"https:\/\/www.lebenslaute.net\/wp-content\/uploads\/2024\/08\/Lebenslaute-Flieder-Volkshaus_Lothar-Kornblum_DSC_3855-1024x683.jpg\" alt=\"\" class=\"wp-image-10495\" srcset=\"https:\/\/www.lebenslaute.net\/wp-content\/uploads\/2024\/08\/Lebenslaute-Flieder-Volkshaus_Lothar-Kornblum_DSC_3855-1024x683.jpg 1024w, https:\/\/www.lebenslaute.net\/wp-content\/uploads\/2024\/08\/Lebenslaute-Flieder-Volkshaus_Lothar-Kornblum_DSC_3855-300x200.jpg 300w, https:\/\/www.lebenslaute.net\/wp-content\/uploads\/2024\/08\/Lebenslaute-Flieder-Volkshaus_Lothar-Kornblum_DSC_3855-768x512.jpg 768w, https:\/\/www.lebenslaute.net\/wp-content\/uploads\/2024\/08\/Lebenslaute-Flieder-Volkshaus_Lothar-Kornblum_DSC_3855-1536x1024.jpg 1536w, https:\/\/www.lebenslaute.net\/wp-content\/uploads\/2024\/08\/Lebenslaute-Flieder-Volkshaus_Lothar-Kornblum_DSC_3855-2048x1365.jpg 2048w, https:\/\/www.lebenslaute.net\/wp-content\/uploads\/2024\/08\/Lebenslaute-Flieder-Volkshaus_Lothar-Kornblum_DSC_3855-405x270.jpg 405w\" sizes=\"auto, (max-width: 1024px) 100vw, 1024px\" \/><\/a><\/figure>\n\n\n\n<figure class=\"wp-block-image size-large\"><a href=\"https:\/\/www.lebenslaute.net\/wp-content\/uploads\/2024\/08\/Lebenslaute-Flieder-Volkshaus_Lothar-Kornblum_DSC_3891-scaled.jpg\"><img loading=\"lazy\" decoding=\"async\" width=\"1024\" height=\"683\" data-id=\"10497\" src=\"https:\/\/www.lebenslaute.net\/wp-content\/uploads\/2024\/08\/Lebenslaute-Flieder-Volkshaus_Lothar-Kornblum_DSC_3891-1024x683.jpg\" alt=\"\" class=\"wp-image-10497\" srcset=\"https:\/\/www.lebenslaute.net\/wp-content\/uploads\/2024\/08\/Lebenslaute-Flieder-Volkshaus_Lothar-Kornblum_DSC_3891-1024x683.jpg 1024w, https:\/\/www.lebenslaute.net\/wp-content\/uploads\/2024\/08\/Lebenslaute-Flieder-Volkshaus_Lothar-Kornblum_DSC_3891-300x200.jpg 300w, https:\/\/www.lebenslaute.net\/wp-content\/uploads\/2024\/08\/Lebenslaute-Flieder-Volkshaus_Lothar-Kornblum_DSC_3891-768x512.jpg 768w, https:\/\/www.lebenslaute.net\/wp-content\/uploads\/2024\/08\/Lebenslaute-Flieder-Volkshaus_Lothar-Kornblum_DSC_3891-1536x1024.jpg 1536w, https:\/\/www.lebenslaute.net\/wp-content\/uploads\/2024\/08\/Lebenslaute-Flieder-Volkshaus_Lothar-Kornblum_DSC_3891-2048x1365.jpg 2048w, https:\/\/www.lebenslaute.net\/wp-content\/uploads\/2024\/08\/Lebenslaute-Flieder-Volkshaus_Lothar-Kornblum_DSC_3891-405x270.jpg 405w\" sizes=\"auto, (max-width: 1024px) 100vw, 1024px\" \/><\/a><\/figure>\n<figcaption class=\"blocks-gallery-caption\">Lebenslaute-Konzert vor dem faschistischen Zentrum &#8220;Flieder Volkshaus&#8221; in Eisenach am 12.08. 2024<br><br><br><\/figcaption><\/figure>\n\n\n\n<figure class=\"wp-block-gallery has-nested-images columns-default is-cropped wp-block-gallery-6 is-layout-flex wp-block-gallery-is-layout-flex\">\n<figure class=\"wp-block-image size-large\"><a href=\"https:\/\/www.lebenslaute.net\/wp-content\/uploads\/2024\/08\/Lebenslaute-Gotha_Theresa-Leisgang-IMG_20240810_211931_691.jpg\"><img loading=\"lazy\" decoding=\"async\" width=\"768\" height=\"1024\" data-id=\"10524\" src=\"https:\/\/www.lebenslaute.net\/wp-content\/uploads\/2024\/08\/Lebenslaute-Gotha_Theresa-Leisgang-IMG_20240810_211931_691-768x1024.jpg\" alt=\"\" class=\"wp-image-10524\" srcset=\"https:\/\/www.lebenslaute.net\/wp-content\/uploads\/2024\/08\/Lebenslaute-Gotha_Theresa-Leisgang-IMG_20240810_211931_691-768x1024.jpg 768w, https:\/\/www.lebenslaute.net\/wp-content\/uploads\/2024\/08\/Lebenslaute-Gotha_Theresa-Leisgang-IMG_20240810_211931_691-225x300.jpg 225w, https:\/\/www.lebenslaute.net\/wp-content\/uploads\/2024\/08\/Lebenslaute-Gotha_Theresa-Leisgang-IMG_20240810_211931_691-203x270.jpg 203w, https:\/\/www.lebenslaute.net\/wp-content\/uploads\/2024\/08\/Lebenslaute-Gotha_Theresa-Leisgang-IMG_20240810_211931_691.jpg 960w\" sizes=\"auto, (max-width: 768px) 100vw, 768px\" \/><\/a><\/figure>\n\n\n\n<figure class=\"wp-block-image size-large\"><a href=\"https:\/\/www.lebenslaute.net\/wp-content\/uploads\/2024\/08\/Lebenslaute-Gotha_Theresa-Leisgang_IMG_20240810_212916_448.jpg\"><img loading=\"lazy\" decoding=\"async\" width=\"768\" height=\"1024\" data-id=\"10522\" src=\"https:\/\/www.lebenslaute.net\/wp-content\/uploads\/2024\/08\/Lebenslaute-Gotha_Theresa-Leisgang_IMG_20240810_212916_448-768x1024.jpg\" alt=\"\" class=\"wp-image-10522\" srcset=\"https:\/\/www.lebenslaute.net\/wp-content\/uploads\/2024\/08\/Lebenslaute-Gotha_Theresa-Leisgang_IMG_20240810_212916_448-768x1024.jpg 768w, https:\/\/www.lebenslaute.net\/wp-content\/uploads\/2024\/08\/Lebenslaute-Gotha_Theresa-Leisgang_IMG_20240810_212916_448-225x300.jpg 225w, https:\/\/www.lebenslaute.net\/wp-content\/uploads\/2024\/08\/Lebenslaute-Gotha_Theresa-Leisgang_IMG_20240810_212916_448-203x270.jpg 203w, https:\/\/www.lebenslaute.net\/wp-content\/uploads\/2024\/08\/Lebenslaute-Gotha_Theresa-Leisgang_IMG_20240810_212916_448.jpg 960w\" sizes=\"auto, (max-width: 768px) 100vw, 768px\" \/><\/a><\/figure>\n\n\n\n<figure class=\"wp-block-image size-large\"><a href=\"https:\/\/www.lebenslaute.net\/wp-content\/uploads\/2024\/08\/Lebenslaute-Gotha-Volkshaus_Lothar-Kornblum_001-scaled.jpeg\"><img loading=\"lazy\" decoding=\"async\" width=\"1024\" height=\"668\" data-id=\"10523\" src=\"https:\/\/www.lebenslaute.net\/wp-content\/uploads\/2024\/08\/Lebenslaute-Gotha-Volkshaus_Lothar-Kornblum_001-1024x668.jpeg\" alt=\"\" class=\"wp-image-10523\" srcset=\"https:\/\/www.lebenslaute.net\/wp-content\/uploads\/2024\/08\/Lebenslaute-Gotha-Volkshaus_Lothar-Kornblum_001-1024x668.jpeg 1024w, https:\/\/www.lebenslaute.net\/wp-content\/uploads\/2024\/08\/Lebenslaute-Gotha-Volkshaus_Lothar-Kornblum_001-300x196.jpeg 300w, https:\/\/www.lebenslaute.net\/wp-content\/uploads\/2024\/08\/Lebenslaute-Gotha-Volkshaus_Lothar-Kornblum_001-768x501.jpeg 768w, https:\/\/www.lebenslaute.net\/wp-content\/uploads\/2024\/08\/Lebenslaute-Gotha-Volkshaus_Lothar-Kornblum_001-1536x1001.jpeg 1536w, https:\/\/www.lebenslaute.net\/wp-content\/uploads\/2024\/08\/Lebenslaute-Gotha-Volkshaus_Lothar-Kornblum_001-2048x1335.jpeg 2048w, https:\/\/www.lebenslaute.net\/wp-content\/uploads\/2024\/08\/Lebenslaute-Gotha-Volkshaus_Lothar-Kornblum_001-414x270.jpeg 414w\" sizes=\"auto, (max-width: 1024px) 100vw, 1024px\" \/><\/a><\/figure>\n<figcaption class=\"blocks-gallery-caption\">Lebenslaute beteiligt sich an Protesten gegen den Auftritt des Faschisten H\u00f6cke in Gotha am 10.08.2024<\/figcaption><\/figure>\n\n\n\n<a id=\"videos\" xlink=\"href\"><\/a>\n\n\n\n<p><strong>>> Videos<\/strong><\/p>\n\n\n\n<figure class=\"wp-block-embed is-type-video is-provider-youtube wp-block-embed-youtube wp-embed-aspect-16-9 wp-has-aspect-ratio\"><div class=\"wp-block-embed__wrapper\">\n<iframe loading=\"lazy\" title=\"Fl\u00f6te und Bass statt Hetze und Hass \u2013 Lebenslaute Aktionswoche Th\u00fcringen 2024\" width=\"640\" height=\"360\" src=\"https:\/\/www.youtube.com\/embed\/TUNnPsmHK4k?feature=oembed\" frameborder=\"0\" allow=\"accelerometer; autoplay; clipboard-write; encrypted-media; gyroscope; picture-in-picture; web-share\" referrerpolicy=\"strict-origin-when-cross-origin\" allowfullscreen><\/iframe>\n<\/div><figcaption>Das Medienkollektiv Wuppertal hat unsere Konzerte begleitet.<\/figcaption><\/figure>\n\n\n\n<figure class=\"wp-block-embed is-type-video is-provider-youtube wp-block-embed-youtube wp-embed-aspect-16-9 wp-has-aspect-ratio\"><div class=\"wp-block-embed__wrapper\">\n<iframe loading=\"lazy\" title=\"Musikalisch gegen Nazizentrum - &quot;Lebenslaute&quot; in Eisenach\" width=\"640\" height=\"360\" src=\"https:\/\/www.youtube.com\/embed\/Tm6ftRgRylg?feature=oembed\" frameborder=\"0\" allow=\"accelerometer; autoplay; clipboard-write; encrypted-media; gyroscope; picture-in-picture; web-share\" referrerpolicy=\"strict-origin-when-cross-origin\" allowfullscreen><\/iframe>\n<\/div><figcaption>Unsere Aktion gegen das \u00bbFlieder Volkshaus\u00ab in Eisenach wurde von <em>Leftvision<\/em> begleitet.<\/figcaption><\/figure>\n\n\n\n<a id=\"pm\" xlink=\"href\"><\/a>\n\n\n\n<p><strong>>> Pressemitteilungen<\/strong><\/p>\n\n\n\n<p><a href=\"https:\/\/www.lebenslaute.net\/wp-content\/uploads\/2024\/08\/PM-24-08-12-Lebenslaute-vor-dem-Nazizentrum-Eisenach.pdf\" target=\"_blank\" rel=\"noreferrer noopener\">Unangemeldetes Konzert: Lebenslaute vor dem Nazi-Zentrum &#8220;Flieder Volkshaus&#8221; in Eisenach<\/a>, Eisenach, 12.08.2024<\/p>\n\n\n\n<p><a href=\"https:\/\/www.lebenslaute.net\/wp-content\/uploads\/2024\/08\/PM-24-08-10-Beteiligung-von-Musizierenden-an-den-Protesten-gegen-den-Auftritt-von-Bjoern-Hoecke-in-Gotha.pdf\" target=\"_blank\" rel=\"noreferrer noopener\">Beteiligung von Musiker:innen an den Protesten gegen den Auftritt von Bj\u00f6rn H\u00f6cke in Gotha<\/a>, Gotha, 10.08.2024<\/p>\n\n\n\n<p><a rel=\"noreferrer noopener\" href=\"https:\/\/www.lebenslaute.net\/wp-content\/uploads\/2024\/08\/PM-24-08-06-Floete-und-Bass-statt-Hetze-und-Hass.pdf\" target=\"_blank\">Fl\u00f6te und Bass statt Hetze und Hass &#8211; Aktionswoche gegen den Rechtsruck, 7.8. &#8211; 14.8., Th\u00fcringen<\/a>, Erfurt, 06.08.2024<\/p>\n\n\n\n<a id=\"reden\" xlink=\"href\"><\/a>\n\n\n\n<p><strong>&gt;&gt; Reden<\/strong><\/p>\n\n\n\n<p><\/p>\n\n\n\n<p>Unsere gehaltenen Reden:<\/p>\n\n\n\n<ul class=\"wp-block-list\"><li>12.08. <a href=\"https:\/\/www.lebenslaute.net\/wp-content\/uploads\/2024\/08\/2024-Rede-Flieder-Volkshaus.pdf\">Aktionskonzert f\u00fcr die Schlie\u00dfung des \u201eFlieder Volkshaus\u201c in Eisenach<\/a> <\/li><li>13.08. <a href=\"https:\/\/www.lebenslaute.net\/wp-content\/uploads\/2024\/08\/2024_Rede_Vorkonzert.pdf\">Vollst\u00e4ndige Rede f\u00fcr das Konzert im Paul-Schneider-Haus, Weimar-West<\/a> (auch am 14.08. in Erfurt gehalten)<\/li><li>13.08. <a href=\"https:\/\/www.lebenslaute.net\/wp-content\/uploads\/2024\/08\/2024-Rede-Buchenwald-mit-Einschub.pdf\">Konzert vor den Lagertoren der Gedenkst\u00e4tte Buchenwald<\/a><\/li><\/ul>\n\n\n\n<a id=\"ticker\" xlink=\"href\"><\/a>\n\n\n\n<p><strong>&gt;&gt; Aktionsticker<\/strong><\/p>\n\n\n\n<p>W\u00e4hrend der Aktion tickern wir aktuell <a rel=\"noreferrer noopener\" href=\"https:\/\/tldr.nettime.org\/@lebenslaute\" data-type=\"URL\" data-id=\"https:\/\/tldr.nettime.org\/@lebenslaute\" target=\"_blank\">auf unserem Mastodon-Profil<\/a> im sogenannten Fediverse.<br>Fotos zur freien Verf\u00fcgung bei Nennung der Urheber*in (LEBENSLAUTE, falls nicht anders angegeben).<br>Hier unsere letzten Posts:<\/p>\n\n\n\n<div class=\"wprss_ajax\" data-id=\"rssa2e4dbcc26\"><img loading=\"lazy\" decoding=\"async\" src=\"https:\/\/www.lebenslaute.net\/wp-content\/plugins\/wp-rss-retriever\/inc\/imgs\/ajax-loader.gif\" alt=\"Loading RSS Feed\" width=\"16\" height=\"16\"><\/div>\n\n\n\n<a id=\"medienberichte\" xlink=\"href\"><\/a>\n\n\n\n<p><strong>&gt;&gt; Medienberichte<\/strong><\/p>\n\n\n\n<p><em>Berichte zur Aktionswoche 7.-14.8. 2024<\/em>: <br>18.8., R-mediabase: <a rel=\"noreferrer noopener\" href=\"https:\/\/r-mediabase.eu\/floete-und-bass-statt-hetze-und-hass\/\" data-type=\"URL\" data-id=\"https:\/\/r-mediabase.eu\/floete-und-bass-statt-hetze-und-hass\/\" target=\"_blank\">Fl\u00f6te und Bass statt Hetze und Has<\/a>s (43 Fotos und Begleittext von Jochen Vogler) <br>17.8., 17:04, <strong>MDR Th\u00fcringen<\/strong>: <a rel=\"noreferrer noopener\" href=\"https:\/\/www.mdr.de\/nachrichten\/thueringen\/ost-thueringen\/jena\/liederkette-chor-toleranz-100.html\" data-type=\"URL\" data-id=\"https:\/\/www.mdr.de\/nachrichten\/thueringen\/ost-thueringen\/jena\/liederkette-chor-toleranz-100.html\" target=\"_blank\">&#8220;Die Gedanken sind frei&#8221; Hunderte singen f\u00fcr Toleranz in Jena<\/a> (3 Fotos) <br>16.8., 17+19 Uhr, <strong><a rel=\"noreferrer noopener\" href=\"https:\/\/www.zdf.de\/nachrichten-sendungen\/heute-19-uhr\/heute-19-uhr-vom-16-august-2024-100.html\" data-type=\"URL\" data-id=\"https:\/\/www.zdf.de\/nachrichten-sendungen\/heute-19-uhr\/heute-19-uhr-vom-16-august-2024-100.html\" target=\"_blank\">ZDF heute<\/a><\/strong>: <a rel=\"noreferrer noopener\" href=\"https:\/\/www.zdf.de\/nachrichten\/heute-sendungen\/thueringen-soziales-engagement-gegen-afd-video-100.html\" data-type=\"URL\" data-id=\"https:\/\/www.zdf.de\/nachrichten\/heute-sendungen\/thueringen-soziales-engagement-gegen-afd-video-100.html\" target=\"_blank\">Th\u00fcringen: Soziales Engagement gegen AfD<\/a> sowie <a rel=\"noreferrer noopener\" href=\"https:\/\/www.zdf.de\/nachrichten\/heute-19-uhr\/thueringen-buergerinitiativen-gegen-radikale-kraefte-video-100.html\" data-type=\"URL\" data-id=\"https:\/\/www.zdf.de\/nachrichten\/heute-19-uhr\/thueringen-buergerinitiativen-gegen-radikale-kraefte-video-100.html\" target=\"_blank\">B\u00fcrgerinitiativen gegen radikale Kr\u00e4fte<\/a> (Knapp 1:30-Minuten-Fernsehbeitrag von Svenja Bergerhoff, ZDF-Studio Erfurt) <br>16.8., <strong>LeftVision<\/strong>: <a rel=\"noreferrer noopener\" href=\"https:\/\/www.youtube.com\/watch?v=Tm6ftRgRylg\" data-type=\"URL\" data-id=\"https:\/\/www.youtube.com\/watch?v=Tm6ftRgRylg\" target=\"_blank\">Musikalisch gegen Nazizentrum &#8211; &#8220;Lebenslaute&#8221; in Eisenach<\/a> (2:04-Min.-Youtube-Video von <a rel=\"noreferrer noopener\" href=\"https:\/\/leftvision.de\/\" data-type=\"URL\" data-id=\"https:\/\/leftvision.de\/\" target=\"_blank\">leftvision<\/a> e.V. Berlin \u00fcber das Eisenach-Konzert am 12.8.) <br>16.8., <strong>Junge Welt<\/strong> (S. 8): <a rel=\"noreferrer noopener\" href=\"https:\/\/www.jungewelt.de\/artikel\/481710.rechte-in-ostdeutschland-die-anderen-lassen-sich-von-der-afd-vor-sich-hertreiben.html\" data-type=\"URL\" data-id=\"https:\/\/www.jungewelt.de\/artikel\/481710.rechte-in-ostdeutschland-die-anderen-lassen-sich-von-der-afd-vor-sich-hertreiben.html\" target=\"_blank\">\u00bbDie anderen lassen sich von der AfD vor sich hertreiben\u00ab Th\u00fcringen: Musiker demonstrieren mit antifaschistischen Songs gegen den Rechtsruck<\/a> (Inland, Interview von Gitta D\u00fcperthal mit Ortrud Staude) <br>15.8., 13:23, <strong>The Local<\/strong>: <a rel=\"noreferrer noopener\" href=\"https:\/\/www.thelocal.de\/20240815\/why-a-german-orchestra-is-using-music-to-protest-against-the-far-right\" data-type=\"URL\" data-id=\"https:\/\/www.thelocal.de\/20240815\/why-a-german-orchestra-is-using-music-to-protest-against-the-far-right\" target=\"_blank\">Why a German orchestra is using music to protest against the far-right<\/a> (Culture, Interview von Paul Krantz mit Lebenslaute, mit einem Foto von Lebenslaute, Volltext nach Login) <br>14.8., <strong>Neues Deutschland<\/strong> (Aufmacher Titelseite): Laut und geeint gegen rechts. Wahlen im Osten: Die AfD bedroht die Demokratie, Initiativen halten dagegen (Sebastian Weiermann, mit einem Foto vom 12.8., online auf <a rel=\"noreferrer noopener\" href=\"https:\/\/www.nd-aktuell.de\/artikel\/1184470.kampf-gegen-rechts-demokratie-verteidigen.html\" data-type=\"URL\" data-id=\"https:\/\/www.nd-aktuell.de\/artikel\/1184470.kampf-gegen-rechts-demokratie-verteidigen.html\" target=\"_blank\">nd-aktuell.de<\/a> nicht findbar) <br>14.8., <strong><a rel=\"noreferrer noopener\" href=\"https:\/\/www.tlz.de\/lokales\/weimar-und-weimarer-land\/\" data-type=\"URL\" data-id=\"https:\/\/www.tlz.de\/lokales\/weimar-und-weimarer-land\/\" target=\"_blank\">Th\u00fcringische Landeszeitung<\/a><\/strong> Erfurt\/Weimar: <a rel=\"noreferrer noopener\" href=\"https:\/\/r-mediabase.eu\/wp-content\/uploads\/2024\/08\/18-20240814_6682--1800x1013.jpg\" data-type=\"URL\" data-id=\"https:\/\/r-mediabase.eu\/wp-content\/uploads\/2024\/08\/18-20240814_6682--1800x1013.jpg\" target=\"_blank\">Mit Musik gegen Hass<\/a> (S. 2, Foto vom 13.8. und Begleittext von Hannes P. Albert, DPA) <br>13.8., 19:00: <strong>MDR Th\u00fcringen<\/strong> <strong>Journal<\/strong>: <a rel=\"noreferrer noopener\" href=\"https:\/\/www.mdr.de\/video\/mdr-videos\/f\/video-848934.html\" data-type=\"URL\" data-id=\"https:\/\/www.mdr.de\/video\/mdr-videos\/f\/video-848934.html\" target=\"_blank\">Gegen Hass und Rechtsextremismus musiziert<\/a> (Region-Mittelth\u00fcringen-Fernsehbeitrag bei Minuten 7:15\/7:37-8:05 des 25:50-Min.-Videos) <br>13.8., 16:41, <strong>Neues Deutschland<\/strong>: <a rel=\"noreferrer noopener\" href=\"https:\/\/www.nd-aktuell.de\/artikel\/1184473.thueringen-wahl-mit-pauken-und-trompeten-gegen-die-afd.html?sstr=lebenslaute\" data-type=\"URL\" data-id=\"https:\/\/www.nd-aktuell.de\/artikel\/1184473.thueringen-wahl-mit-pauken-und-trompeten-gegen-die-afd.html?sstr=lebenslaute\" target=\"_blank\">Mit Pauken und Trompeten gegen die AfD. Lebenslaute spielen angemeldete und unangemeldete Konzerte in Th\u00fcringen<\/a> (Peter Nowak, mit einem Archivbild) <br>13.8., Flickr-Album: 2024-08-13 <a rel=\"noreferrer noopener\" href=\"https:\/\/www.flickr.com\/photos\/stefan-mueller-climate\/albums\/72177720319524109\/\" data-type=\"URL\" data-id=\"https:\/\/www.flickr.com\/photos\/stefan-mueller-climate\/albums\/72177720319524109\/\" target=\"_blank\">Lebenslaute in Buchenwald<\/a> (10 Fotos von Stefan M\u00fcller) <br>13.8., 15:08, <strong>Deutschlandfunk Kultur<\/strong>: <a rel=\"noreferrer noopener\" href=\"https:\/\/www.deutschlandfunkkultur.de\/floete-und-bass-statt-hetze-und-hass-konzerte-gegen-rechts-in-thueringen-dlf-kultur-09e0febb-100.html\" data-type=\"URL\" data-id=\"https:\/\/www.deutschlandfunkkultur.de\/floete-und-bass-statt-hetze-und-hass-konzerte-gegen-rechts-in-thueringen-dlf-kultur-09e0febb-100.html\" target=\"_blank\">\u201eFl\u00f6te und Bass statt Hetze und Hass!\u201c. Konzerte gegen Rechts in Th\u00fcringen<\/a> (7:36-Min.-Interview des Deutschlandradio-Podcasts &#8220;Tonart&#8221; mit Hans Christoph Stoodt) <br>13.8., 13:00, <strong>Th\u00fcringische Landeszeitung<\/strong> (Erfurt\/Weimar): <a rel=\"noreferrer noopener\" href=\"https:\/\/www.tlz.de\/lokales\/wartburgkreis\/article407005834\/antifaschistisches-konzert-vor-dem-flieder-volkshaus-in-eisenach.html\" data-type=\"URL\" data-id=\"https:\/\/www.tlz.de\/lokales\/wartburgkreis\/article407005834\/antifaschistisches-konzert-vor-dem-flieder-volkshaus-in-eisenach.html\" target=\"_blank\">Antifaschistisches Konzert vor dem Flieder Volkshaus in Eisenach<\/a> (Text von Peter Kornblum und Foto vom 12.8.) <br>12.8., <strong>Th\u00fcringer Allgemeine<\/strong> (Gotha): <a rel=\"noreferrer noopener\" href=\"https:\/\/www.pressreader.com\/germany\/thuringer-allgemeine-gotha\/20240812\/282170771450814\" data-type=\"URL\" data-id=\"https:\/\/www.pressreader.com\/germany\/thuringer-allgemeine-gotha\/20240812\/282170771450814\" target=\"_blank\">Bj\u00f6rn H\u00f6cke beim AfD-Sommerfest in Gotha: &#8220;Pandemie war ein Fake&#8221;<\/a> (Abbildung Zeitungsartikel mit zwei Fotos) <br>11.8., <strong>Deutschlandfunk<\/strong> Kultur\/Deutschlandradio: <a rel=\"noreferrer noopener\" href=\"https:\/\/www.deutschlandfunkkultur.de\/aktionsgruppe-lebenslaute-protestiert-mit-konzerten-gegen-rechts-100.html\" data-type=\"URL\" data-id=\"https:\/\/www.deutschlandfunkkultur.de\/aktionsgruppe-lebenslaute-protestiert-mit-konzerten-gegen-rechts-100.html\" target=\"_blank\">Aktionsgruppe \u201eLebenslaute\u201c protestiert mit Konzerten gegen Rechts<\/a> (Text, plus Archivfoto von 2012) <br>11.8., 17:31, <strong>Nachrichten AG<\/strong>: <a rel=\"noreferrer noopener\" href=\"https:\/\/nachrichten.ag\/deutschland\/thueringen\/musik-fuer-den-frieden-lebenslaute-wehrt-sich-gegen-rechte-hetze-in-thueringen\/?feed_id=581372&amp;_unique_id=66b8d986a7b51&amp;66b8d986a7c11=\" data-type=\"URL\" data-id=\"https:\/\/nachrichten.ag\/deutschland\/thueringen\/musik-fuer-den-frieden-lebenslaute-wehrt-sich-gegen-rechte-hetze-in-thueringen\/?feed_id=581372&amp;_unique_id=66b8d986a7b51&amp;66b8d986a7c11=\" target=\"_blank\">Musik f\u00fcr den Frieden: Lebenslaute wehrt sich gegen rechte Hetze in Th\u00fcringen<\/a> (Martin Schneider \/teilautomatisiert)<br>11.8., 16:48, <strong>Evangelische Zeitung<\/strong>: <a rel=\"noreferrer noopener\" href=\"https:\/\/www.evangelische-zeitung.de\/floete-und-bass-statt-hetze-und-hass\" data-type=\"URL\" data-id=\"https:\/\/www.evangelische-zeitung.de\/floete-und-bass-statt-hetze-und-hass\" target=\"_blank\">Fl\u00f6te und Bass statt Hetze und Hass<\/a> (epd-Meldung) <br>11.8., 10:22, <strong>Th\u00fcringer Allgemeine<\/strong> (Gotha) sowie <strong><a href=\"https:\/\/www.tlz.de\/lokales\/gotha\/article406988515\/hunderte-gegendemonstranten-bei-afd-wahlkampf-in-gotha.html\" data-type=\"URL\" data-id=\"https:\/\/www.tlz.de\/lokales\/gotha\/article406988515\/hunderte-gegendemonstranten-bei-afd-wahlkampf-in-gotha.html\" target=\"_blank\" rel=\"noreferrer noopener\">Th\u00fcringische Landeszeitung<\/a><\/strong> (Erfurt\/Weimar): <a rel=\"noreferrer noopener\" href=\"https:\/\/www.thueringer-allgemeine.de\/lokales\/gotha\/article406988515\/hunderte-gegendemonstranten-bei-afd-wahlkampf-in-gotha.html\" target=\"_blank\">Bj\u00f6rn H\u00f6cke beim AfD-Sommerfest in Gotha: &#8220;Pandemie war ein Fake&#8221;<\/a> (Teaser von Lokalreporter Tobias Leiser, Artikel und Video hinter Paywall) <br>11.8., 10:20, <strong>Th\u00fcringer Allgemeine<\/strong> (Gotha) sowie <strong><a href=\"https:\/\/www.tlz.de\/lokales\/gotha\/article406988515\/hunderte-gegendemonstranten-bei-afd-wahlkampf-in-gotha.html\" data-type=\"URL\" data-id=\"https:\/\/www.tlz.de\/lokales\/gotha\/article406988515\/hunderte-gegendemonstranten-bei-afd-wahlkampf-in-gotha.html\" target=\"_blank\" rel=\"noreferrer noopener\">Th\u00fcringische Landeszeitung<\/a><\/strong> (Erfurt\/Weimar): <a rel=\"noreferrer noopener\" href=\"https:\/\/www.thueringer-allgemeine.de\/lokales\/gotha\/article406990010\/sommerfest-der-afd-und-gegendemo-in-gotha-unsere-besten-bilder.html\" data-type=\"URL\" data-id=\"https:\/\/www.thueringer-allgemeine.de\/lokales\/gotha\/article406990010\/sommerfest-der-afd-und-gegendemo-in-gotha-unsere-besten-bilder.html\" target=\"_blank\">\u201eSommerfest\u201c der AfD und Gegendemo in Gotha: Unsere besten Bilder<\/a> (5 Fotos vom 10.8. von Lokalreporter Tobias Leiser) <\/p>\n\n\n\n<p><em>\u00c4ltere umfangreiche Vorabberichte in Medien<\/em>:<br>7.6., Freies <strong>Radio LORA M\u00fcnchen<\/strong>: <a rel=\"noreferrer noopener\" href=\"https:\/\/lora924.de\/2024\/06\/07\/floete-und-bass-statt-hetze-und-hass-aktionswoche-in-thueringen\/\" data-type=\"URL\" data-id=\"https:\/\/lora924.de\/2024\/06\/07\/floete-und-bass-statt-hetze-und-hass-aktionswoche-in-thueringen\/\" target=\"_blank\">\u201eFl\u00f6te und Bass statt Hetze und Hass\u201c \u2013 Aktionswoche in Th\u00fcringen<\/a> (10:31-Min.-Interview von Nick mit Lebenslaute, mit einem Lebenslaute-Archivbild). <\/p>\n\n\n\n<p><em>Ver\u00f6ffentlichung unserer Termine u.a. auch<\/em>: <a rel=\"noreferrer noopener\" href=\"https:\/\/www.demokrateam.org\/aktionen\/floete-und-bass-statt-hetze-und-hass-2\/\" data-type=\"URL\" data-id=\"https:\/\/www.demokrateam.org\/aktionen\/floete-und-bass-statt-hetze-und-hass-2\/\" target=\"_blank\">DemokraTEAM<\/a>; <a href=\"https:\/\/archiv.epd.de\/search\/null\/null\/null\/lebenslaute\" data-type=\"URL\" data-id=\"https:\/\/archiv.epd.de\/search\/null\/null\/null\/lebenslaute\" target=\"_blank\" rel=\"noreferrer noopener\">Evangelischer Pressedienst epd<\/a>-lob; <a rel=\"noreferrer noopener\" href=\"https:\/\/www.friedenskooperative.de\/termine\/floete-und-bass-statt-hetze-und-hass\" data-type=\"URL\" data-id=\"https:\/\/www.friedenskooperative.de\/termine\/floete-und-bass-statt-hetze-und-hass\" target=\"_blank\">Netzwerk Friedenskooperative<\/a> (Network of the German Peace Movement); <a rel=\"noreferrer noopener\" href=\"https:\/\/omas-gegen-rechts-erfurt.de\/events\/floete-und-bass-statt-hetze-und-hass\" data-type=\"URL\" data-id=\"https:\/\/omas-gegen-rechts-erfurt.de\/events\/floete-und-bass-statt-hetze-und-hass\" target=\"_blank\">Omas gegen Rechts Erfurt e.V.<\/a>; <a rel=\"noreferrer noopener\" href=\"https:\/\/www.demokrateam.org\/aktionen\/floete-und-bass-statt-hetze-und-hass-2\/\" data-type=\"URL\" data-id=\"https:\/\/www.demokrateam.org\/aktionen\/floete-und-bass-statt-hetze-und-hass-2\/\" target=\"_blank\">Radar von squat.net<\/a>. <\/p>\n\n\n\n<a id=\"material\" xlink=\"href\"><\/a>\n\n\n\n<p><strong>&gt;&gt; Material<\/strong><\/p>\n\n\n\n<p><em>Mobilisierung<\/em><br><a rel=\"noreferrer noopener\" href=\"https:\/\/www.lebenslaute.net\/wp-content\/uploads\/2024\/04\/LEBENSLAUTE-Aufruf-2024-Thueringen.pdf\" data-type=\"URL\" data-id=\"https:\/\/www.lebenslaute.net\/wp-content\/uploads\/2024\/04\/LEBENSLAUTE-Aufruf-2024-Thueringen.pdf\" target=\"_blank\">Aufruf\/Einladung zum Mitmachen<\/a>&nbsp;(4xA5 Farbfaltblatt: 407KB-PDF)<\/p>\n\n\n\n<p><em>In der Aktionswoche Vorgetragenes\/eingesetzte Schriftst\u00fccke<\/em><br>Kommentiertes Musikprogramm: folgt. <\/p>\n\n\n\n<p><\/p>\n\n\n\n<p><\/p>\n\n\n\n<a id=\"aufruf\" xlink=\"href\"><\/a>\n\n\n\n<h2 class=\"wp-block-heading\"><strong>&gt;&gt;&nbsp;<\/strong>Aufruf<\/h2>\n\n\n\n<p>LEBENSLAUTE-Aktionswoche <strong>7.-14. August 2024<\/strong> in <strong>Th\u00fcringen<\/strong> (4xA5-Seiten-<a rel=\"noreferrer noopener\" href=\"https:\/\/www.lebenslaute.net\/wp-content\/uploads\/2024\/04\/LEBENSLAUTE-Aufruf-2024-Thueringen.pdf\" data-type=\"URL\" data-id=\"https:\/\/www.lebenslaute.net\/wp-content\/uploads\/2024\/04\/LEBENSLAUTE-Aufruf-2024-Thueringen.pdf\" target=\"_blank\">Aufruf<\/a>) Aufruftext: <\/p>\n\n\n\n<p class=\"has-text-align-center\"><strong>Fl\u00f6te und Bass statt Hetze und Hass<\/strong><\/p>\n\n\n\n<p>Am 1.9. 1939 begann Nazi-Deutschland den Zweiten Weltkrieg. Am 1.9. 2024 will die AfD die Landtagswahl in Th\u00fcringen gewinnen, sodass der Nazi Bj\u00f6rn H\u00f6cke Ministerpr\u00e4sident werden kann. Dagegen wehren wir uns mit der Verbindung von klassischer Musik und zivilem Ungehorsam. Wir wollen in der hei\u00dfen Phase des Wahlkampfs in Th\u00fcringen die Kr\u00e4fte st\u00e4rken, die gegen die AfD und f\u00fcr eine solidarische und demokratische Gesellschaft eintreten. <br>Der t\u00f6dlichen Mischung aus Neoliberalismus, v\u00f6lkischem Rassismus und Verschw\u00f6rungstheorien der AfD treten wir lebendig, laut und ungehorsam entgegen. Wir wollen eine Welt der sozialen und der Klima-Gerechtigkeit, eine Welt ohne Kolonialismus und Krieg, eine Welt des Friedens und der gleichen Rechte f\u00fcr alle. Nach der Befreiung des KZ Buchenwald schworen die \u00dcberlebenden: \u201eDie Vernichtung des Nazismus mit seinen Wurzeln ist unsere Aufgabe. Eine Welt des Friedens und der Freiheit ist unser Ziel.\u201c Dem f\u00fchlen auch wir uns verpflichtet. Wir erleben einen vehementen Rechtsruck. Die unerh\u00f6rten Pl\u00e4ne einer Deportation von Millionen Menschen aus Deutschland, die faschistische Politiker:innen von AfD, WerteUnion, und andere Menschenfeinde nicht weit vom Schauplatz der historischen Wannseekonferenz ausgeheckt haben, sind nur ein besonders emp\u00f6rendes Beispiel daf\u00fcr. <br>Die AfD steht f\u00fcr die Abschaffung von demokratischen Grundrechten, ein gestriges Familien- und Rollenbild von M\u00e4nnern und Frauen. Sie tritt gegen Mindestl\u00f6hne und f\u00fcr ein h\u00f6heres Eintrittsalter in die Rente ein. Sie behauptet, es g\u00e4be keinen menschengemachten Klimawandel. Sie fordert die Abschottung der Grenzen Europas f\u00fcr Fl\u00fcchtlinge. Sie tritt f\u00fcr das \u201eRecht des St\u00e4rkeren\u201c nach Innen und nach Au\u00dfen ein. Sie lehnt gleiche Rechte f\u00fcr alle ab, und sie verbreitet rassistischen Hass. <br>Leider glauben auch andere Parteien und Bewegungen an solche rechtspopulistischen Rezepte. Die AfD stellt lediglich besonders brutal die deutsche Form eines gewaltt\u00e4tigen und extrem rechten weltweiten Trends dar. Sie treibt ihn auf die Spitze, indem sie offen an die Politik des Nazifaschismus ankn\u00fcpfen will. Bj\u00f6rn H\u00f6cke ist das Gesicht dieses Trends. Seine Politik wird denen, die er f\u00fcr sich zu mobilisieren sucht, am heftigsten ins Gesicht schlagen: den Menschen, die nicht reich sind \u2013 den Menschen am unteren Rand der Gesellschaft. Er hat ihnen nichts zu bieten und fordert trotzdem ihre Stimme bei den Wahlen.  <\/p>\n\n\n\n<p>Mit unserer musikalischen Aktion wollen wir alle st\u00e4rken, die sich auch heute und in Zukunft f\u00fcr eine solidarische Welt des Friedens und der Freiheit einsetzen.<br>Wir spielen und singen Mitte August in Weimar und Erfurt unter anderem Musik des KZ-Buchenwald-H\u00e4ftlings Ond\u0159ej Volr\u00e1b, St\u00fccke des Mauthausen-Zyklus von Mikis Theodorakis und anderer Komponist:innen. <br><strong>Gegen Hetze und Hass \u2013 gemeinsam und entschlossen dem Rechtsruck entgegentreten!<br>Nie wieder Faschismus \u2013 nie wieder Krieg!<\/strong> <\/p>\n\n\n\n<p class=\"has-text-align-center\"><a rel=\"noreferrer noopener\" href=\"https:\/\/www.lebenslaute.net\/wp-content\/uploads\/2024\/04\/LEBENSLAUTE-Aufruf-2024-Thueringen.pdf\" data-type=\"URL\" data-id=\"https:\/\/www.lebenslaute.net\/wp-content\/uploads\/2024\/04\/LEBENSLAUTE-Aufruf-2024-Thueringen.pdf\" target=\"_blank\">Aufruf\/Einladung zum Mitmachen<\/a>&nbsp;(PDF-Datei 407KB) <\/p>\n\n\n\n<p><strong>LEBENSLAUTE Konzert-Aktion 2024<\/strong> &#8220;Fl\u00f6te und Bass statt Hetze und Hass&#8221;<strong>&#8211; Technische Infos<\/strong>: <\/p>\n\n\n\n<p><strong>Vorbereitungs- und Probenwochenende<\/strong> vom <strong>14. bis 16. Juni<\/strong> 2024: Wir, die Aktionsunterst\u00fctzer:innen und Musiker:innen, lernen uns kennen, beginnen mit den Proben und der thematischen Arbeit.<br><strong>Proben- und Aktionstage in Th\u00fcringen<\/strong> vom <strong>7. bis 14. August<\/strong> 2024: Wir proben unser Konzertprogramm und bereiten uns auf die Aktion und die Konzerte vor.<br>Sowohl beim Probenwochenende als auch bei der Aktionswoche gilt: Unterkunft und vegetarisches\/veganes Essen gegen Kostenbeteiligung entsprechend den eigenen finanziellen M\u00f6glichkeiten (Selbsteinsch\u00e4tzung).<\/p>\n\n\n\n<p><strong>Anmeldung unbedingt erforderlich!<\/strong> LEBENSLAUTE freut sich \u00fcber weitere Musiker:innen aller Chor- und Orchesterstimmen sowie insbesondere Aktionsunterst\u00fctzer:innen und Kinderbetreuer:innen. Wir bitten alle, die sich musikalisch beteiligen wollen, schon vor dem Probenwochenende ihren Instrumental- und Chorpart zu \u00fcben. Noten werden rechtzeitig zur Verf\u00fcgung gestellt.<br><strong>Teile uns bitte mit<\/strong>: Was brauchst Du, um mitmachen zu k\u00f6nnen: Kinderbetreuung, spezielle Hilfen u.\u00e4.? Wie m\u00f6chtest Du dich beteiligen: Instrument(e), Chor-Stimmlage(n), bevorzugte Orga-T\u00e4tigkeiten oder Aufgaben in der Aktionsunterst\u00fctzung?<br><strong>Kostenbeteiligung | Spenden<\/strong> mit Zweck \u201eAktion 2024\u201c an \u201eLebenslaute\u201c auf unser Konto <br>IBAN: DE40 4306 0967 1115 4515 01, BIC: GENODEM1GLS (GLS-Bank) <\/p>\n\n\n\n<p><strong>Kooperation | Initiativen vor Ort<\/strong>: Lagerarbeitsgemeinschaft Buchenwald-Dora, Mehrgenerationenhaus Weimar, Omas gegen Rechts Erfurt, VVN-BdA Th\u00fcringen, Welt ohne Waffen e.V. Weimar. <\/p>\n\n\n\n<p><strong>Kontakt | Infos | Zusagen<\/strong>: https:\/\/www.lebenslaute.net \u2013 lebenslaute2024@riseup.net <\/p>\n\n\n\n<a id=\"konzertprogramm\" xlink=\"href\"><\/a>\n\n\n\n<p><strong>&gt;&gt; Konzertmusik 2024<\/strong>  <br>Ludwig von BEETHOVEN (1770-1827):  &#8220;<em>Egmont<\/em>&#8220;-Ouvert\u00fcre zu Goethes Trauerspiel op. 84 (1809\/1810) <br>Gideon KLEIN (1919-1945):  &#8220;<em>Lento<\/em>&#8220;, Mittelsatz der &#8220;Partita f\u00fcr Streicher&#8221; (Posthum rekonstruiert und instrumentiert von Vojt\u011bch Saudek (1951-2003) nach Kleins Streichtrio, komponiert 1944 im KZ Theresienstadt) <br>Felicitas KUKUCK (1914-2001):  &#8220;<em>Todesfuge. Schwarze Milch der Fr\u00fche<\/em>&#8220;, Motette f\u00fcr dreistimmigen gemischten Chor &amp; kleine Trommel (1993\/1994) nach dem Gedicht von Paul Celan <br>Mikis THEODORAKIS (1925-2021) nach Gedichten von Iakovos Kambanellis:  &#8220;<em>Mauthausen-Kantate<\/em>&#8220;, Liederzyklus (1965), Neubearbeitung Lebenslaute 2024 f\u00fcr Chor &amp; Orchester<br>Anne T\u00dcBINGER (*1950):  &#8220;V\u00f6lker der Erde&#8221; (Gedicht von Nelly Sachs) aus &#8220;Wo es auch sei&#8221; f\u00fcr Chor <br>Ond\u0159ej VOLR\u00c1B (1879-?):  &#8220;<em>Pod Cizim Nebem\/ Unter fremdem Himmel<\/em>&#8221; (KZ Buchenwald o.J.) f\u00fcr Orchester  <br>Konstantin WECKER (*1947):  &#8220;<em>Sage Nein!<\/em>&#8221; (1993) Arrangement Ulrich Klan f\u00fcr Chor &amp; Orchester <br> <br>dazu weitere Werke: Chor &#8220;Ach Krieg, o Ungl\u00fcck&#8221; (Leo\u0161 Jan\u00e1\u010dek 1885: M\u00e4nnerchor &#8220;Ach vojna, vojna&#8221; JW IV\/17\/3), Buchenwaldlied  &#8220;Wenn der Tag erwacht&#8221; (Fritz L\u00f6hner-Beda &amp; Hermann Leopoldi), &#8220;James Bond vs. Verfassungsschutz&#8221; (U. Schaub, 2018), &#8220;Drei rote Pfiffe&#8221; (Schmetterlinge, 1979), &#8220;Sieben Achtel Rennsteiglied: Ich wandre ja so gerne&#8221; (Tuba Libre, Weimar) und Kanon &#8220;Wenn man in einen falschen Zug einsteigt&#8221; (Ulrich Klan, 2020, Text von Dietrich Bonhoeffer). <br><br>Programmheft 2024&nbsp;zum Download: folgt. <\/p>\n\n\n\n<a id=\"wirsuchen\" xlink=\"href\"><\/a>\n\n\n\n<p><strong>&gt;&gt; Wir suchen<\/strong><\/p>\n\n\n\n<p>\u2026 musikalische Laien und Profis, mit Orchester-Instrumenten, im Chor, bei der Aktionsunterst\u00fctzung sowie als Zuh\u00f6rer_innen. Konzertaktionen finden einmal j\u00e4hrlich in Chor- und Orchesterst\u00e4rke statt, dazwischen auch regional in kleineren Ensembles.<br>Entscheidungen treffen wir basisdemokratisch. Bed\u00fcrfnisse, Ideen und Bedenken aller sollen ber\u00fccksichtigt werden. Es bleibt stets in der Verantwortung der Teilnehmenden, wie weit sie sich einbringen und was sie riskieren. Betroffene m\u00f6glicher rechtlicher Konsequenzen unterst\u00fctzen wir solidarisch. <br><strong>Anmeldung unbedingt erforderlich!<\/strong> LEBENSLAUTE freute sich auch 2024 \u00fcber weitere Musiker:innen aller Chor- und Orchesterstimmen sowie insbesondere Aktionsunterst\u00fctzer:innen und Kinderbetreuer*innen. Wir bitten alle, die sich an einer Jahresaktion musikalisch beteiligen wollen, schon vor dem Probenwochenende ihren Instrumental- und Chorpart zu \u00fcben. Noten werden rechtzeitig zur Verf\u00fcgung gestellt. <\/p>\n\n\n\n<p><strong>!Nota Bene!<\/strong>: Aktivist;nnen k\u00f6nnen sich unabh\u00e4ngig von den j\u00e4hrlich \u00fcberregionalen Aktionswochen unseren&nbsp;<a href=\"https:\/\/listi.jpberlin.de\/pipermail\/lebenslaute-info\/\">Email-Newsletter<\/a>&nbsp;(bis 12-mal j\u00e4hrlich) abonnieren (vgl. <a rel=\"noreferrer noopener\" href=\"https:\/\/listi.jpberlin.de\/pipermail\/lebenslaute-info\/\" target=\"_blank\">Archiv<\/a>)! Nehmt gern Kontakt zu unseren <a rel=\"noreferrer noopener\" href=\"https:\/\/www.lebenslaute.net\/?page_id=112\" target=\"_blank\">Regionalgruppen<\/a> auf und schreibt uns fr\u00fchzeitig Vorschl\u00e4ge f\u00fcr zuk\u00fcnftige Aktionsthemen und -orte. <\/p>\n","protected":false},"excerpt":{"rendered":"<p>Fl\u00f6te und Bass statt Hetze und HassVorbereitungs- und Probenwochenende vom 14. bis 16. Juni 2024. Proben- und Aktionstage vom 7. bis 14. August 2024 in Th\u00fcringen. Aktionsticker\u00a0|\u00a0Fotos\u00a0| Videos |\u00a0Pressemitteilungen | Reden\u00a0|\u00a0Medienberichte\u00a0|\u00a0Material\u00a0|\u00a0Aufruf\u00a0|\u00a0Konzertprogramm\u00a0|\u00a0Wir suchen \/Mitmachen Mit den Landtagswahlen am 1.9.2024 will der Nazi&nbsp;H\u00f6cke&nbsp;in Th\u00fcringen Ministerpr\u00e4sident werden. Dem stellen wir uns gemeinsam mit anderen zivil-ungehorsam und musikalisch in den Weg. \u00d6ffentliche Konzerte: 13.8., 15:15 Gedenkst\u00e4tte Buchenwald. 13.8., 19:00 Evangelisches Gemeindezentrum Paul Schneider, Weimar, Moskauer Str. 1a. 14.8., 11:55 Th\u00fcringer Landtag, Erfurt, J\u00fcrgen-Fuchs Str&#8230;.<\/p>\n<p class=\"read-more\"><a class=\"btn btn-default\" href=\"https:\/\/www.lebenslaute.net\/?page_id=10275\">Weiterlesen<span class=\"screen-reader-text\"> Weiterlesen<\/span><\/a><\/p>\n","protected":false},"author":7,"featured_media":0,"parent":0,"menu_order":2,"comment_status":"closed","ping_status":"closed","template":"","meta":{"footnotes":""},"class_list":["post-10275","page","type-page","status-publish","hentry"],"_links":{"self":[{"href":"https:\/\/www.lebenslaute.net\/index.php?rest_route=\/wp\/v2\/pages\/10275","targetHints":{"allow":["GET"]}}],"collection":[{"href":"https:\/\/www.lebenslaute.net\/index.php?rest_route=\/wp\/v2\/pages"}],"about":[{"href":"https:\/\/www.lebenslaute.net\/index.php?rest_route=\/wp\/v2\/types\/page"}],"author":[{"embeddable":true,"href":"https:\/\/www.lebenslaute.net\/index.php?rest_route=\/wp\/v2\/users\/7"}],"replies":[{"embeddable":true,"href":"https:\/\/www.lebenslaute.net\/index.php?rest_route=%2Fwp%2Fv2%2Fcomments&post=10275"}],"version-history":[{"count":46,"href":"https:\/\/www.lebenslaute.net\/index.php?rest_route=\/wp\/v2\/pages\/10275\/revisions"}],"predecessor-version":[{"id":10590,"href":"https:\/\/www.lebenslaute.net\/index.php?rest_route=\/wp\/v2\/pages\/10275\/revisions\/10590"}],"wp:attachment":[{"href":"https:\/\/www.lebenslaute.net\/index.php?rest_route=%2Fwp%2Fv2%2Fmedia&parent=10275"}],"curies":[{"name":"wp","href":"https:\/\/api.w.org\/{rel}","templated":true}]}}