{"id":1384,"date":"2012-12-17T16:11:38","date_gmt":"2012-12-17T15:11:38","guid":{"rendered":"http:\/\/www.lebenslaute.net\/?page_id=1384"},"modified":"2019-11-22T08:36:09","modified_gmt":"2019-11-22T07:36:09","slug":"uberregionale-aktivitaten","status":"publish","type":"page","link":"https:\/\/www.lebenslaute.net\/?page_id=1384","title":{"rendered":"\u00dcberregionale, kleinere Aktionen"},"content":{"rendered":"<p>Neben den j\u00e4hrlichen gro\u00dfen Sommeraktionen finden auch weitere &#8211; meist von den Regionalgruppen angeregte und koordinierte &#8211; \u00fcberregionale Lebenslaute-Aktionen statt.<\/p>\n<h5><strong>\u00dcberregionale Auftritte seit <\/strong><strong>2010<\/strong>:<\/h5>\n<h4><span style=\"color: #000000;\"><span style=\"font-family: arial, helvetica, sans-serif;\"><span style=\"font-size: small;\">Requiem f\u00fcr die Opfer der Festung Europa in Hamburg, St. Jakobi am 17. 11. 2918<br \/>\n<\/span><\/span><\/span><\/h4>\n<p><span style=\"color: #000000;\"><span style=\"font-family: arial, helvetica, sans-serif;\"><span style=\"font-size: small;\">Z<\/span><\/span><\/span><span style=\"color: #000000;\"><span style=\"font-family: arial, helvetica, sans-serif;\"><span style=\"font-size: small;\">um Volkstrauertag<\/span><\/span><\/span> <span style=\"color: #000000;\"><span style=\"font-family: arial, helvetica, sans-serif;\"><span style=\"font-size: small;\">Hamburg <\/span><\/span><\/span><span style=\"color: #000000;\"><span style=\"font-family: arial, helvetica, sans-serif;\"><span style=\"font-size: small;\">l\u00e4dt die Kirchengemeinde<\/span><\/span><\/span><span style=\"color: #000000;\"><span style=\"font-family: arial, helvetica, sans-serif;\"><span style=\"font-size: small;\"> der<\/span><\/span><\/span><span style=\"color: #000000;\"><span style=\"font-family: arial, helvetica, sans-serif;\"><span style=\"font-size: small;\"> Hauptkirche St. Jacobi <\/span><\/span><\/span><span style=\"color: #000000;\"><span style=\"font-family: arial, helvetica, sans-serif;\"><span style=\"font-size: small;\">schon seit einigen Jahren zu einem Requiem f\u00fcr die Opfer der Abschottungspolitik der EU. Auch in diesem Jahr wurde Lebenslaute eingeladen, den Gottesdienst <\/span><\/span><\/span><span style=\"color: #000000;\"><span style=\"font-family: arial, helvetica, sans-serif;\"><span style=\"font-size: small;\">mitzugestalten. Er fand am 17. 11. 2019 statt.<br \/>\n<\/span><\/span><\/span><\/p>\n<p><span style=\"color: #000000;\"><span style=\"font-family: arial, helvetica, sans-serif;\"><span style=\"font-size: small;\">Wir s<\/span><\/span><\/span><span style=\"color: #000000;\"><span style=\"font-family: arial, helvetica, sans-serif;\"><span style=\"font-size: small;\">a<\/span><\/span><\/span><span style=\"color: #000000;\"><span style=\"font-family: arial, helvetica, sans-serif;\"><span style=\"font-size: small;\">ngen <\/span><\/span><\/span><span style=\"color: #000000;\"><span style=\"font-family: arial, helvetica, sans-serif;\"><span style=\"font-size: small;\">aus dem Programm dieses Jahres \u201eMachet die Tore weit\u201c <\/span><\/span><\/span><span style=\"color: #000000;\"><span style=\"font-family: arial, helvetica, sans-serif;\"><span style=\"font-size: small;\">von <\/span><\/span><\/span><span style=\"color: #000000;\"><span style=\"font-family: arial, helvetica, sans-serif;\"><span style=\"font-size: small;\">Andreas <\/span><\/span><\/span><span style=\"color: #000000;\"><span style=\"font-family: arial, helvetica, sans-serif;\"><span style=\"font-size: small;\">Hammerschmidt, <\/span><\/span><\/span><span style=\"color: #000000;\"><span style=\"font-family: arial, helvetica, sans-serif;\"><span style=\"font-size: small;\">das Psalmlied \u201eWie nun ihr Herren\u201c von Heinrich Sch\u00fctz und zum Schluss \u201eRei\u00dft die Grenzen ein\u201c von Dietrich<\/span><\/span><\/span><span style=\"color: #000000;\"><span style=\"font-family: arial, helvetica, sans-serif;\"><span style=\"font-size: small;\"> Buxtehude. <\/span><\/span><\/span><span style=\"color: #000000;\"><span style=\"font-family: arial, helvetica, sans-serif;\"><span style=\"font-size: small;\">Der Beginn des Gottesdienstes wurde von einem Team des NDR aufgenommen, das Foto ist ein Ausschnitt aus dem Video.<\/span><\/span><\/span><\/p>\n<p><a href=\"http:\/\/www.lebenslaute.net\/?attachment_id=5270\" xlink=\"href\"><img loading=\"lazy\" decoding=\"async\" class=\"alignnone size-medium wp-image-5270\" src=\"http:\/\/www.lebenslaute.net\/wp-content\/uploads\/2012\/12\/Jakobikirche-Hamburg-300x188.png\" alt=\"\" width=\"300\" height=\"188\" srcset=\"https:\/\/www.lebenslaute.net\/wp-content\/uploads\/2012\/12\/Jakobikirche-Hamburg-300x188.png 300w, https:\/\/www.lebenslaute.net\/wp-content\/uploads\/2012\/12\/Jakobikirche-Hamburg-768x480.png 768w, https:\/\/www.lebenslaute.net\/wp-content\/uploads\/2012\/12\/Jakobikirche-Hamburg-1024x640.png 1024w, https:\/\/www.lebenslaute.net\/wp-content\/uploads\/2012\/12\/Jakobikirche-Hamburg.png 1680w\" sizes=\"auto, (max-width: 300px) 100vw, 300px\" \/><\/a><\/p>\n<p><strong>Buir\/ Hambacher Wald, 7. 10. 2018<\/strong><\/p>\n<p>Im Rahmen der Proteste gegen die Braunkohle und die Abholzung des Hambacher Waldes im Rheinland zeigten ungew\u00f6hnlich viele Aktive von Lebenslaute Lust, dorthin zu fahren. Es wurde beinahe so etwas wie eine zweite Jahresaktion. Wir besetzten f\u00fcr etwa 1 Stunde die Gleise der Kohlebahn und musizierten anschlie\u00dfend im bedrohten Wald.<\/p>\n<p><strong>3.10. 2017, Musikaktion auf dem T\u00dcP Altmark, n\u00f6rdlich von Magdeburg<\/strong>: <a href=\"http:\/\/www.lebenslaute.net\/?page_id=4031\" xlink=\"href\">Keine Wiedervereinigung mit dem Krieg &#8211; Friedensmusik in der Kriegs-\u00dcbungsstadt Schn\u00f6ggersburg, Truppen\u00fcbungsplatz Colbitz-Letzlinger Heide, 3. Oktober 2017<\/a><\/p>\n<p><strong>Lausitzer Braunkohlerevier, 13.-16. Mai 2016<\/strong> (Pfingstwochenende): Vokal-Instrumental-Ensemble beim Besetzungsaktionenwochenende &#8220;Ende Gel\u00e4nde&#8221;, vgl. <a href=\"https:\/\/www.flickr.com\/photos\/133937251@N05\/albums\" xlink=\"href\">Fotos<\/a> und <a href=\"https:\/\/www.ende-gelaende.org\/de\/berichte\/videos\/\" xlink=\"href\">Videos<\/a>.<br \/>\n&#8211; Radio-Feature <a target=\"_blank\" href=\"http:\/\/www.deutschlandfunk.de\/vom-widerstand-gegen-braunkohle-germanys-next-wendland.1247.de.html?dram:article_id=382379\" xlink=\"href\" rel=\"noopener\">Vom Widerstand gegen Braunkohle: &#8220;Germany&#8217;s next Wendland&#8221;<\/a>, Deutschlandfunk, 18.04. 2017 (Audio mit Text und Fotos, Gerhard Klas)<\/p>\n<p><strong>Aachen<\/strong>,<strong> 1.9. 2014<\/strong>: Verleihung des <a href=\"http:\/\/www.aachener-friedenspreis.de\/\" xlink=\"href\">Aachener Friedenspreises 2014<\/a> an unser gesamtes Netzwerk LEBENSLAUTE<\/p>\n<p style=\"text-align: justify;\"><strong>Kehl\/Stra\u00dfburg, 18.5. 2014<\/strong>: Einige <a href=\"http:\/\/www.lebenslaute.net\/?page_id=1382\" xlink=\"href\">Lebenslaute Baden-W\u00fcrttemberg<\/a> mit <a href=\"http:\/\/www.lebenslaute.net\/?page_id=2452\" xlink=\"href\">Lebenslauten Rhein-Main<\/a> sangen gegen Mittag einige musikalische Wegst\u00e4rkungen zur Unterst\u00fctzung des Protestmarsches &#8220;<a href=\"http:\/\/freedomnotfrontex.noblogs.org\" xlink=\"href\">March for Freedom<\/a>&#8221; von Stra\u00dfburg nach Br\u00fcssel<\/p>\n<p><strong>8.5. 2014<\/strong>: Bekanntgabe, dass neben dem internationalen Preistr\u00e4ger &#8220;Code Pink&#8221; unser Netzwerk LEBENSLAUTE den <a href=\"http:\/\/www.aachener-friedenspreis.de\/\" xlink=\"href\">Aachener Friedenspreis 2014<\/a> erh\u00e4lt<\/p>\n<p style=\"text-align: justify;\"><strong>Frankfurt\/Main, 14.9. 2013<\/strong>: Musikalische Begleitung (Vokalquartett, Klavierquartett und Streichtrio) der <strong>Pro-Asyl-Menschenrechtspreisverleihung<\/strong> (Haus am Dom) <a href=\"http:\/\/www.proasyl.de\/de\/news\/detail\/news\/pro_asyl_verleiht_menschenrechtspreis_an_luise_und_gerjet_harms\/\" xlink=\"href\">www.proasyl.de<\/a>.<\/p>\n<p>&nbsp;<\/p>\n<p style=\"text-align: center;\">* * *\u00a0\u00a0\u00a0 * * *\u00a0\u00a0\u00a0 * * *<\/p>\n<p>&nbsp;<\/p>\n<h6>Truppen\u00fcbungsplatz Colbitz-Letzlinger Heide (n\u00f6rdlich von Magdeburg), 27.7.2013: <strong>Konzert auf einer Mahnwache an dem ehemaligen Ort Salchau auf dem Truppen\u00fcbungsplatz Altmark im Rahmen des Aktionstags des &#8220;war-starts-here camps&#8221;<\/strong> (21.-29.7.)<\/h6>\n<p>Am 26.7.2013 trafen sich vier Lebenslauteleute im \u201ewar-starts-here\u201c-camp in der Altmark. Dort war f\u00fcr den Folgetag ein Aktionstag angek\u00fcndigt, an dem verschiedene Gruppen unterschiedlichste Aktionen in und um das Gefechts\u00fcbungszentrum Altmark (G\u00dcZ) vorhatten.<\/p>\n<h6>Hintergrund<\/h6>\n<p>Die Lebenslaute schlossen sich einer Gruppe an, die eine Mahnwache auf dem G\u00dcZ abhalten wollte. Die Mahnwache war an einem geschichtstr\u00e4chtigen Ort geplant, Salchau, an dem ein Kriegerdenkmal von 1933 steht und gepflegt wird. Der Ort wurde 1935 abgerissen und die Menschen umgesiedelt, um dort einen riesigen Truppen\u00fcbungsplatz zu bauen. Heute stehen an dem Ort, der mitten im Sperrgebiet liegt, nur noch das Kriegerdenkmal (nach dem 2. Weltkrieg zerst\u00f6rt, 1995 wieder aufgebaut) und ein paar neu errichtete H\u00e4user, die zu Kampf\u00fcbungen dienen.<\/p>\n<p>Der Ort steht also f\u00fcr die Vertreibung von Menschen aus kriegerischen Gr\u00fcnden. Au\u00dferdem weist er auf den paradoxen Sachverhalt hin, dass gerade auf einem Platz der Kriegsvorbereitung Kriegsopfern gedacht wird.<\/p>\n<p>Deshalb war uns Salchau sehr wichtig f\u00fcr die Mahnwache und unser Konzert, und deshalb wollten wir die Mahnwache dort durchf\u00fchren, wo sie angemeldet, aber nicht genehmigt worden war. Das ganze Gel\u00e4nde des G\u00dcZ ist n\u00e4mlich f\u00fcr die \u00d6ffentlichkeit gesperrt.<\/p>\n<h6>Anreise<\/h6>\n<p>Unsere Gruppe aus 12 Leuten, die sich auf dem Camp gebildet hatte, fuhr also noch am Vorabend des Aktionstages los, um die Wahrscheinlichkeit zu erh\u00f6hen, unbemerkt auf das Gel\u00e4nde zu gelangen, das am Aktionstag selbst wahrscheinlich st\u00e4rker bewacht sein w\u00fcrde.<\/p>\n<p>Gleich nach unserer Abfahrt aus dem Camp h\u00e4ngte sich ein weiteres Auto an unsere Kolonne. Es machte alle Abbiegungen, Umwege und Abk\u00fcrzungen mit, so dass wir schlie\u00dflich versuchten, es los zu werden, indem wir uns etwas vom G\u00dcZ entfernten. An einer Ampel erlangten wir etwas Vorsprung, den wir nutzten, um in einem Dorf in einen verborgenen Weg einzubiegen, wo wir einige Zeit im Dunkeln verharrten. Danach ging es\u00a0\u00a0\u00a0 wieder Richtung G\u00dcZ, \u00fcber\u00a0 einen Waldweg, der unsere Autos recht forderte.<\/p>\n<p>Schlie\u00dflich gelangten wir also mitten in der Nacht auf das Gel\u00e4nde, schwer bepackt mit Instrumenten, Noten, Notenst\u00e4ndern, Hockern, Verpflegung, literweise Wasser und Schlafsachen, da wir hofften, vor unserem Konzert noch etwas ruhen zu k\u00f6nnen. Dazu kam es aber nicht, denn unser Schlupfloch ins Gel\u00e4nde war recht weit von Salchau entfernt, und so stapfen wir \u00fcber sandige Wege durch Wald und Heide, begleitet vom vollen Schein des halben Mondes, dem sonoren Knarren der Ziegenmelker (Nachtschwalben) und dem sonoren Knattern eines Helikopters, vor dem wir uns immer wieder unter B\u00e4umen verstecken mussten.<\/p>\n<p>W\u00e4hrend der etwa vierst\u00fcndigen Wanderung in den Morgen hinein konnten wir schon mal ein paar Vokalst\u00fccke proben.<\/p>\n<h6>Konzert<\/h6>\n<p>Als wir uns gegen 6:00 Uhr dem Ort der Mahnwache n\u00e4herten, waren dort schon einige Leute! Leider waren es keine Mahnwachen\u00adteilnehmerInnen, sondern Feldj\u00e4ger. Wir bemerkten uns gegenseitig etwa 300 Meter vor Salchau. Wir hatten noch die Hoffnung uns verstecken zu k\u00f6nnen, also duckten wir uns in eine kleine Mulde im tiefen Gras. Wir hielten unsere Instrumente bereit und konnten unsere Entdeckung p\u00fcnktlich und feierlich-beschwingt mit einem B\u00e4rentanz untermalen. Die Kommandorufe der Feldj\u00e4ger bemerkten wir kaum. Sie umzingelten uns und w\u00e4hrend sie auf die Polizei warteten, konnten wir uns mit Hilfe der anderen TeilnehmerInnen nach und nach halbwegs konzertm\u00e4\u00dfig einrichten, d.h. Hocker und St\u00e4nder aufbauen, das Transparent \u201eLebenslaute statt Bombenget\u00f6se\u201c aufspannen und notd\u00fcrftig stimmen. Leider war alles ein bisschen hektisch, denn wir wussten nicht, wie schnell die Polizei eintreffen w\u00fcrde, und ein bisschen Konzert wollten wir doch geben. Wir waren ein Trio aus Gitarre, Fl\u00f6te und Geige. Zuerst spielten wir ein paar Folk-St\u00fccke und gingen dann in den Vokalteil \u00fcber. Die Sch\u00fctz-S\u00e4tze \u201eWohl denen die da wagen\u201c und \u201eWie nun ihr Herren\u201c eigneten sich inhaltlich wunderbar. Die afrikanischen St\u00fccke hoben die Stimmung, die ja etwas getr\u00fcbt war wegen unserer fr\u00fchen Entdeckung.<\/p>\n<p>Als die Polizei eintraf, schwand unser Publikum allm\u00e4hlich, da die Zuh\u00f6rerInnen zur Personalien-Aufnahme weggef\u00fchrt wurden. Wir kamen als letzte dran. Leider lie\u00dfen sie nicht alle von uns das Lied zu Ende singen. Ansonsten waren die PolizistInnen freundlich. Nach der ID-Kl\u00e4rung hatten wir noch mal Wartezeit, die wir mit einer Art \u201eWunschkonzert\u201c \u00fcberbr\u00fcckten: vom Publikum ausgew\u00e4hlte, gemeinsam gesungene Lieder mit Gitarrenbegleitung (\u201eDie Gedanken sind frei\u201c, \u201eDie Moorsoldaten\u201c).<\/p>\n<p>Schlie\u00dflich wurden wir in einen Gefangenentransporter gequetscht (ausgelegt f\u00fcr 8 Leute), und sollten in einer kurzen Fahrt in einen Nahe gelegenen Ort au\u00dferhalb des Sperrgebietes gebracht werden. Da aber die Zusammenarbeit zwischen den Feldj\u00e4gern und der Polizei nicht optimal war und teilweise Barrikaden den Weg versperrten und die BeamtInnen sich nicht so gut auf dem Gel\u00e4nde auskannten, nahm die Fahrt einen endlosen Charakter an, so dass mehrere Pipipausen gemacht werden mussten, und wir schlie\u00dflich wieder die Instrumente auspackten. Wir spielten und sangen spanische Lieder begleitet von Geige und Gitarre.<\/p>\n<h6>Weiteres Konzert<\/h6>\n<p>Nicht weit von dem Ort, an dem wir schlie\u00dflich (nach etwa 1 h) raus gelassen wurden, fand gerade eine weitere, diesmal genehmigte Mahnwache statt unter dem Motto \u201eSalchau ist \u00fcberall\u201c. Diese Gelegenheit nutzten wir zu einem weiteren (4.) Konzert. Wir trafen auf eine engagierte Mits\u00e4ngerin, so dass wir die beiden Sch\u00fctz-Lieder im vollst\u00e4ndigen Quartett singen konnten. Auch die Folk-St\u00fccke reiften zu einem geh\u00f6rlichen Niveau heran, so dass wir einen echten Gewinn verbuchen k\u00f6nnen. Mehrere TeilnehmerInnen bedankten sich bei uns f\u00fcr die Musik, und wir bilden uns ein, auch bei den Feldj\u00e4gern und PolizistInnen haben die Musik und die Texte einen Eindruck hinterlassen.<\/p>\n<h6>Postludium<\/h6>\n<p>Nach der R\u00fcckkehr auf das Camp wurde ein Auto unserer Gruppe vom Camp weg beschlagnahmt, und zwar mit gro\u00dfem Polizei-Einsatz samt Hubschrauber. Die Alarmbereitschaft der Polizei kam daher, dass in der Nacht in einer Kaserne in Havelberg (90 km nord\u00f6stlich von uns) 16 Bundeswehrfahrzeuge angez\u00fcndet worden waren. Unsere Autos waren in der gleichen Nacht vom Camp aus auf dem Weg zum G\u00dcZ ein St\u00fcck in nord\u00f6stliche Richtung gefahren und deshalb in Verdacht geraten.\u00a0 Da ein Zusammenhang zwischen uns und dem Brandanschlag an den Haaren herbeigezogen ist, und dies auch die Polizei wei\u00df, die unsere Personalien ja in Salchau festgestellt hat, sehen wir die Beschlagnahmungsaktion als Versuch, die TeilnehmerInnen des Camps zu kriminalisieren und einzusch\u00fcchtern, Letzteres wird nicht gelingen \ud83d\ude42 !!!<\/p>\n<p><strong>Presse<\/strong>:<br \/>\n&#8220;Querfl\u00f6te, Violine und Feldj\u00e4ger&#8221;, neues deutschland, 31.7.2013:<br \/>\n<a href=\"http:\/\/www.neues-deutschland.de\/artikel\/828903.querfloete-violine-und-feldjaeger.html\" xlink=\"href\">http:\/\/www.neues-deutschland.de\/artikel\/828903.querfloete-violine-und-feldjaeger.html<\/a><\/p>\n<p>&nbsp;<\/p>\n<p style=\"text-align: center;\">\u00a0* * *\u00a0\u00a0\u00a0 * * *\u00a0\u00a0\u00a0 * * *<\/p>\n<h6>Hambacher Forst, 8.-10. Oktober 2012: Kultur statt Kohle!<\/h6>\n<p>Zehn Lebenslaute-Leute unterst\u00fctzten von Montag Nachmittag bis Mittwoch Nachmittag die Waldbesetzer_innen im <a href=\"http:\/\/hambacherforst.blogsport.de\" xlink=\"href\">Hambacher Forst<\/a> (N\u00e4he K\u00f6ln) gegen den RWE-Braunkohletagebau. Am 9. Oktober 2012 blockierten sie mit einem klassischen Konzert zwei Stunden lang den Braunkohletagebau von RWE bei Buir\/Kerpen.<\/p>\n<p style=\"text-align: center;\"><a href=\"http:\/\/www.lebenslaute.net\/wp-content\/uploads\/2010\/03\/Hambacher-Forst-vor-Bagger-k.jpg\" xlink=\"href\"><img loading=\"lazy\" decoding=\"async\" class=\"aligncenter\" title=\"Hambacher Forst vor Bagger k\" src=\"http:\/\/www.lebenslaute.net\/wp-content\/uploads\/2010\/03\/Hambacher-Forst-vor-Bagger-k-300x200.jpg\" alt=\"\" width=\"300\" height=\"200\" \/><\/a><\/p>\n<p>\u201eO T\u00e4ler weit, o H\u00f6hen, o sch\u00f6ner gr\u00fcner Wald\u201c mit diesem romantischen Lied von Mendelssohn-Bartholdy stoppten zehn Mitglieder des Aktionsorchesters \u201eLebenslaute\u201c den Betrieb des Kohlebergbaus. Zusammen mit den Aktivistinnen und Aktivisten, die seit April diesen Jahres den Wald im Hambacher Forst besetzen, hatten sie sich auf den Weg zur Abrisskante gemacht.<\/p>\n<p style=\"text-align: center;\"><a href=\"http:\/\/www.lebenslaute.net\/wp-content\/uploads\/2010\/03\/Hambacher-Forst-zum-Bagger-k.jpg\" xlink=\"href\"><img loading=\"lazy\" decoding=\"async\" class=\"aligncenter\" title=\"Hambacher Forst zum Bagger k\" src=\"http:\/\/www.lebenslaute.net\/wp-content\/uploads\/2010\/03\/Hambacher-Forst-zum-Bagger-k-300x225.jpg\" alt=\"\" width=\"300\" height=\"225\" \/><\/a><\/p>\n<p>Dort konnten sie zun\u00e4chst unbehelligt ihren \u201eKonzertsaal\u201c unmittelbar vor dem knapp 100 m hohen Schaufelradbagger aufbauen.<\/p>\n<p style=\"text-align: center;\"><a href=\"http:\/\/www.lebenslaute.net\/wp-content\/uploads\/2010\/03\/Hambacher-Forst-der-Bagger-k.jpg\" xlink=\"href\"><img loading=\"lazy\" decoding=\"async\" class=\"aligncenter\" title=\"Hambacher Forst der Bagger k\" src=\"http:\/\/www.lebenslaute.net\/wp-content\/uploads\/2010\/03\/Hambacher-Forst-der-Bagger-k-300x225.jpg\" alt=\"\" width=\"300\" height=\"225\" \/><\/a><\/p>\n<p>Der Bagger musste daraufhin seine Arbeit einstellen. Nach kurzer Zeit trafen mehrere Polizeikr\u00e4fte ein, die jedoch von einer R\u00e4umung absahen und das Konzert bis zu seinem Ende anh\u00f6rten.<\/p>\n<p>\u201eEs war ein gro\u00dfer Erfolg, die Arbeiten so lang aufzuhalten, weil die Braunkohle eine der klimasch\u00e4dlichsten Energiequellen ist. Die Weiterf\u00f6rderung von Braunkohle verhindert den effektiven Ausbau von erneuerbaren Energien.\u201c argumentiert die Berliner Fl\u00f6tistin Ulrike M\u00fcller.<\/p>\n<p>Das bundesweite Aktionsorchester\u00a0 \u201eLebenslaute\u201c verbindet klassische Musik mit zivilem Ungehorsam und bringt seine politischen \u00dcberzeugungen durch Konzerte an ungew\u00f6hnlichen Orten zum Ausdruck. Im Braunkohletagebau brachte es unter anderem Werke von Georg Philipp Telemann, Heinrich Sch\u00fctz und Jose Fernandez zu Geh\u00f6r. \u201eDer wundersch\u00f6ne Chorsatz aus den Tageszeiten von Telemann besingt die aufgehende Sonne \u2013 und erinnert uns daran, woher unsere Energie der Zukunft kommen sollte.\u201c erkl\u00e4rt Basss\u00e4nger Berthold Keunecke aus Herford.<\/p>\n<p>Die Aktion ist Teil der 180-Tage Kampagne, mit der die Waldbesetzergruppe den Energiekonzern an den Rodungsarbeiten im Hambacher Forst verhindern will. Die Aktionsgruppe \u201eLebenslaute\u201c begr\u00fcndet ihre Unterst\u00fctzung f\u00fcr die Waldbesetzung mit ihrer Kritik an den RWE als gr\u00f6\u00dftem CO2-Emittenten Europas: \u201eF\u00fcr Kohlestrom heutzutage noch B\u00e4ume zu f\u00e4llen und ganze D\u00f6rfer umzusiedeln ist einfach nicht zukunftsf\u00e4hig.\u201c meint Geigerin Larissa Gulitz aus Berlin. \u201cDie Energiekonzerne und Energieverbraucher\/innen m\u00fcssen endlich die Konsequenzen daraus ziehen.\u201c<\/p>\n<p style=\"text-align: center;\">\u00a0<a href=\"http:\/\/www.lebenslaute.net\/wp-content\/uploads\/2010\/03\/Hambacher-Forst-vor-Bagger-2k.jpg\" xlink=\"href\"><img loading=\"lazy\" decoding=\"async\" class=\"aligncenter\" title=\"Hambacher Forst vor Bagger 2k\" src=\"http:\/\/www.lebenslaute.net\/wp-content\/uploads\/2010\/03\/Hambacher-Forst-vor-Bagger-2k-300x200.jpg\" alt=\"\" width=\"300\" height=\"200\" \/><\/a><a href=\"http:\/\/www.lebenslaute.net\/wp-content\/uploads\/2013\/06\/DSC5228.jpg\" xlink=\"href\">Aufl\u00f6ung: 1024&#215;768<\/a><\/p>\n<p>&nbsp;<\/p>\n<p>Presse:<br \/>\n<a href=\"http:\/\/www.ksta.de\/kerpen\/protest-klassische-musik-stoppt-kohlebagger,15189188,20557408.html\" xlink=\"href\">Klassische Musik stoppt Kohlebagger<\/a>, K\u00f6lner Stadtanzeiger, 09.10.2012<a href=\"http:\/\/www.rundschau-online.de\/rhein-erft\/-lebenslaute--klassik-vor-dem-kohlebagger,15185500,20558238.html\" xlink=\"href\"><br \/>\nKlassik vor dem Kohlebagger<\/a>, Rhein-Erft Rundschau, 09.10.2012<\/p>\n<h4><\/h4>\n<p style=\"text-align: center;\">* * *\u00a0\u00a0\u00a0 * * *\u00a0\u00a0\u00a0 * * *<\/p>\n<p>Truppen\u00fcbungsplatz Colbitz-Letzlinger Heide (n\u00f6rdlich von Magdeburg), 15.9.2012: <a href=\"http:\/\/www.lebenslaute.net\/?page_id=161\" xlink=\"href\">Musikalische Begleitung der Pflanzung eines Baums der BI Offene Heide f\u00fcr Erika Drees an der Zufahrtsstra\u00dfe zum G\u00dcZ sowie Konzert auf einer Kreuzung auf dem Truppen\u00fcbungsplatz <\/a>im Rahmen des Aktionstag des <a href=\"http:\/\/warstartsherecamp.org\/\" xlink=\"href\">WarStartsHere-Camp<\/a>s (12.-17. beim T\u00dcP Altmark n\u00f6rdl. von Magdeburg)<\/p>\n<p>D\u00fcsseldorf, 21.7. 2012: Fl\u00f6tenquartett-Musik zum <a href=\"http:\/\/www1.wdr.de\/themen\/politik\/noborderprotest108.html\" xlink=\"href\">Flughafen-Aktionstag gegen Abschiebung<\/a> des <a href=\"http:\/\/noborder.antira.info\/\" xlink=\"href\">No-Border-Camps K\u00f6ln\/D\u00fcsseldorf<\/a> (Trauermusik zum <a href=\"http:\/\/www.neues-deutschland.de\/artikel\/233277.gruene-zeigen-fluechtlingsaktivisten-an.html\" xlink=\"href\">Totengedenken<\/a>, kleine 6-Stunden-Dauerkundgebung, etwas Tafelmusik am Airport).<\/p>\n<p>Kassel, 17.6. 2012: Unerlaubt erscheinende <a href=\"http:\/\/panzerknacken.blogsport.de\/2012\/06\/17\/kassel-entruesten-aktionswoche-gegen-ruestungsindustrie-wurde-am-sonntag-eroeffnet\/\" xlink=\"href\">Auftaktveranstaltung mit der lokalen Kreativwerkstatt<\/a> zur <a href=\"http:\/\/panzerknacken.blogsport.de\/2012\/03\/02\/kassel-entruesten-krieg-beginnt-vor-unserer-haustuer\/\" xlink=\"href\">Panzerknacker*innen-Aktionswoche &#8220;Kassel entr\u00fcsten&#8221;<\/a> (Documenta-Kunstausstellungsgel\u00e4nde unterer Friedrichsplatz). Vgl. <a href=\"http:\/\/graswurzel.tv\/p210.html\" xlink=\"href\">5-Minuten-Video von graswurzel.tv<\/a>. Nach dem &#8220;Waffenhandwerk&#8221;-LL-Probenwochenende:<\/p>\n<p style=\"text-align: center;\"><a href=\"http:\/\/panzerknacken.blogsport.de\/2012\/06\/17\/kassel-entruesten-aktionswoche-gegen-ruestungsindustrie-wurde-am-sonntag-eroeffnet\/\" xlink=\"href\"><img loading=\"lazy\" decoding=\"async\" class=\"aligncenter\" title=\"Kasseler Ehrenb\u00fcrgerschaft A-Punkt-Bode zur R\u00fcstungsstadt\" src=\"http:\/\/panzerknacken.blogsport.de\/images\/Bild0a.JPG\" alt=\"Kasseler Ehrenb\u00fcrgerschaft A-Punkt-Bode zur R\u00fcstungsstadt\" width=\"384\" height=\"256\" \/><\/a><\/p>\n<p>Gorleben, 28.4. 2012: Zweiter LL-Musikblockadetag im Rahmen der Kampagne gorleben365, danach ab Mittag als Teil der &#8220;Kulturellen Umzingelung&#8221;, <a href=\"http:\/\/www.gorleben365.de\/durchgefuehrte-blockaden\" xlink=\"href\">gorleben365.de\/durchgefuehrte-blockaden<\/a>.<\/p>\n<p>Berlin, 21.1.2012: Nochmal \u201cWir haben es satt\u201d-Demo \u201cBauernh\u00f6fe statt Agrarindustrie\u201d mit Wiederauff\u00fchrung der umgedichteten &#8220;Bauernkantate&#8221; von J.S. Bach (von G. B\u00fcntzly in <a href=\"http:\/\/imslp.org\/wiki\/Mer_hahn_en_neue_Oberkeet,_BWV_212_%28Bach,_Johann_Sebastian%29\" xlink=\"href\">imslp.org<\/a>).<\/p>\n<p>Gorleben, 30.10. 2011: Cirka 40 Musiker*innen blockierten mit der gorleben365-Kampagne die illegitime Atomlager-Baustelle. Mit Klassik und Popmusik. Bericht im <a href=\"http:\/\/listi.jpberlin.de\/pipermail\/lebenslaute-info\/2011\/000016.html\" xlink=\"href\">Lebenslaute-Newsletter-Archiv<\/a> und auf <a href=\"http:\/\/www.gorleben365.de\/durchgefuehrte-blockaden.html\" xlink=\"href\">gorleben365.de\/durchgefuehrte-blockaden<\/a>.<\/p>\n<p>Berlin, 22.1.2011: \u201cWir haben es satt\u201d-Demo \u201cNein zu Gentechnik, Tierfabriken und Dumping-Exporten\u201d. U.a. Auff\u00fchrung der umgedichteten &#8220;Bauernkantate&#8221; von J.S. Bach (Chorpartitur + 2 Stimmen von G. B\u00fcntzly in <a href=\"http:\/\/imslp.org\/wiki\/Mer_hahn_en_neue_Oberkeet,_BWV_212_%28Bach,_Johann_Sebastian%29\" xlink=\"href\">imslp.org<\/a>).<\/p>\n<p>Berlin, 18.9.2010: Konzert im Hauptbahnhof zur Anti-Atom-Gro\u00dfdemo. Vgl. <a href=\"http:\/\/www.ausgestrahlt.de\/mitmachen\/vergangene-aktionen\/anti-atom-demo.html\" xlink=\"href\">ausgestrahlt.de<\/a>.<\/p>\n<p>&#8230;<\/p>\n","protected":false},"excerpt":{"rendered":"<p>Neben den j\u00e4hrlichen gro\u00dfen Sommeraktionen finden auch weitere &#8211; meist von den Regionalgruppen angeregte und koordinierte &#8211; \u00fcberregionale Lebenslaute-Aktionen statt. \u00dcberregionale Auftritte seit 2010: Requiem f\u00fcr die Opfer der Festung Europa in Hamburg, St. Jakobi am 17. 11. 2918 Zum Volkstrauertag Hamburg l\u00e4dt die Kirchengemeinde der Hauptkirche St. Jacobi schon seit einigen Jahren zu einem Requiem f\u00fcr die Opfer der Abschottungspolitik der EU. Auch in diesem Jahr wurde Lebenslaute eingeladen, den Gottesdienst mitzugestalten. Er fand am 17. 11. 2019 statt&#8230;.<\/p>\n<p class=\"read-more\"><a class=\"btn btn-default\" href=\"https:\/\/www.lebenslaute.net\/?page_id=1384\">Weiterlesen<span class=\"screen-reader-text\"> Weiterlesen<\/span><\/a><\/p>\n","protected":false},"author":6,"featured_media":0,"parent":112,"menu_order":0,"comment_status":"closed","ping_status":"closed","template":"","meta":{"footnotes":""},"class_list":["post-1384","page","type-page","status-publish","hentry"],"_links":{"self":[{"href":"https:\/\/www.lebenslaute.net\/index.php?rest_route=\/wp\/v2\/pages\/1384","targetHints":{"allow":["GET"]}}],"collection":[{"href":"https:\/\/www.lebenslaute.net\/index.php?rest_route=\/wp\/v2\/pages"}],"about":[{"href":"https:\/\/www.lebenslaute.net\/index.php?rest_route=\/wp\/v2\/types\/page"}],"author":[{"embeddable":true,"href":"https:\/\/www.lebenslaute.net\/index.php?rest_route=\/wp\/v2\/users\/6"}],"replies":[{"embeddable":true,"href":"https:\/\/www.lebenslaute.net\/index.php?rest_route=%2Fwp%2Fv2%2Fcomments&post=1384"}],"version-history":[{"count":34,"href":"https:\/\/www.lebenslaute.net\/index.php?rest_route=\/wp\/v2\/pages\/1384\/revisions"}],"predecessor-version":[{"id":5271,"href":"https:\/\/www.lebenslaute.net\/index.php?rest_route=\/wp\/v2\/pages\/1384\/revisions\/5271"}],"up":[{"embeddable":true,"href":"https:\/\/www.lebenslaute.net\/index.php?rest_route=\/wp\/v2\/pages\/112"}],"wp:attachment":[{"href":"https:\/\/www.lebenslaute.net\/index.php?rest_route=%2Fwp%2Fv2%2Fmedia&parent=1384"}],"curies":[{"name":"wp","href":"https:\/\/api.w.org\/{rel}","templated":true}]}}