{"id":2535,"date":"2014-01-03T15:48:47","date_gmt":"2014-01-03T14:48:47","guid":{"rendered":"http:\/\/www.lebenslaute.net\/?page_id=2535"},"modified":"2016-09-01T12:44:02","modified_gmt":"2016-09-01T10:44:02","slug":"aktion-2014","status":"publish","type":"page","link":"https:\/\/www.lebenslaute.net\/?page_id=2535","title":{"rendered":"2014 Eisenh\u00fcttenstadt"},"content":{"rendered":"<p style=\"text-align: center;\">+ Pressekontakt: Tel: <span style=\"font-size: 1px; color: transparent;\">.<\/span><span style=\"font-family: Arial,sans-serif;\"><span style=\"font-size: small;\">01578 711 4306,<\/span><\/span> <a href=\"mailto:presse@lebenslaute.net\" xlink=\"href\">presse@lebenslaute.net<\/a> <span style=\"font-family: Arial,sans-serif;\"><span style=\"font-size: small;\">+<\/span><\/span><\/p>\n<p style=\"text-align: left;\"><a href=\"http:\/\/www.lebenslaute.net\/?page_id=2535#aktion\" xlink=\"href\">Aktion<\/a> | <a href=\"http:\/\/www.lebenslaute.net\/?page_id=2535#fotos\" xlink=\"href\">Fotos<\/a> | <a href=\"http:\/\/www.lebenslaute.net\/?page_id=2535#presseberichte\" xlink=\"href\">Medienberichte<\/a> | <a href=\"http:\/\/www.lebenslaute.net\/?page_id=2535#material\" xlink=\"href\">Material<\/a> | <a href=\"http:\/\/www.lebenslaute.net\/?page_id=2535#aufruf\" xlink=\"href\">Aufruf<\/a> | <a href=\"http:\/\/www.lebenslaute.net\/?page_id=2535#konzertprogramm\" xlink=\"href\">Konzertprogramm<\/a> | <a href=\"http:\/\/www.lebenslaute.net\/?page_id=2535#wirsuchen\" xlink=\"href\">Wir suchen<\/a><\/p>\n<p>&nbsp;<\/p>\n<p>&nbsp;<\/p>\n<p><strong>&gt;&gt; Aktion<\/strong><\/p>\n<figure id=\"attachment_2990\" aria-describedby=\"caption-attachment-2990\" style=\"width: 300px\" class=\"wp-caption alignleft\"><a href=\"http:\/\/www.lebenslaute.net\/wp-content\/uploads\/2014\/01\/Aktionskonzert-Lebenslaute-Eisenh\u00fcttenstadt-2014_3.jpg\" xlink=\"href\"><img loading=\"lazy\" decoding=\"async\" class=\"size-medium wp-image-2990 \" style=\"margin-right: 20px; margin-bottom: 20px;\" title=\"Aktionskonzert Lebenslaute Eisenh\u00fcttenstadt 2014_3\" src=\"http:\/\/www.lebenslaute.net\/wp-content\/uploads\/2014\/01\/Aktionskonzert-Lebenslaute-Eisenh\u00fcttenstadt-2014_3-300x225.jpg\" alt=\"\" width=\"300\" height=\"225\" srcset=\"https:\/\/www.lebenslaute.net\/wp-content\/uploads\/2014\/01\/Aktionskonzert-Lebenslaute-Eisenh\u00fcttenstadt-2014_3-300x225.jpg 300w, https:\/\/www.lebenslaute.net\/wp-content\/uploads\/2014\/01\/Aktionskonzert-Lebenslaute-Eisenh\u00fcttenstadt-2014_3-1024x768.jpg 1024w\" sizes=\"auto, (max-width: 300px) 100vw, 300px\" \/><\/a><figcaption id=\"caption-attachment-2990\" class=\"wp-caption-text\">Lebenslaute am Abschiebegef\u00e4ngnis Eisenh\u00fcttenstadt<\/figcaption><\/figure>\n<p>Lebenslaute suchte am Sonntag, 31.08.14, gegen 9:15 Uhr den selbstgew\u00e4hlten Konzertort auf: 70 MusikerInnen zwischen 15 und 80 Jahre lie\u00dfen sich unmittelbar am \u00e4u\u00dferen Zaun des Abschiebegef\u00e4ngnisses Eisenh\u00fcttenstadt nieder. Nachdem der Zaun mit Transparenten beh\u00e4ngt und Zelte zum leider notwendigen Regenschutz aufgebaut waren, begann das Konzert mit dem diesj\u00e4hrigen Lebenslaute-Oratorium (s.u.). Als kurze Zeit sp\u00e4ter einige MusikerInnen unter dem Motto &#8220;Probenpalast statt Abschiebeknast&#8221; mit Leitern den Zaun \u00fcberwunden hatten, eskalierte die Polizei kurzfristig die Situation. Da sich die in jeder Hinsicht gut vorbereiteten S\u00e4ngerInnen und\u00a0 OrchestermusikerInnen jedoch ganz auf ihr musikalisches Programm und ihre politischen Forderugen konzentrierten (s.u.), konnte das Konzert wie geplant stattfinden. Lebenslaute beendete ihren Auftritt mit der Kanonstrophe &#8220;Freedom of movement is everbody&#8217;s right! Refugees you are welcome here!&#8221;. Beim gemeinsamen Abschluss auf dem Refugee-Protest-Camp &#8220;Stop-Deportation&#8221; am anderen Ende des Lagers (s.u.) forderten AktivistInnen des Camps einmal mehr die Schlie\u00dfung aller Abschiebegef\u00e4ngnisse, die Abschaffung des Dublin-Systems und die Beendigung aller Abschiebungen.<\/p>\n<p>An den Lebenslaute-Aktionstagen vom 27.-31.08. 2014 in Eisenh\u00fcttenstadt im Rahmen des <a href=\"http:\/\/www.stopdeportationcamp.org\/\" xlink=\"href\">Stop-Deportation-Camp<\/a>s (26.08.-01.09.) beteiligten sich 80 Musik-AktivistInnen und Unterst\u00fctzerInnen.<\/p>\n<p style=\"text-align: left;\">In Eisenh\u00fcttenstadt befindet sich die &#8220;Zentrale Aufnahmestelle f\u00fcr Asylbewerber&#8221; in Brandenburg. Das bedeutet, dass jeder Fl\u00fcchtling, der in Brandenburg einen Asylantrag stellt, ins Lager in Eisenh\u00fcttenstadt geschickt wird, wo er oder sie w\u00e4hrend des Asylverfahrens leben muss, bis er oder sie entweder in ein anderes Brandenburger Lager umverteilt oder aber abgeschoben wird. Teil des Lagers ist ein Abschiebegef\u00e4ngnis, wo abgelehnte Asylbewerber_innen eingesperrt werden, um sie direkt abzuschieben (Quelle: Aufruf <em>Refugee Protest Demo in Eisenh\u00fcttenstadt<\/em>,\u00a0 <a href=\"http:\/\/thecaravan.org\/node\/3794\" xlink=\"href\">The Caravan<\/a>).<\/p>\n<p style=\"text-align: center;\"><a href=\"http:\/\/www.lebenslaute.net\/?page_id=2535#aufruf\" xlink=\"href\">Aufruf und Forderungen der Lebenslaute<\/a><\/p>\n<p>Am 23.-25.05.14 fand das Vorbereitungs- und Probenwochenende in der attac-Villa in K\u00f6nnern (Sachsen-Anhalt) mit bereits 60 Teilnehmenden statt.<\/p>\n<p>Lebenslaute spielte w\u00e4hrend der Aktionstage bereits zwei Gastbeitr\u00e4ge, am 29.08.14 zur Einweihung der Speakers-Corner in S\u0142ubfurt (<a href=\"http:\/\/www.nowa-amerika.net\/\" xlink=\"href\">Nowa Amerika<\/a>) und am 30.08.14 in Eisenh\u00fcttenstadt zur Er\u00f6ffnung des diesj\u00e4hrigen Stadtfestes.<\/p>\n<p>Das Vorkonzert der Lebenslaute wurde am 30.08.14 in der Europa-Universit\u00e4t Viadrina in Frankfurt (Oder) in Kooperation mit den Viaphonikern gegeben. AktivistInnen des Refugee-Protestcamps in Eisenh\u00fcttenstadt und vom Oranienplatz in Berlin berichteten von ihren Erfahrungen. Vor begeistertem Publikum wurde u.a. die Urauff\u00fchrung &#8220;Sinfonia Concertante f\u00fcr Gef\u00e4ngniszaun und S\u00e4gen&#8221; gespielt.<\/p>\n<p>&nbsp;<\/p>\n<p class=\"empty-paragraph\">\u00a0<span style=\"font-size: 1px; color: transparent;\">.<\/span><\/p>\n<p><strong>&gt;&gt; Fotos<\/strong><\/p>\n<p>Fotos stehen zur freien Verf\u00fcgung bei Nennung der angegebenen UrheberIn.<\/p>\n<figure id=\"attachment_2992\" aria-describedby=\"caption-attachment-2992\" style=\"width: 225px\" class=\"wp-caption alignleft\"><a href=\"http:\/\/www.lebenslaute.net\/wp-content\/uploads\/2014\/01\/Aktionskonzert-Lebenslaute-Eisenh\u00fcttenstadt-2014_7.jpg\" xlink=\"href\"><img loading=\"lazy\" decoding=\"async\" class=\"size-medium wp-image-2992 \" title=\"Aktionskonzert Lebenslaute Eisenh\u00fcttenstadt 2014_7\" src=\"http:\/\/www.lebenslaute.net\/wp-content\/uploads\/2014\/01\/Aktionskonzert-Lebenslaute-Eisenh\u00fcttenstadt-2014_7-e1409519929186-225x300.jpg\" alt=\"\" width=\"225\" height=\"300\" srcset=\"https:\/\/www.lebenslaute.net\/wp-content\/uploads\/2014\/01\/Aktionskonzert-Lebenslaute-Eisenh\u00fcttenstadt-2014_7-e1409519929186-225x300.jpg 225w, https:\/\/www.lebenslaute.net\/wp-content\/uploads\/2014\/01\/Aktionskonzert-Lebenslaute-Eisenh\u00fcttenstadt-2014_7-e1409519929186-768x1024.jpg 768w\" sizes=\"auto, (max-width: 225px) 100vw, 225px\" \/><\/a><figcaption id=\"caption-attachment-2992\" class=\"wp-caption-text\">MusikerInnen bereiten den Konzertort vor (Zaun des Abschiebegef\u00e4ngnisses)<\/figcaption><\/figure>\n<figure id=\"attachment_2993\" aria-describedby=\"caption-attachment-2993\" style=\"width: 300px\" class=\"wp-caption alignleft\"><a href=\"http:\/\/www.lebenslaute.net\/wp-content\/uploads\/2014\/01\/Aktionskonzert-Lebenslaute-Eisenh\u00fcttenstadt-2014_2.jpg\" xlink=\"href\"><img loading=\"lazy\" decoding=\"async\" class=\"size-medium wp-image-2993 \" title=\"Aktionskonzert Lebenslaute Eisenh\u00fcttenstadt 2014_2\" src=\"http:\/\/www.lebenslaute.net\/wp-content\/uploads\/2014\/01\/Aktionskonzert-Lebenslaute-Eisenh\u00fcttenstadt-2014_2-300x225.jpg\" alt=\"\" width=\"300\" height=\"225\" srcset=\"https:\/\/www.lebenslaute.net\/wp-content\/uploads\/2014\/01\/Aktionskonzert-Lebenslaute-Eisenh\u00fcttenstadt-2014_2-300x225.jpg 300w, https:\/\/www.lebenslaute.net\/wp-content\/uploads\/2014\/01\/Aktionskonzert-Lebenslaute-Eisenh\u00fcttenstadt-2014_2-1024x768.jpg 1024w\" sizes=\"auto, (max-width: 300px) 100vw, 300px\" \/><\/a><figcaption id=\"caption-attachment-2993\" class=\"wp-caption-text\">Konzertbeginn trotz Dauerregens<\/figcaption><\/figure>\n<div class=\"mceTemp\">\n<figure id=\"attachment_3055\" aria-describedby=\"caption-attachment-3055\" style=\"width: 300px\" class=\"wp-caption alignleft\"><a href=\"http:\/\/www.lebenslaute.net\/wp-content\/uploads\/2014\/01\/Aktionskonzert-Lebenslaute-Eisenh\u00fcttenstadt-2014_1b.jpg\" xlink=\"href\"><img loading=\"lazy\" decoding=\"async\" class=\"size-medium wp-image-3055 \" title=\"Aktionskonzert Lebenslaute Eisenh\u00fcttenstadt 2014_1b\" src=\"http:\/\/www.lebenslaute.net\/wp-content\/uploads\/2014\/01\/Aktionskonzert-Lebenslaute-Eisenh\u00fcttenstadt-2014_1b-300x269.jpg\" alt=\"\" width=\"300\" height=\"269\" srcset=\"https:\/\/www.lebenslaute.net\/wp-content\/uploads\/2014\/01\/Aktionskonzert-Lebenslaute-Eisenh\u00fcttenstadt-2014_1b-300x269.jpg 300w, https:\/\/www.lebenslaute.net\/wp-content\/uploads\/2014\/01\/Aktionskonzert-Lebenslaute-Eisenh\u00fcttenstadt-2014_1b-1024x919.jpg 1024w\" sizes=\"auto, (max-width: 300px) 100vw, 300px\" \/><\/a><figcaption id=\"caption-attachment-3055\" class=\"wp-caption-text\">Einige MusikerInnen \u00fcberwinden den Zaun zum Abschiebegef\u00e4ngnis: Diese Z\u00e4une m\u00fcssen weg!<\/figcaption><\/figure>\n<\/div>\n<figure id=\"attachment_2995\" aria-describedby=\"caption-attachment-2995\" style=\"width: 300px\" class=\"wp-caption alignleft\"><a href=\"http:\/\/www.lebenslaute.net\/wp-content\/uploads\/2014\/01\/Aktionskonzert-Lebenslaute-Eisenh\u00fcttenstadt-2014_5.jpg\" xlink=\"href\"><img loading=\"lazy\" decoding=\"async\" class=\"size-medium wp-image-2995 \" title=\"Aktionskonzert Lebenslaute Eisenh\u00fcttenstadt 2014_5\" src=\"http:\/\/www.lebenslaute.net\/wp-content\/uploads\/2014\/01\/Aktionskonzert-Lebenslaute-Eisenh\u00fcttenstadt-2014_5-300x225.jpg\" alt=\"\" width=\"300\" height=\"225\" srcset=\"https:\/\/www.lebenslaute.net\/wp-content\/uploads\/2014\/01\/Aktionskonzert-Lebenslaute-Eisenh\u00fcttenstadt-2014_5-300x225.jpg 300w, https:\/\/www.lebenslaute.net\/wp-content\/uploads\/2014\/01\/Aktionskonzert-Lebenslaute-Eisenh\u00fcttenstadt-2014_5-1024x768.jpg 1024w\" sizes=\"auto, (max-width: 300px) 100vw, 300px\" \/><\/a><figcaption id=\"caption-attachment-2995\" class=\"wp-caption-text\">Fanfare: Machet die Tore weit!<\/figcaption><\/figure>\n<figure id=\"attachment_2996\" aria-describedby=\"caption-attachment-2996\" style=\"width: 300px\" class=\"wp-caption alignleft\"><a href=\"http:\/\/www.lebenslaute.net\/wp-content\/uploads\/2014\/01\/Aktionskonzert-Lebenslaute-Eisenh\u00fcttenstadt-2014_4.jpg\" xlink=\"href\"><img loading=\"lazy\" decoding=\"async\" class=\"size-medium wp-image-2996 \" title=\"Aktionskonzert Lebenslaute Eisenh\u00fcttenstadt 2014_4\" src=\"http:\/\/www.lebenslaute.net\/wp-content\/uploads\/2014\/01\/Aktionskonzert-Lebenslaute-Eisenh\u00fcttenstadt-2014_4-300x225.jpg\" alt=\"\" width=\"300\" height=\"225\" srcset=\"https:\/\/www.lebenslaute.net\/wp-content\/uploads\/2014\/01\/Aktionskonzert-Lebenslaute-Eisenh\u00fcttenstadt-2014_4-300x225.jpg 300w, https:\/\/www.lebenslaute.net\/wp-content\/uploads\/2014\/01\/Aktionskonzert-Lebenslaute-Eisenh\u00fcttenstadt-2014_4-1024x768.jpg 1024w\" sizes=\"auto, (max-width: 300px) 100vw, 300px\" \/><\/a><figcaption id=\"caption-attachment-2996\" class=\"wp-caption-text\">Zum Schluss einer gelungenen Aktion ein Walzer<\/figcaption><\/figure>\n<p class=\"empty-paragraph\">\u00a0<span style=\"font-size: 1px; color: transparent;\">.<\/span><\/p>\n<p class=\"empty-paragraph\">\u00a0<span style=\"font-size: 1px; color: transparent;\">.<\/span><\/p>\n<p class=\"empty-paragraph\">\u00a0<span style=\"font-size: 1px; color: transparent;\">.<\/span><\/p>\n<p class=\"empty-paragraph\">\u00a0<span style=\"font-size: 1px; color: transparent;\">.<\/span><\/p>\n<p class=\"empty-paragraph\">\u00a0<span style=\"font-size: 1px; color: transparent;\">.<\/span><\/p>\n<p class=\"empty-paragraph\">\u00a0<span style=\"font-size: 1px; color: transparent;\">.<\/span><\/p>\n<p class=\"empty-paragraph\">\u00a0<span style=\"font-size: 1px; color: transparent;\">.<\/span><\/p>\n<p class=\"empty-paragraph\">\u00a0<span style=\"font-size: 1px; color: transparent;\">.<\/span><\/p>\n<p class=\"empty-paragraph\">\u00a0<span style=\"font-size: 1px; color: transparent;\">.<\/span><\/p>\n<p class=\"empty-paragraph\">\u00a0<span style=\"font-size: 1px; color: transparent;\">.<\/span><\/p>\n<p class=\"empty-paragraph\">\u00a0<span style=\"font-size: 1px; color: transparent;\">.<\/span><\/p>\n<p class=\"empty-paragraph\">\u00a0<span style=\"font-size: 1px; color: transparent;\">.<\/span><\/p>\n<p class=\"empty-paragraph\">\u00a0<span style=\"font-size: 1px; color: transparent;\">.<\/span><\/p>\n<p class=\"empty-paragraph\">\u00a0<span style=\"font-size: 1px; color: transparent;\">.<\/span><\/p>\n<p class=\"empty-paragraph\">\u00a0<span style=\"font-size: 1px; color: transparent;\">.<\/span><\/p>\n<p class=\"empty-paragraph\">\u00a0<span style=\"font-size: 1px; color: transparent;\">.<\/span><\/p>\n<p class=\"empty-paragraph\">\u00a0<span style=\"font-size: 1px; color: transparent;\">.<\/span><\/p>\n<p class=\"empty-paragraph\">\u00a0<span style=\"font-size: 1px; color: transparent;\">.<\/span><\/p>\n<p class=\"empty-paragraph\">\u00a0<span style=\"font-size: 1px; color: transparent;\">.<\/span><\/p>\n<p class=\"empty-paragraph\">\u00a0<span style=\"font-size: 1px; color: transparent;\">.<\/span><\/p>\n<p class=\"empty-paragraph\">\u00a0<span style=\"font-size: 1px; color: transparent;\">.<\/span><\/p>\n<p class=\"empty-paragraph\">\u00a0<span style=\"font-size: 1px; color: transparent;\">.<\/span><\/p>\n<p class=\"empty-paragraph\">\u00a0<span style=\"font-size: 1px; color: transparent;\">.<\/span><\/p>\n<p class=\"empty-paragraph\"><span style=\"font-size: 1px; color: transparent;\">.<\/span><\/p>\n<p class=\"empty-paragraph\">\u00a0<span style=\"font-size: 1px; color: transparent;\">.<\/span><\/p>\n<p class=\"empty-paragraph\"><span style=\"font-size: 1px; color: transparent;\"><br \/>\n<\/span><\/p>\n<p class=\"empty-paragraph\"><span style=\"font-size: 1px; color: transparent;\">.<\/span><\/p>\n<p class=\"empty-paragraph\"><strong>&gt;&gt; Medienberichte<\/strong><\/p>\n<p class=\"empty-paragraph\"><em>Aktionsberichte<\/em><\/p>\n<p><a href=\"https:\/\/www.youtube.com\/watch?v=9H-2fEsZPa4\" xlink=\"href\">Lebenslaute 31.08. 2014<\/a> (Video, 11:53 min, mit Zaunkonzert), Rechtshilfeb\u00fcro, 01.10.2014<a href=\"http:\/\/graswurzel.tv\/v244.html\" xlink=\"href\"><br \/>\nMachet die Tore weit &#8211; eine Aktion von Lebenslaute<\/a> (Video, 3:24 min), graswurzel.tv, 02.09.2014<a href=\"http:\/\/www.tagesschau.de\/multimedia\/sendung\/nm-3094.html\" xlink=\"href\"><br \/>\ntagesschau<\/a> (Video, ab min 13:39), ARD, 02.09.2014<a href=\"http:\/\/www.ardmediathek.de\/tv\/Klassik-aktuell-BR-KLASSIK\/Reportage-vom-Konzert-der-Gruppe-Lebens\/BR-KLASSIK\/Audio-Podcast?documentId=23238512&amp;bcastId=5932428\" xlink=\"href\"><br \/>\n<\/a><a href=\"http:\/\/www.ardmediathek.de\/tv\/Klassik-aktuell-BR-KLASSIK\/Reportage-vom-Konzert-der-Gruppe-Lebens\/BR-KLASSIK\/Audio-Podcast?documentId=23238512&amp;bcastId=5932428\" xlink=\"href\">Reportage vom Konzert der Gruppe Lebenslaute<\/a> (Audio, 3:56 min), BR Klassik, 01.09.2014<a href=\"http:\/\/www.br.de\/radio\/br-klassik\/sendungen\/allegro\/lebenslaute-protest-abschiebegefaengnis-eisenhuettenstadt-konzert-2014-100.html\" xlink=\"href\"><br \/>\nMit Musik gegen gesellschaftliche Missst\u00e4nde<\/a>, BR Klassik, 01.09.2014<br \/>\n<a href=\"http:\/\/www.moz.de\/artikel-ansicht\/dg\/0\/1\/1315978\/\" xlink=\"href\">Konzertaktion f\u00fcr Protestcamp<\/a>, M\u00e4rkische Oderzeitung, 01.09.2014<\/p>\n<p class=\"empty-paragraph\"><em>Vorberichte<\/em><\/p>\n<p class=\"empty-paragraph\"><a href=\"http:\/\/www.moz.de\/lokales\/artikel-ansicht\/dg\/0\/1\/1291168\/\" xlink=\"href\">Musiker protestieren an der ZABH<\/a> , M\u00e4rkische Oderzeitung, 23.06.2014<br \/>\n<a href=\"http:\/\/www.moz.de\/artikel-ansicht\/dg\/0\/1\/1315097\" xlink=\"href\">Protest gegen Abschiebehaft und Lagersystem<\/a>, M\u00e4rkische Oderzeitung, 28.08.2014<br \/>\n<a href=\"http:\/\/www.greenpeace-magazin.de\/aktuell\/2014\/08\/28\/lebenslaute-am-abschiebeknast\/\" xlink=\"href\">&#8220;Lebenslaute&#8221; am Abschiebeknast<\/a>, greenpeace-magazin, 28.08.2014<br \/>\n<a href=\"http:\/\/www.rbb-online.de\/politik\/beitrag\/2014\/08\/temporaeres-besucherverbot-fuer-asylbewerber-in-eisenhuettenstad.html\" xlink=\"href\">Asylbewerber d\u00fcrfen keinen Besuch empfangen<\/a>, rbb, 28.08.2014<br \/>\n<a href=\"http:\/\/www.kulturradio.de\/programm\/sendungen\/140829\/kulturtermin_1904.html\" xlink=\"href\">Aachener Friedenspreis f\u00fcr Lebenslaute<\/a> (Audio, ab Min. 18:51), rbb, 29.08.2014<\/p>\n<p>&nbsp;<\/p>\n<p class=\"empty-paragraph\">\u00a0<span style=\"font-size: 1px; color: transparent;\">.<\/span><\/p>\n<p><strong>&gt;&gt; Material<\/strong><\/p>\n<p class=\"empty-paragraph\"><strong>Pressemitteilungen:<\/strong><br \/>\n<a href=\"http:\/\/www.lebenslaute.net\/wp-content\/uploads\/2014\/01\/Pressemitteilung-Lebenslaute-27.08.2014.pdf\" xlink=\"href\">Lebenslaute beginnt mit Proben und Aktionsvorbereitung<\/a>, 27.08.2014<br \/>\n<a href=\"http:\/\/www.lebenslaute.net\/wp-content\/uploads\/2014\/01\/Pressemitteilung-Lebenslaute-28.08.2014.pdf\" xlink=\"href\">Lebenslaute protestiert gegen Besuchsverbot in Asylaufnahmestelle<\/a>, 28.08.2014<br \/>\n<a href=\"http:\/\/www.lebenslaute.net\/wp-content\/uploads\/2014\/01\/Pressemitteilung-Lebenslaute-31.08.2014.pdf\" xlink=\"href\">&#8220;Machet die Tore weit &#8211; Music For Free Movement&#8221; Konzert-Aktion am Abschiebegef\u00e4ngnis Eisenh\u00fcttenstadt<\/a>, 31.08.2014<span style=\"font-size: 1px; color: transparent;\">.<\/span><\/p>\n<p style=\"text-align: justify;\"><strong>Bzgl. Eisenh\u00fcttenstadt:<\/strong> Ein <a href=\" http:\/\/www.fluechtlingsrat-brandenburg.de\/tipps-fur-den-fluchtlingsalltag\/abschiebehaft\" xlink=\"href\">Leitfaden f\u00fcr Betroffene von Abschiebungshaft <\/a>(<a href=\"http:\/\/www.fluechtlingsrat-brandenburg.de\/wp-content\/uploads\/2013\/10\/Leitfaden-f%C3%BCr-Betroffene-von-Abschiebungshaft-deutsch1.pdf\" xlink=\"href\">de<\/a>+<a href=\"http:\/\/www.fluechtlingsrat-brandenburg.de\/wp-content\/uploads\/2013\/10\/Leitfaden-f%C3%BCr-Betroffene-von-Abschiebungshaft-englisch.pdf\" xlink=\"href\">en<\/a>+fr+farsi+ru+arab)<br \/>\n&#8220;<a href=\"http:\/\/www.humanistische-union.de\/fileadmin\/hu_upload\/doku\/publik\/HU2013_AB-Haft1-korr.pdf\" xlink=\"href\">Haft ohne Straftat. Fakten und Argumente gegen Abschiebungshaft<\/a>&#8220;, 2013 mit Eisenh.-Bezug (219 S.)<br \/>\nFl\u00fcchtlingsrat Brandenburg &#8211; <a href=\"http:\/\/www.fluechtlingsrat-brandenburg.de\/eisenhuttenstadt-abschiebehaft\" xlink=\"href\">Eisenh.-Knastseite<\/a> (u.a. <a href=\"http:\/\/www.fluechtlingsrat-brandenburg.de\/eisenhuttenstadt-abschiebehaft\/dokumentation-uber-abschiebungshaft\" xlink=\"href\">36-S.-Haftdoku &#8220;Albtraum in Eisenh\u00fcttenstadt&#8221; v\u00f6.<\/a>)<br \/>\nLangzeitreportage &#8220;<a href=\"http:\/\/www.zeit.de\/zeit-magazin\/fluechtlinge-in-deutschland\" xlink=\"href\">Willkommen in Deutschland<\/a>&#8221; \u00fcber die EAE Eisenh\u00fcttenstadt (ZEIT-Magazin, 27.2. 2014)<br \/>\nBlog der Stop-Deportation-Gruppe LagerWatchEisenh\u00fcttenstadt <a href=\"http:\/\/lagerwatcheisen.blogsport.eu\/\" xlink=\"href\">lagerwatcheisen.blogsport.eu<\/a> (LL-Koop. 2014)<\/p>\n<p style=\"text-align: justify;\"><strong>Zu Abschiebekn\u00e4sten:<\/strong> \u00dcberblickshafter <a href=\"http:\/\/ausbrechen.blogsport.eu\/abschiebehaft\/\" xlink=\"href\">Text \u00fcber Abschiebehaft<\/a> von &#8220;ausbrechen (Ex-B\u00fcrengruppe)&#8221;<br \/>\nWeiterf\u00fchrende <a href=\"http:\/\/www.gegenabschiebehaft.de\/hfmia\/abschiebehaft.html\" xlink=\"href\">Infos \u00fcber Abschiebehaft<\/a> vom Verein &#8220;Hilfe f\u00fcr Menschen in Abschiebehaft&#8221; B\u00fcren<br \/>\nAusbrechen-<a href=\"http:\/\/ausbrechen.antira.info\/?page_id=4362\" xlink=\"href\">Bericht \u00fcber die letztj\u00e4hrige B\u00fcrendemonstration<\/a> und <a href=\"\/web\/20140813040658\/http:\/\/buerendemo.blogsport.de\/2013\/10\/21\/fuenfhundert-teilnehmerinnen-gegen-abschiebehaft\/\" xlink=\"href\">B\u00fcrendemopage<\/a> 2013<br \/>\nInitiative von Caritasverb\u00e4nden und Diakonischen Werken in Hessen, Rheinland-Pfalz und Baden-W\u00fcrttemberg: <a href=\"\/web\/20140813040658\/http:\/\/www.ekhn.de\/service\/angebote\/arbeit-und-soziales\/newsdetails\/news\/diakonie-und-caritas-fluechtlinge-gehoeren-nicht-ins-gefaengnis.html\" xlink=\"href\">Rechtshilfefonds gegen\u00fcber Abschiebungshaft<\/a><br \/>\nLandtags-Antworten der Landesregierung von Sachsen-Anhalt auf eine Anfrage: <a href=\"\/web\/20140813040658\/http:\/\/no-lager-halle.org\/bilder\/abschiebungen-sachsen-anhalt2012.pdf\" xlink=\"href\">Sachsen-Anhalt, Daten 2012 zum Thema<\/a><\/p>\n<p><strong>Weiteres \u00fcber Flucht nach Deutschland\/Europa<\/strong>: <a href=\"\/web\/20140813040658\/http:\/\/w2eu.info\/\" xlink=\"href\">Welcome To Europe<\/a> (<a href=\"\/web\/20140813040658\/http:\/\/w2eu.net\/\" xlink=\"href\">Blog<\/a> &amp; <a href=\"\/web\/20140813040658\/http:\/\/w2eu.info\/\" xlink=\"href\">Info-Site<\/a> engl+fr+arab+farsi)<br \/>\nNROen\/NGOs in D: <a href=\"\/web\/20140813040658\/http:\/\/www.amnesty.org\/\" xlink=\"href\">Amnesty International<\/a> (Sektion <a href=\"\/web\/20140813040658\/https:\/\/www.amnesty.de\/\" xlink=\"href\">BRD<\/a>), <a href=\"\/web\/20140813040658\/http:\/\/www.asyl.net\/\" xlink=\"href\">Asyl.Net<\/a>-Informationsverbund, <a href=\"\/web\/20140813040658\/http:\/\/www.proasyl.de\/\" xlink=\"href\">Pro Asyl<\/a>, \u2026<br \/>\nWiderstandsnetzwerke: <a href=\"\/web\/20140813040658\/http:\/\/www.afrique-europe-interact.net\/\" xlink=\"href\">Afrique-Europe-Interact<\/a>, <a href=\"\/web\/20140813040658\/http:\/\/thecaravan.org\/\" xlink=\"href\">Karawane<\/a>, The <a href=\"\/web\/20140813040658\/http:\/\/thevoiceforum.org\/\" xlink=\"href\">Voice Refugee Forum<\/a>, <a href=\"\/web\/20140813040658\/http:\/\/transact.noblogs.org\/\" xlink=\"href\">Transact<\/a> (lesenswerte Organisierungsbrosch\u00fcre 2014 in <a href=\"\/web\/20140813040658\/http:\/\/transact.noblogs.org\/files\/2014\/02\/transact6_de.pdf\" xlink=\"href\">de<\/a>+<a href=\"\/web\/20140813040658\/http:\/\/transact.noblogs.org\/post\/2014\/02\/14\/how-is-your-liberation-bound-up-with-mine\/\" xlink=\"href\">en<\/a>+<a href=\"\/web\/20140813040658\/http:\/\/transact.noblogs.org\/post\/2014\/02\/14\/comment-ta-liberte-est-liee-a-la-mienne\/\" xlink=\"href\">fr<\/a>)<strong><br \/>\nRegional<\/strong>: <a href=\"\/web\/20140813040658\/http:\/\/lampedusa-hamburg.info\/\" xlink=\"href\">Lampedusa in Hamburg<\/a> (siehe bspw.: <a href=\"\/web\/20140813040658\/http:\/\/lampedusa-hamburg.info\/francis-kwame-ist-tot-francis-kwame-is-dead\/\" xlink=\"href\">Francis Kwame ist tot<\/a> \u2013 <a href=\"\/web\/20140813040658\/https:\/\/www.youtube.com\/watch?v=XmjelsxT_DQ\" xlink=\"href\">Video<\/a>), Campinfo <a href=\"\/web\/20140813040658\/http:\/\/asylstrikeberlin.wordpress.com\/\" xlink=\"href\">Oranienplatz Berlin<\/a> (eindr\u00fccklich: <a href=\"\/web\/20140813040658\/http:\/\/refugee-report.de\/home\" xlink=\"href\">Refugee Report<\/a>), Berliner <a href=\"\/web\/20140813040658\/http:\/\/asylstrikeberlin.wordpress.com\/refugee-women\/events\/\" xlink=\"href\">Refugee International WomenSpace<\/a>, <a href=\"\/web\/20140813040658\/http:\/\/refugeeschulstreik.wordpress.com\/\" xlink=\"href\">Schul- &amp; Unistreik Berlin<\/a> f\u00fcr Refugees, <a href=\"\/web\/20140813040658\/http:\/\/lagerhesepe.blogsport.eu\/\" xlink=\"href\">No Lager Osnabr\u00fcck<\/a> (v.a. zur \u201cLandesaufnahmebeh\u00f6rde\u201d in Bramsche-Hesepe &amp; aktuelle Dublinsystem-Abschiebungen)<strong><br \/>\nInternational:<\/strong> <a href=\"\/web\/20140813040658\/http:\/\/ffm-online.org\/\" xlink=\"href\">Forschungsgesellschaft Flucht und Migration<\/a> (Berlin), 19.5.-28.6. 2014: <a href=\"\/web\/20140813040658\/http:\/\/freedomnotfrontex.noblogs.org\/route\/\" xlink=\"href\">FreedomNotFrontex \u2013 Marsch f\u00fcr die Freiheit<\/a> mit u.a. <a href=\"\/web\/20140813040658\/http:\/\/wijzijnhier.org\/\" xlink=\"href\">WijZijnHier Amsterdam<\/a> (Niederlande), <a href=\"\/web\/20140813040658\/http:\/\/spbelgique.wordpress.com\/\" xlink=\"href\">Collectif Des Sans-Papiers Belgique<\/a> (Belgien), <a href=\"\/web\/20140813040658\/http:\/\/www.gisti.org\/spip.php?article1506\" xlink=\"href\">Collectif de Sans-Papiers 75 Paris<\/a> (Frankreich) und <a href=\"\/web\/20140813040658\/http:\/\/refugeecampvienna.noblogs.org\/\" xlink=\"href\">Refugee Camp Vienna<\/a> (\u00d6sterreich)<\/p>\n<p class=\"empty-paragraph\"><span style=\"font-size: 1px; color: transparent;\">.<\/span><\/p>\n<p>&nbsp;<\/p>\n<p><strong>&gt;&gt; Aufruf<\/strong> \u2013 Text auf <a href=\"\/web\/20140813040658\/http:\/\/www.lebenslaute.net\/wp-content\/uploads\/2014\/04\/LL2014Flyertext-de-deutsch.pdf\" xlink=\"href\">deutsch<\/a> + <a href=\"\/web\/20140813040658\/http:\/\/www.lebenslaute.net\/wp-content\/uploads\/2014\/04\/LL2014Flyertext-en-english-englisch.pdf\" xlink=\"href\">english call-to-act<\/a> + order &amp; download files<\/p>\n<p>&nbsp;<\/p>\n<p style=\"text-align: center;\" align=\"JUSTIFY\"><span style=\"color: #000000;\"><strong>Machet die Tore weit &#8211; Music For Free Movement<\/strong><\/span><\/p>\n<p style=\"text-align: left;\"><span style=\"color: #000000;\">Eisenh\u00fcttenstadt liegt direkt an der polnischen Grenze, etwas s\u00fcdlich von Frankfurt\/Oder. Hier befindet sich die Zentrale Aufnahmestelle des Landes Brandenburg f\u00fcr asylsuchende Fl\u00fcchtlinge (ZAST), wo ca. 700 Menschen untergebracht sind. Auf demselben Gel\u00e4nde befindet sich au\u00dferdem ein Abschiebegef\u00e4ngnis mit Kapazit\u00e4ten f\u00fcr 108 Menschen. Hier werden t\u00e4glich Menschen ohne Gerichtsurteil ihrer Freiheit beraubt. Die meisten von ihnen werden in Frankfurt\/Oder im Zug aus Polen von der Bundespolizei kontrolliert und nach einer kurzen Gerichtsanh\u00f6rung ohne unabh\u00e4ngigen Rechtsschutz direkt ins Gef\u00e4ngnis Eisenh\u00fcttenstadt gebracht, noch bevor sie \u00fcberhaupt die M\u00f6glichkeit hatten, einen Asylantrag in Deutschland zu stellen.<\/span><\/p>\n<p>Die Menschen, die die Au\u00dfen- und Innengrenzen Europas \u00fcberwinden konnten und den Weg bis hierher geschafft haben, werden durch Isolation und Abschiebung erneut einer psychischen Belastungsprobe ausgesetzt, was in Eisenh\u00fcttenstadt zu zahlreichen Hungerstreiks sowie zu versuchten und vollzogenen Selbstt\u00f6tungen gef\u00fchrt hat. Jede Woche werden Menschen von Eisenh\u00fcttenstadt aus in L\u00e4nder abgeschoben, wo sie Verfolgung, Armut, Obdachlosigkeit, Diskriminierung und andere menschenverachtende Zust\u00e4nde erwarten.<\/p>\n<p><strong>Jeder Mensch hat das Recht, sich den Ort, wo er oder sie leben will, selbst auszusuchen!<\/strong><br \/>\n<strong>Ein Gef\u00e4ngnis wie in Eisenh\u00fcttenstadt hat keine Daseinsberechtigung!<\/strong><br \/>\n<strong>Abschiebehaft abschaffen! + Abschiebungen stoppen! + Grenzen \u00f6ffnen!<\/strong><\/p>\n<p class=\"empty-paragraph\"><span style=\"font-size: 1px; color: transparent;\">.<\/span><\/p>\n<p style=\"text-align: center;\"><strong>\u201cMachet die Tore weit\u201c &#8211; Music For Free Movement!\u201d<\/strong><\/p>\n<p>Eisenh\u00fcttenstadt is located directly on the polish border just south of Frankfurt\/Oder. Here is the Central Office for Entry and Accommodation of the State of Brandenburg for refugees seeking asylum (ZAST). There is a capacity for approximately 700 persons. Also located on the grounds is the Deportation Prison with a capacity for 108 persons. Here people are robbed daily of their freedom with no due process of law. Most of them are detained in the train at the German border in Frankfurt\/Oder, where they are controlled by the German Border Police. After a short court hearing with absolutely no legal counsel they are taken directly to this prison. They are deprived of their right to request asylum.<\/p>\n<p>These persons have managed at great risk to come this far, crossing the outermost borders of Europe as well as several inter-european ones; but upon arrival they are once again subjected to isolation and deportation, an additional traumatic experience. In Eisenh\u00fcttenstadt this has resulted in numerous hunger strikes, suicides and suicide attempts. On a weekly basis many of the refugees imprisoned here are deported into countries where they can only expect persecution, homelessness, discrimination and other inhuman conditions.<\/p>\n<p><strong>Every human being must have the right to determine where he or she will live!<br \/>\nThere is absolutely no justification for deportation prisons like in Eisenh\u00fcttenstadt!<br \/>\nLet us: Abolish Deportation Detentions! Stop Deportations! Open Our Borders!<\/strong><\/p>\n<p class=\"empty-paragraph\"><span style=\"font-size: 1px; color: transparent;\">.<\/span><\/p>\n<p><span style=\"text-decoration: underline;\"><a href=\"http:\/\/www.lebenslaute.net\/wp-content\/uploads\/2014\/01\/Lebenslaute2014.pdf\" xlink=\"href\">Lebenslaute Flyer 2014<\/a><\/span> (ca. 4,5 MB): deutschsprachige Druckerei-Flugis <a href=\"mailto:printflyer2014order@lebenslaute.net\" xlink=\"href\">bestellen<\/a>.<br \/>\nFlyer <span style=\"text-decoration: underline;\">ansehen und verlinken<\/span> (Webversionen): <a href=\"http:\/\/www.lebenslaute.net\/wp-content\/uploads\/2014\/01\/Lebenslaute2014_web.pdf\" xlink=\"href\">deutsch<\/a> + <a href=\"\/web\/20140813040658\/http:\/\/www.lebenslaute.net\/intern\/Lebenslaute2014_web_en.pdf\" xlink=\"href\">english<\/a> (ca. 800 KB).<br \/>\nFlyer <span style=\"text-decoration: underline;\">selbst nachdrucken<\/span> (Druckversionen, \u201chigh-res\u201d-hochaufl\u00f6send): <a href=\"\/web\/20140813040658\/http:\/\/www.lebenslaute.net\/intern\/Lebenslaute2014.pdf\" xlink=\"href\">deutsch<\/a> + <a href=\"\/web\/20140813040658\/http:\/\/www.lebenslaute.net\/intern\/Lebenslaute2014_en.pdf\" xlink=\"href\">english<\/a> (ca. 4,5 MB).<span style=\"text-decoration: underline;\"><a href=\"\/web\/20140813040658\/http:\/\/www.lebenslaute.net\/wp-content\/uploads\/2014\/04\/LL2014_Flyertexts-de+en-2x2S..pdf\" xlink=\"href\"><br \/>\nAufruftexte<\/a> ohne Abbildungen<\/span> (je 2 Seiten: front &amp; back): <a href=\"\/web\/20140813040658\/http:\/\/www.lebenslaute.net\/wp-content\/uploads\/2014\/04\/LL2014_Flyertexts-de+en-2x2S..pdf\" xlink=\"href\">Zwei-sprachige Gesamtdatei de+en<\/a> (72 KB)<br \/>\n+ einzelne Aufruf-Textfiles auf <a href=\"\/web\/20140813040658\/http:\/\/www.lebenslaute.net\/wp-content\/uploads\/2014\/04\/LL2014Flyertext-de-deutsch.pdf\" xlink=\"href\">deutsch<\/a>, <a href=\"\/web\/20140813040658\/http:\/\/www.lebenslaute.net\/wp-content\/uploads\/2014\/04\/LL2014Flyertext-en-english-englisch.pdf\" xlink=\"href\">englisch\/english<\/a>, bald auf franz\u00f6sisch, \u2026<\/p>\n<p>Meldet Euch gerne, wenn Ihr den Aufruftext in andere Sprachen als Deutsch, Englisch und Franz\u00f6sisch \u00fcbersetzen wollt oder zu den bisherigen \u00dcbersetzungen Korrekturvorschl\u00e4ge habt!<\/p>\n<p class=\"empty-paragraph\"><span style=\"font-size: 1px; color: transparent;\">.<\/span><\/p>\n<p>&nbsp;<\/p>\n<p class=\"empty-paragraph\"><strong>&gt;&gt; Konzertprogramm<\/strong><\/p>\n<p><span style=\"color: #000000;\">Lebenslaute-Oratorium 2014: Machet die Tore weit<br \/>\nAndreas <strong>Hammerschmidt<\/strong>: &#8220;Machet die Tore weit und die T\u00fcren in der Welt hoch!&#8221;<br \/>\nCarl Philipp Emanuel <strong>Bach<\/strong>: Ausz\u00fcge aus dem Oratorium \u201c<a href=\"\/web\/20140813040658\/http:\/\/www.youtube.com\/watch?v=2UMgP5rZ0iE\" xlink=\"href\">Die Israeliten in der W\u00fcste<\/a>\u201d Wq 238 (1769)<\/span><br \/>\nDietrich <strong>Buxtehude<\/strong>: <a href=\"\/web\/20140813040658\/http:\/\/imslp.org\/wiki\/Alles,_was_ihr_tut_mit_Worten_oder_Werken,_BuxWV_4_%28Buxtehude,_Dietrich%29\" xlink=\"href\">Eingangschor \u201cRei\u00dft die Grenzen ein\u201d<\/a> der Kantate BuxWV 4 (c1668, neuer Text: 2008\/14)<\/p>\n<p>Joseph <strong>Haydn<\/strong>: <a href=\"\/web\/20140813040658\/http:\/\/imslp.org\/wiki\/Symphony_No.101_in_D_major,_Hob.I:101_%28Haydn,_Joseph%29\" xlink=\"href\">Andante \u201cDie Uhr\u201d<\/a> (2. Satz) der Sinfonie Nr. 101 D-Dur (1794)<\/p>\n<p>Anna <strong>T\u00fcbinger<\/strong>: Der Pass (nach dem Gedicht \u00fcber P\u00e4sse von B. Brecht, 2011)<\/p>\n<p>Pippo <strong>Pollina<\/strong>: Elegia Ai Caduti (Elegie an die Gefallenen, 1993)<\/p>\n<p>Aus Namibia: Kaana Kameme<\/p>\n<p>Bob <strong>Marley<\/strong>: War (Text: H. Selassi, Arr. U. Schaub, 1974)<\/p>\n<p>Manuel de <strong>Falla<\/strong>: Spanischer Tanz Nr. 1 aus der Oper <a href=\"\/web\/20140813040658\/http:\/\/de.wikipedia.org\/wiki\/La_vida_breve_%28de_Falla%29\" xlink=\"href\">\u201cLa Vida Breve\u201d<\/a> (1905, Urauff. 1913)<\/p>\n<p><strong>Lebenslaute<\/strong>: Sinfonia Concertante f\u00fcr Gef\u00e4ngniszaun, S\u00e4gen und philharmonisches Orchester (2014)<\/p>\n<p>Aram <strong>Chatschaturjan<\/strong> (1903-1978): Walzer aus der B\u00fchnenmusik zu <a href=\"\/web\/20140813040658\/https:\/\/de.wikipedia.org\/wiki\/Maskerade_%28Chatschaturjan%29\" xlink=\"href\">\u201cMaskerade\u201d<\/a> (1941)<\/p>\n<p class=\"empty-paragraph\"><span style=\"color: #000000;\">Erweiterungsm\u00f6glichkeiten durch Kammermusik, Folk, Jazz, Improvisieren, Theater und mehr. Andere Ensembles sind uns willkommen.<\/span><\/p>\n<p class=\"empty-paragraph\"><span style=\"font-size: 1px; color: transparent;\">.<\/span><\/p>\n<p>&nbsp;<\/p>\n<p class=\"empty-paragraph\"><strong>&gt;&gt; Wir suchen\u2026<\/strong><\/p>\n<p class=\"empty-paragraph\">Wir suchen S\u00e4ngerInnen, Orchester-Musiker_innen und Unterst\u00fctzer*innen. MusikerInnen k\u00f6nnen sich unabh\u00e4ngig von den Aktionswochen auf unseren seit 2014 zweisprachig deutsch-englischen <a href=\"https:\/\/listi.jpberlin.de\/pipermail\/lebenslaute-info\/\" xlink=\"href\">E-Mail-Newsletter<\/a> (bis 15-mal j\u00e4hrlich) eintragen oder Vorschl\u00e4ge f\u00fcr zuk\u00fcnftige Aktionsthemen und -orte schreiben.<\/p>\n","protected":false},"excerpt":{"rendered":"<p>+ Pressekontakt: Tel: .01578 711 4306, presse@lebenslaute.net + Aktion | Fotos | Medienberichte | Material | Aufruf | Konzertprogramm | Wir suchen &nbsp; &nbsp; &gt;&gt; Aktion Lebenslaute suchte am Sonntag, 31.08.14, gegen 9:15 Uhr den selbstgew\u00e4hlten Konzertort auf: 70 MusikerInnen zwischen 15 und 80 Jahre lie\u00dfen sich unmittelbar am \u00e4u\u00dferen Zaun des Abschiebegef\u00e4ngnisses Eisenh\u00fcttenstadt nieder. Nachdem der Zaun mit Transparenten beh\u00e4ngt und Zelte zum leider notwendigen Regenschutz aufgebaut waren, begann das Konzert mit dem diesj\u00e4hrigen Lebenslaute-Oratorium (s.u.). Als kurze Zeit&#8230;<\/p>\n<p class=\"read-more\"><a class=\"btn btn-default\" href=\"https:\/\/www.lebenslaute.net\/?page_id=2535\">Weiterlesen<span class=\"screen-reader-text\"> Weiterlesen<\/span><\/a><\/p>\n","protected":false},"author":6,"featured_media":0,"parent":30,"menu_order":15,"comment_status":"closed","ping_status":"closed","template":"","meta":{"footnotes":""},"class_list":["post-2535","page","type-page","status-publish","hentry"],"_links":{"self":[{"href":"https:\/\/www.lebenslaute.net\/index.php?rest_route=\/wp\/v2\/pages\/2535","targetHints":{"allow":["GET"]}}],"collection":[{"href":"https:\/\/www.lebenslaute.net\/index.php?rest_route=\/wp\/v2\/pages"}],"about":[{"href":"https:\/\/www.lebenslaute.net\/index.php?rest_route=\/wp\/v2\/types\/page"}],"author":[{"embeddable":true,"href":"https:\/\/www.lebenslaute.net\/index.php?rest_route=\/wp\/v2\/users\/6"}],"replies":[{"embeddable":true,"href":"https:\/\/www.lebenslaute.net\/index.php?rest_route=%2Fwp%2Fv2%2Fcomments&post=2535"}],"version-history":[{"count":131,"href":"https:\/\/www.lebenslaute.net\/index.php?rest_route=\/wp\/v2\/pages\/2535\/revisions"}],"predecessor-version":[{"id":3579,"href":"https:\/\/www.lebenslaute.net\/index.php?rest_route=\/wp\/v2\/pages\/2535\/revisions\/3579"}],"up":[{"embeddable":true,"href":"https:\/\/www.lebenslaute.net\/index.php?rest_route=\/wp\/v2\/pages\/30"}],"wp:attachment":[{"href":"https:\/\/www.lebenslaute.net\/index.php?rest_route=%2Fwp%2Fv2%2Fmedia&parent=2535"}],"curies":[{"name":"wp","href":"https:\/\/api.w.org\/{rel}","templated":true}]}}