{"id":4578,"date":"2019-01-06T12:29:37","date_gmt":"2019-01-06T11:29:37","guid":{"rendered":"http:\/\/www.lebenslaute.net\/?page_id=4578"},"modified":"2021-07-22T21:14:16","modified_gmt":"2021-07-22T19:14:16","slug":"aktion-2019","status":"publish","type":"page","link":"https:\/\/www.lebenslaute.net\/?page_id=4578","title":{"rendered":"2019 Nostorf-Horst"},"content":{"rendered":"<h5 style=\"text-align: left;\">Lager aufl\u00f6sen! Menschenrechte verteidigen!<\/h5>\n<p style=\"text-align: center;\">+++ Pressekontakt | Tel. 01578 71 14306 | <a href=\"mailto:presse@lebenslaute.net\">presse@lebenslaute.net<\/a> +++<\/p>\n<p style=\"text-align: center;\"><a href=\"#ticker\">Aktionsticker mit Fotos<\/a>\u00a0 | <a href=\"#pressemitteilungen\">Pressemitteilungen<\/a> | <a href=\"#medienberichte\">Medienberichte<\/a>\u00a0\u00a0| <a href=\"#material\">Material<\/a><br \/>\n<a href=\"#aufruf\">Aufruf<\/a> | <a href=\"#konzertprogramm\">Konzertprogramm<\/a> | <a href=\"#wirsuchen\">Wir suchen<\/a><\/p>\n<p><strong>Aktionswoche:<\/strong>\u00a0 13.-18. August 2019, Alt Jabel<strong><br \/>\nVorkonzert:<\/strong>\u00a0 Freitag, 16. August 2019, 11 Uhr, vor der Staatskanzlei in Schwerin<br \/>\n<strong>Aktionskonzert:<\/strong> Samstag, 17. August 2019, 16 Uhr auf dem zentralen Platz <strong>in <\/strong> der Erstaufnahmeeinrichtung Nostorf-Horst<br \/>\n<strong>Konzert und Kundgebung:<\/strong>\u00a0 Sonntag, 18. August 2019,\u00a0 12 Uhr, Erstaufnahmeeinrichtung Nostorf-Horst<\/p>\n<p>Das<strong> faktische AnkER-Zentrum Nostorf-Horst<\/strong> liegt im Westzipfel Mecklenburg-Vorpommerns, mitten im Wald. In dem Lager werden Gefl\u00fcchtete von der Gesellschaft isoliert, Menschenrechte missachtet, gleichzeitig wird NGOs der Zutritt verweigert. Wir solidarisieren uns mit den Gefl\u00fcchteten im Lager sowie PRO BLEIBERECHT (Mecklenburg-Vorpommern) und anderen Unterst\u00fctzer*innen.<\/p>\n<p>Trotz Verbot durch das Innenministerium spielte Lebenslaute das <strong>Aktionskonzert \u201eWir \u00f6ffnen das Tor mit Orchester und Chor\u201c im(!) Lager Horst<\/strong> vor begeisterten BewohnerInnen des Lagers. Am Samstag, 17.08.19, von 16:30 -18:00 Uhr fand das sicherlich ungew\u00f6hnliche Konzert auf dem zentralen Platz des Lagers statt: von Schuberts Unvollendeter bis zu Liedern aus den Fluchtl\u00e4ndern, Lieder f\u00fcr ein menschenw\u00fcrdiges Leben und offene Grenzen. \u00dcber eine mitgebrachte Musikbox wurden die gefl\u00fcchteten Menschen \u00fcber unsere Hauptforderung informiert \u2013 Lager Horst aufl\u00f6sen!<strong><br \/>\n<\/strong>Bereits bei Dvoraks Slawischem Tanz ,Furiant&#8217; begann der gemeinsame Tanz mit den Gefl\u00fcchteten, der bei internationaler Tanzmusik \u201eaus der Dose\u201c fortgef\u00fchrt wurde. Ein ausgelassener Moment der Hoffnung.<br \/>\nNach Verlassen des Lagers wurde Lebenslaute von zahlreich erschienener Polizei erwartet. Das Landesamt f\u00fcr innere Verwaltung Mecklenburg-Vorpommern, Amt f\u00fcr Migration und Fl\u00fcchtlingsangelegenheiten, hatte Anzeige wegen Hausfriedensbruch gestellt.<\/p>\n<p>Bereits am Freitag, 16.08.2019, hatte Lebenslaute bei den f\u00fcr die Zust\u00e4nde in Horst politisch Verantwortlichen an der <strong>Staatskanzlei in Schwerin<\/strong> vor rund 100 Zuh\u00f6rerInnen das <strong>Vorkonzert<\/strong> gespielt, u.a. den Gefangenenchor von Verdi. In unserem Redebeitrag haben wir u.a. die Dringlichkeit unseres Anliegens zusammengefasst: \u201eWir wenden uns gegen die unmenschliche und unrechtm\u00e4\u00dfige Unterbringung von Menschen im Aufnahmelager Nostorf-Horst.<br \/>\nWir wissen, dass den Menschen der Zugang zu Rechtsberatung auf dem Lagergel\u00e4nde verwehrt wird. Das verst\u00f6\u00dft gegen die EU-Aufnahmerichtlinie von 2013. Wir wissen, dass die medizinische Versorgung unzureichend ist. Wir wissen, dass es keine M\u00f6glichkeit gibt, seelische Verletzungen durch Folter, Krieg und Flucht ad\u00e4quat zu behandeln. Wir wissen, dass Kinder ihr Recht auf Schulunterricht nicht wahrnehmen k\u00f6nnen. Das verletzt die UN Kinderrechtskonvention.\u201c<\/p>\n<p>Am Sonntag, 18.08.19, spielte Lebenslaute schlie\u00dflich das <strong>angek\u00fcndigte Konzert<\/strong> direkt vor dem <strong>Haupteingang des Lager Horst<\/strong>.<\/p>\n<h5>&gt;&gt; <a id=\"ticker\"><\/a>Aktionsticker mit Fotos<\/h5>\n<p><strong>Fotos und Videos<\/strong> stehen zur freien Verf\u00fcgung bei Nennung der UrheberIn Lebenslaute (falls nicht anders angegeben).<br \/>\n&#8212; Konzert und Kundgebung am Sonntag 18.8. (<a href=\"#Kundgebungskonzert\">standard resolution<\/a>)<br \/>\n&#8212; Konzertaktion im Lager Horst am 17.8. (<a href=\"#Aktionskonzert\">standard resolution<\/a>)<br \/>\n&#8212; Vorkonzert an der Staatskanzlei in Schwerin am 15.8. (<a href=\"#Vorkonzert\">standard resolution <\/a>\/<a href=\"https:\/\/c.web.de\/@337129979634516630\/MgCXUsfaQyeJpcDmaE35fA\"> high resolution<\/a>)<\/p>\n<h6><a id=\"Kundgebungskonzert\"><\/a>Konzert und Kundgebung, 18.08.2019, vor dem Erstaufnahmelager Nostorf-Horst<\/h6>\n<p>9:00 Polizei ist mit 15 Mannschaftswagen vor Ort und verwehrt zun\u00e4chst den Materialtransport zum Kundgebungsgel\u00e4nde mit Fahrzeugen. B\u00fchne, Regenschutz, Tische und B\u00e4nke sollen 200 m weit getragen werden. Der Kundgebungsort ist eingez\u00e4unt, ein Teil des Kundgebungsortes (Parkplatz vor dem Lager ist mit Baumaterial belegt.<\/p>\n<p>10:30 Nach langwierigen Verhandlungen wurde ein Kompromiss mit der Polizei gefunden. Die B\u00fchne darf nicht im Erdreich abgespannt werden, kein Transparent darf an einem Baum oder Zaunelement befestigt werden.<\/p>\n<p>12:00 Beginn unseres Konzertes wird auf 12:30 Uhr verschoben, da es gerade stark zu regnen begonnen hat und die BewohnerInnen der Erstaufnahmeeinrichtung noch zu Mittag essen.<\/p>\n<p>12:36 &#8220;Machet die Tore weit!&#8221; Mit der Psalmvertonung von Andreas Hammerschmidt beginnen wir unser Konzert vor der Erstaufnahmeeinrichtung. Es folgt eine Neubearbeitung der Kantate &#8220;Alles was ihr tut&#8221; von Dietrich Buxtehude: &#8220;Rei\u00dft die Grenzen ein.&#8221;<\/p>\n<table>\n<tbody>\n<tr>\n<td>\n<p><figure id=\"attachment_4901\" aria-describedby=\"caption-attachment-4901\" style=\"width: 300px\" class=\"wp-caption aligncenter\"><a href=\"http:\/\/www.lebenslaute.net\/wp-content\/uploads\/2019\/08\/DSC_9479.jpg\"><img loading=\"lazy\" decoding=\"async\" class=\"wp-image-4901 size-medium\" src=\"http:\/\/www.lebenslaute.net\/wp-content\/uploads\/2019\/08\/DSC_9479-300x200.jpg\" alt=\"\" width=\"300\" height=\"200\" \/><\/a><figcaption id=\"caption-attachment-4901\" class=\"wp-caption-text\">.<\/figcaption><\/figure><\/td>\n<td>\n<p><figure id=\"attachment_4901\" aria-describedby=\"caption-attachment-4901\" style=\"width: 300px\" class=\"wp-caption aligncenter\"><a href=\"http:\/\/www.lebenslaute.net\/wp-content\/uploads\/2019\/08\/DSC_9498.jpg\"><img loading=\"lazy\" decoding=\"async\" class=\"wp-image-4901 size-medium\" src=\"http:\/\/www.lebenslaute.net\/wp-content\/uploads\/2019\/08\/DSC_9498-300x200.jpg\" alt=\"\" width=\"300\" height=\"200\" \/><\/a><figcaption id=\"caption-attachment-4901\" class=\"wp-caption-text\">.<\/figcaption><\/figure><\/td>\n<\/tr>\n<\/tbody>\n<\/table>\n<p>12:50 Ein ernstes St\u00fcck mit Symbolkraft: Der erste Satz aus Schuberts Unvollendeter. Der Regen hat aufgeh\u00f6rt und die Menschen k\u00f6nnen das Konzert genie\u00dfen.<\/p>\n<p>12:55 Unter den circa 50 Zuh\u00f6rern\/innen sind weniger BewohnerInnen als am Tag zuvor. M\u00f6glicherweise wirkt die starke Polizeipr\u00e4senz einsch\u00fcchternd und abschreckend. Laut unseren Informationen wird jeder Durchgang durch das Tor registriert.<\/p>\n<table>\n<tbody>\n<tr>\n<td>\n<p><figure id=\"attachment_4901\" aria-describedby=\"caption-attachment-4901\" style=\"width: 300px\" class=\"wp-caption aligncenter\"><a href=\"http:\/\/www.lebenslaute.net\/wp-content\/uploads\/2019\/08\/DSC_9476.jpg\"><img loading=\"lazy\" decoding=\"async\" class=\"wp-image-4901 size-medium\" src=\"http:\/\/www.lebenslaute.net\/wp-content\/uploads\/2019\/08\/DSC_9476-300x200.jpg\" alt=\"\" width=\"300\" height=\"200\" \/><\/a><figcaption id=\"caption-attachment-4901\" class=\"wp-caption-text\">.<\/figcaption><\/figure><\/td>\n<td>\n<p><figure id=\"attachment_5423\" aria-describedby=\"caption-attachment-5423\" style=\"width: 300px\" class=\"wp-caption alignleft\"><a href=\"http:\/\/www.lebenslaute.net\/wp-content\/uploads\/2020\/01\/20190818_wer-ist-das.jpg\"><img loading=\"lazy\" decoding=\"async\" class=\"wp-image-5423 size-medium\" src=\"http:\/\/www.lebenslaute.net\/wp-content\/uploads\/2020\/01\/20190818_wer-ist-das-300x188.jpg\" alt=\"\" width=\"300\" height=\"188\" srcset=\"https:\/\/www.lebenslaute.net\/wp-content\/uploads\/2020\/01\/20190818_wer-ist-das-300x188.jpg 300w, https:\/\/www.lebenslaute.net\/wp-content\/uploads\/2020\/01\/20190818_wer-ist-das-768x481.jpg 768w, https:\/\/www.lebenslaute.net\/wp-content\/uploads\/2020\/01\/20190818_wer-ist-das.jpg 971w\" sizes=\"auto, (max-width: 300px) 100vw, 300px\" \/><\/a><figcaption id=\"caption-attachment-5423\" class=\"wp-caption-text\">B\u00fcrgerwehr, &#8230;? Am Rande unserer Versammlung notiert ein offen Waffen tragendes Duo unsere Autokennzeichen u.a.<\/figcaption><\/figure><\/td>\n<\/tr>\n<\/tbody>\n<\/table>\n<p>13:07 Auch Petrus hat Gefallen an unseren Kl\u00e4ngen, schiebt die Wolken leicht beiseite und l\u00e4sst die Sonnen blinzeln. Dazu das Psalmlied von Heinrich Sch\u00fctz &#8220;Wie nun, ihr Herren&#8221;.<\/p>\n<p>13:20 Auch auf der Innenseite des Zaunes stehen BewohnerInnen des Lagers, die sich nicht heraus trauen aber Gefallen an unserer Musik und Aktion finden. Wir erkennen Menschen wieder, die gestern mit uns im Lager getanzt haben.<\/p>\n<p>13:30 BewohnerInnen aus dem Lager kommen zu uns und erz\u00e4hlen uns von der unzureichenden medizinischen Versorgung in der Erstaufnahmeeinrichtung, zeigen uns Bilder von kleinen Zimmern in denen sie mit 5 Personen unterschiedlicher Herkunft und Relegion wohnen.<\/p>\n<h6><a id=\"Aktionskonzert\"><\/a>Aktionskonzert, 17.08.2019, in der Erstaufnahmeeinrichtung Nostorf-Horst<\/h6>\n<p>16:05 Eine kleine Lebenslaute-Gruppe f\u00e4hrt am Haupttor des Lagers vor und f\u00e4ngt an Musik zu machen.<\/p>\n<p>16:15 <strong>Lebenslaute \u00fcberwindet an anderer Stelle den Zaun zum Gel\u00e4nde der Erstaufnahmeeinrichtung Nostorf-Horst, mit \u00fcber 70 MusikerInnen im Alter zwischen 13 und 83 Jahren, mit Pauke, Cello und Kontraba\u00df. <\/strong><\/p>\n<table>\n<tbody>\n<tr>\n<td>\n<p><figure id=\"attachment_4901\" aria-describedby=\"caption-attachment-4901\" style=\"width: 300px\" class=\"wp-caption aligncenter\"><a href=\"http:\/\/www.lebenslaute.net\/wp-content\/uploads\/2019\/08\/P1060823.jpg\"><img loading=\"lazy\" decoding=\"async\" class=\"wp-image-4901 size-medium\" src=\"http:\/\/www.lebenslaute.net\/wp-content\/uploads\/2019\/08\/P1060823.jpg\" alt=\"\" width=\"300\" height=\"200\" \/><\/a><figcaption id=\"caption-attachment-4901\" class=\"wp-caption-text\">Lebenslaute \u00fcberwindet den Zaun, 17.8.2019<\/figcaption><\/figure><\/td>\n<td>\n<p><figure id=\"attachment_4901\" aria-describedby=\"caption-attachment-4901\" style=\"width: 300px\" class=\"wp-caption aligncenter\"><a href=\"http:\/\/www.lebenslaute.net\/wp-content\/uploads\/2019\/08\/DSC_9355.jpg\"><img loading=\"lazy\" decoding=\"async\" class=\"wp-image-4901 size-medium\" src=\"http:\/\/www.lebenslaute.net\/wp-content\/uploads\/2019\/08\/DSC_9355-300x200.jpg\" alt=\"\" width=\"300\" height=\"200\" \/><\/a><figcaption id=\"caption-attachment-4901\" class=\"wp-caption-text\">Lebenslaute \u00fcberwindet den Zaun, 17.8.2019<\/figcaption><\/figure><\/td>\n<\/tr>\n<tr>\n<td>\n<p><figure id=\"attachment_4901\" aria-describedby=\"caption-attachment-4901\" style=\"width: 300px\" class=\"wp-caption aligncenter\"><a href=\"http:\/\/www.lebenslaute.net\/wp-content\/uploads\/2019\/08\/DSC_9358.jpg\"><img loading=\"lazy\" decoding=\"async\" class=\"wp-image-4901 size-medium\" src=\"http:\/\/www.lebenslaute.net\/wp-content\/uploads\/2019\/08\/DSC_9358-300x200.jpg\" alt=\"\" width=\"300\" height=\"200\" \/><\/a><figcaption id=\"caption-attachment-4901\" class=\"wp-caption-text\">..l sammelt sich und , 17.8.2019<\/figcaption><\/figure><\/td>\n<td>\n<p><figure id=\"attachment_4901\" aria-describedby=\"caption-attachment-4901\" style=\"width: 300px\" class=\"wp-caption aligncenter\"><a href=\"http:\/\/www.lebenslaute.net\/wp-content\/uploads\/2019\/08\/DSC_9359.jpg\"><img loading=\"lazy\" decoding=\"async\" class=\"wp-image-4901 size-medium\" src=\"http:\/\/www.lebenslaute.net\/wp-content\/uploads\/2019\/08\/DSC_9359-300x200.jpg\" alt=\"\" width=\"300\" height=\"200\" \/><\/a><figcaption id=\"caption-attachment-4901\" class=\"wp-caption-text\">&#8230; betritt das Lager Horst, 17.8.2019<\/figcaption><\/figure><\/td>\n<\/tr>\n<\/tbody>\n<\/table>\n<p>16:25 <strong>Laut singend &#8220;Es t\u00f6nen die Lieder&#8230; wir singen und spielen, wo immer wir woll&#8217;n&#8221; betritt Lebenslaute den zentralen Platz der Erstaufnahmeeinrichtung und spielt ab 16:30 Konzertmusik. Aus den umliegenden H\u00e4usern str\u00f6men viele der Gefl\u00fcchteten heran, andere \u00f6ffnen die Fenster. <\/strong><\/p>\n<table>\n<tbody>\n<tr>\n<td>\n<p><figure id=\"attachment_4901\" aria-describedby=\"caption-attachment-4901\" style=\"width: 300px\" class=\"wp-caption aligncenter\"><a href=\"http:\/\/www.lebenslaute.net\/wp-content\/uploads\/2019\/08\/DSC_9370.jpg\"><img loading=\"lazy\" decoding=\"async\" class=\"wp-image-4901 size-medium\" src=\"http:\/\/www.lebenslaute.net\/wp-content\/uploads\/2019\/08\/DSC_9370-300x200.jpg\" alt=\"\" width=\"300\" height=\"200\" \/><\/a><figcaption id=\"caption-attachment-4901\" class=\"wp-caption-text\">Lebenslaute spielt Verdis &#8220;Chor der Gefangenen&#8221; aus Nabucco, 17.8.2019<\/figcaption><\/figure><\/td>\n<td>\n<p><figure id=\"attachment_4901\" aria-describedby=\"caption-attachment-4901\" style=\"width: 300px\" class=\"wp-caption aligncenter\"><a href=\"http:\/\/www.lebenslaute.net\/wp-content\/uploads\/2019\/08\/DSC_9385.jpg\"><img loading=\"lazy\" decoding=\"async\" class=\"wp-image-4901 size-medium\" src=\"http:\/\/www.lebenslaute.net\/wp-content\/uploads\/2019\/08\/DSC_9385-300x200.jpg\" alt=\"\" width=\"300\" height=\"200\" \/><\/a><figcaption id=\"caption-attachment-4901\" class=\"wp-caption-text\">Lebenslaute singt &#8220;Wie nun, ihr Herren, seid ihr stumm?&#8221;, 17.8.2019<\/figcaption><\/figure><\/td>\n<\/tr>\n<\/tbody>\n<\/table>\n<p>16:30 Lebenslaute singt &#8220;Wie nun, ihr Herren, seid ihr stumm?&#8221;. Eine Mitarbeiterin des Wachschutzes versucht, lautstark schimpfend, einige der aufgeh\u00e4ngten Transparente herunterzurei\u00dfen. Das letztere bleibt ein Einzelfall.<\/p>\n<p>16:35 Das Publikum wird in einigen der Sprachen der Gefl\u00fcchteten begr\u00fc\u00dft, u.a. englisch, franz\u00f6sich, arabisch, dari, russisch, castellano und tigrinisch.<\/p>\n<p>16:40 Nach jedem St\u00fcck werden die Forderungen an das Land Mecklenburg-Vorpommern und die Bundesrepublik Deutschland in einer der Sprachen vorgetragen und mit viel Applaus begr\u00fc\u00dft.<\/p>\n<p>16:45 Besonders viel Applaus spenden die Bewohnerinnen nach &#8220;Slogans for the Rights&#8221; (Lebenslaute) sowie Volksliedern aus verschiedenen L\u00e4ndern.<\/p>\n<p>16:50 Der Wachschutz bewacht die Zug\u00e4nge zu den H\u00e4usern. Die BewohnerInnen genie\u00dfen die ruhige und entspannte Konzertatmosph\u00e4re.<\/p>\n<p>16:55: Ein Bewohner bittet um Hilfe. Im Laufe der Zeit kommen mehrere BewohnerInnen auf Mitglieder der Lebenslaute, insbesondere mit der Bitte nach Unterst\u00fctzung bei medizinischer Versorgung und aufenthaltsrechtlichen Fragen.<\/p>\n<p>16:55 Erneut heftiger Applaus zum Musikst\u00fcck &#8220;Ederlezi&#8221;, einem traditionellen Romalied.<\/p>\n<p>16:57 Ein Streifenwagen f\u00e4hrt auf das Lagergel\u00e4nde, besetzt mit zwei Polizisten. Wenige Minuten sp\u00e4ter teilt die Polizei dem Polizeikontakt mit, dass das Konzert zuende gespielt werden kann.<\/p>\n<p>17:05 Ein Bewohnerin stellt sich zum Sopran dazu und singt mit.<\/p>\n<table>\n<tbody>\n<tr>\n<td>\n<p><figure id=\"attachment_4901\" aria-describedby=\"caption-attachment-4901\" style=\"width: 300px\" class=\"wp-caption aligncenter\"><a href=\"http:\/\/www.lebenslaute.net\/wp-content\/uploads\/2019\/08\/DSC_9394.jpg\"><img loading=\"lazy\" decoding=\"async\" class=\"wp-image-4901 size-medium\" src=\"http:\/\/www.lebenslaute.net\/wp-content\/uploads\/2019\/08\/DSC_9394-300x200.jpg\" alt=\"\" width=\"300\" height=\"200\" \/><\/a><figcaption id=\"caption-attachment-4901\" class=\"wp-caption-text\">Eine Lagerbewohnerin singt begeistert im Sopran mit, 17.8.2019<\/figcaption><\/figure><\/td>\n<td>\n<p><figure id=\"attachment_4901\" aria-describedby=\"caption-attachment-4901\" style=\"width: 300px\" class=\"wp-caption aligncenter\"><a href=\"http:\/\/www.lebenslaute.net\/wp-content\/uploads\/2019\/08\/DSC_9396.jpg\"><img loading=\"lazy\" decoding=\"async\" class=\"wp-image-4901 size-medium\" src=\"http:\/\/www.lebenslaute.net\/wp-content\/uploads\/2019\/08\/DSC_9396-300x200.jpg\" alt=\"\" width=\"300\" height=\"200\" \/><\/a><figcaption id=\"caption-attachment-4901\" class=\"wp-caption-text\">Lebenslaute bekommt viel Applaus nach &#8220;Slogans for the Rights&#8221; von Lebenslaute, 17.8.2019<\/figcaption><\/figure><\/td>\n<\/tr>\n<\/tbody>\n<\/table>\n<p>17:10 Das Publikum ist bunt gemischt: Babys, Kinder, Jugendliche, junge M\u00fctter und M\u00e4nner, ein alter Mann mit Rollator.<\/p>\n<p>17:28 Lebenslaute-Orchester spielt nun T\u00e4nze. Der Chor tanzt gemeinsam mit den BewohnerInnen. Ein gl\u00fccklicher Moment in dem tristen Alltag der Gefl\u00fcchteten. Viele bedanken sich herzlich, da\u00df wir hierher zu ihnen gekommen sind.<\/p>\n<table>\n<tbody>\n<tr>\n<td>\n<p><figure id=\"attachment_4901\" aria-describedby=\"caption-attachment-4901\" style=\"width: 300px\" class=\"wp-caption aligncenter\"><a href=\"http:\/\/www.lebenslaute.net\/wp-content\/uploads\/2019\/08\/DSC_9406.jpg\"><img loading=\"lazy\" decoding=\"async\" class=\"wp-image-4901 size-medium\" src=\"http:\/\/www.lebenslaute.net\/wp-content\/uploads\/2019\/08\/DSC_9406-300x200.jpg\" alt=\"\" width=\"300\" height=\"200\" \/><\/a><figcaption id=\"caption-attachment-4901\" class=\"wp-caption-text\">Lebenslaute spielt Dvoraks Furiant-Tanz op. 46\/8. Der Tanz beginnt&#8230;, 17.8.2019<\/figcaption><\/figure><\/td>\n<td>\n<p><figure id=\"attachment_4901\" aria-describedby=\"caption-attachment-4901\" style=\"width: 300px\" class=\"wp-caption aligncenter\"><a href=\"http:\/\/www.lebenslaute.net\/wp-content\/uploads\/2019\/08\/DSC_9420.jpg\"><img loading=\"lazy\" decoding=\"async\" class=\"wp-image-4901 size-medium\" src=\"http:\/\/www.lebenslaute.net\/wp-content\/uploads\/2019\/08\/DSC_9420-300x200.jpg\" alt=\"\" width=\"300\" height=\"200\" \/><\/a><figcaption id=\"caption-attachment-4901\" class=\"wp-caption-text\">&#8220;&#8230;und alle tanzen mit&#8221; von Lebenslaute, 17.8.2019<\/figcaption><\/figure><\/td>\n<\/tr>\n<tr>\n<td>\n<p><figure id=\"attachment_4901\" aria-describedby=\"caption-attachment-4901\" style=\"width: 300px\" class=\"wp-caption aligncenter\"><a href=\"http:\/\/www.lebenslaute.net\/wp-content\/uploads\/2019\/08\/DSC_9422.jpg\"><img loading=\"lazy\" decoding=\"async\" class=\"wp-image-4901 size-medium\" src=\"http:\/\/www.lebenslaute.net\/wp-content\/uploads\/2019\/08\/DSC_9422-300x200.jpg\" alt=\"\" width=\"300\" height=\"200\" \/><\/a><figcaption id=\"caption-attachment-4901\" class=\"wp-caption-text\">S\u00e4ngerin tanzt mit Lagerbewohnerin, 17.8.2019<\/figcaption><\/figure><\/td>\n<td>\n<p><figure id=\"attachment_4901\" aria-describedby=\"caption-attachment-4901\" style=\"width: 300px\" class=\"wp-caption aligncenter\"><a href=\"http:\/\/www.lebenslaute.net\/wp-content\/uploads\/2019\/08\/DSC_9424.jpg\"><img loading=\"lazy\" decoding=\"async\" class=\"wp-image-4901 size-medium\" src=\"http:\/\/www.lebenslaute.net\/wp-content\/uploads\/2019\/08\/DSC_9424-300x200.jpg\" alt=\"\" width=\"300\" height=\"200\" \/><\/a><figcaption id=\"caption-attachment-4901\" class=\"wp-caption-text\">und \u00fcberwindet Grenzen, 17.8.2019<\/figcaption><\/figure><\/td>\n<\/tr>\n<\/tbody>\n<\/table>\n<p>17:46 Das Konzert der Lebenslaute endet mit dem Slawischen Tanz &#8220;Furiant&#8221; von Antonin Dvor\u00e1k.<\/p>\n<table>\n<tbody>\n<tr>\n<td>\n<p><figure id=\"attachment_4901\" aria-describedby=\"caption-attachment-4901\" style=\"width: 300px\" class=\"wp-caption aligncenter\"><a href=\"http:\/\/www.lebenslaute.net\/wp-content\/uploads\/2019\/08\/DSC_9426.jpg\"><img loading=\"lazy\" decoding=\"async\" class=\"wp-image-4901 size-medium\" src=\"http:\/\/www.lebenslaute.net\/wp-content\/uploads\/2019\/08\/DSC_9426-300x200.jpg\" alt=\"\" width=\"300\" height=\"200\" \/><\/a><figcaption id=\"caption-attachment-4901\" class=\"wp-caption-text\">Beifall des Publikums nach dem slawischen Tanz, 17.8.2019<\/figcaption><\/figure><\/td>\n<td>\n<p><figure id=\"attachment_4901\" aria-describedby=\"caption-attachment-4901\" style=\"width: 300px\" class=\"wp-caption aligncenter\"><a href=\"http:\/\/www.lebenslaute.net\/wp-content\/uploads\/2019\/08\/DSC_9443.jpg\"><img loading=\"lazy\" decoding=\"async\" class=\"wp-image-4901 size-medium\" src=\"http:\/\/www.lebenslaute.net\/wp-content\/uploads\/2019\/08\/DSC_9443-300x200.jpg\" alt=\"\" width=\"300\" height=\"200\" \/><\/a><figcaption id=\"caption-attachment-4901\" class=\"wp-caption-text\">Gemeinsames Tanzen zu Volksliedern, 17.8.2019<\/figcaption><\/figure><\/td>\n<\/tr>\n<\/tbody>\n<\/table>\n<p>17:50 Die BewohnerInnen bringen eigene Musik, die \u00fcber die Verst\u00e4rkertechnik von Lebenslaute abgespielt wird. Es wird weiter getanzt und geklatscht. Es kommt zu einer Reihe von unerwarteten Begegnung am Samstagnachmittag!<\/p>\n<table>\n<tbody>\n<tr>\n<td>\n<p><figure id=\"attachment_4901\" aria-describedby=\"caption-attachment-4901\" style=\"width: 300px\" class=\"wp-caption aligncenter\"><a href=\"http:\/\/www.lebenslaute.net\/wp-content\/uploads\/2019\/08\/IMG_1064.jpg\"><img loading=\"lazy\" decoding=\"async\" class=\"wp-image-4901 size-medium\" src=\"http:\/\/www.lebenslaute.net\/wp-content\/uploads\/2019\/08\/IMG_1064.jpg\" alt=\"\" width=\"300\" height=\"200\" \/><\/a><figcaption id=\"caption-attachment-4901\" class=\"wp-caption-text\">Das Interesse der Kinder an den Instrumenten ist unverkennbar &#8230;, 17.8.2019<\/figcaption><\/figure><\/td>\n<td>\n<p><figure id=\"attachment_4901\" aria-describedby=\"caption-attachment-4901\" style=\"width: 300px\" class=\"wp-caption aligncenter\"><a href=\"http:\/\/www.lebenslaute.net\/wp-content\/uploads\/2019\/08\/IMG_1066.jpg\"><img loading=\"lazy\" decoding=\"async\" class=\"wp-image-4901 size-medium\" src=\"http:\/\/www.lebenslaute.net\/wp-content\/uploads\/2019\/08\/IMG_1066.jpg\" alt=\"\" width=\"300\" height=\"200\" \/><\/a><figcaption id=\"caption-attachment-4901\" class=\"wp-caption-text\">&#8230; und schlie\u00dflich trauen sie sich die Saite zu zupfen., 17.8.2019<\/figcaption><\/figure><\/td>\n<\/tr>\n<\/tbody>\n<\/table>\n<p>17:58 Lebenslaute verl\u00e4\u00dft das Gel\u00e4nde der Erstaufnahmeeinrichtung Nostorf-Horst durch das Haupttor und singt &#8220;Es t\u00f6nen die Lieder&#8230; wir singen und spielen, wo immer wir woll&#8217;n&#8221;.<\/p>\n<table>\n<tbody>\n<tr>\n<td>\n<p><figure id=\"attachment_4901\" aria-describedby=\"caption-attachment-4901\" style=\"width: 300px\" class=\"wp-caption aligncenter\"><a href=\"http:\/\/www.lebenslaute.net\/wp-content\/uploads\/2019\/08\/DSC_9453.jpg\"><img loading=\"lazy\" decoding=\"async\" class=\"wp-image-4901 size-medium\" src=\"http:\/\/www.lebenslaute.net\/wp-content\/uploads\/2019\/08\/DSC_9453-300x200.jpg\" alt=\"\" width=\"300\" height=\"200\" \/><\/a><figcaption id=\"caption-attachment-4901\" class=\"wp-caption-text\">Abzug nach einem gelungenen Konzert, 17.8.2019<\/figcaption><\/figure><\/td>\n<td>\n<p><figure id=\"attachment_4901\" aria-describedby=\"caption-attachment-4901\" style=\"width: 300px\" class=\"wp-caption aligncenter\"><a href=\"http:\/\/www.lebenslaute.net\/wp-content\/uploads\/2019\/08\/DSC_9458.jpg\"><img loading=\"lazy\" decoding=\"async\" class=\"wp-image-4901 size-medium\" src=\"http:\/\/www.lebenslaute.net\/wp-content\/uploads\/2019\/08\/DSC_9458-300x200.jpg\" alt=\"\" width=\"300\" height=\"200\" \/><\/a><figcaption id=\"caption-attachment-4901\" class=\"wp-caption-text\">Lebenslaute Fordert &#8220;Lager Horst schlie\u00dfen!&#8221;, 17.8.2019<\/figcaption><\/figure><\/td>\n<\/tr>\n<\/tbody>\n<\/table>\n<table>\n<tbody>\n<tr>\n<td>\n<p><figure id=\"attachment_4901\" aria-describedby=\"caption-attachment-4901\" style=\"width: 300px\" class=\"wp-caption aligncenter\"><a href=\"http:\/\/www.lebenslaute.net\/wp-content\/uploads\/2019\/08\/DSC_9459.jpg\"><img loading=\"lazy\" decoding=\"async\" class=\"wp-image-4901 size-medium\" src=\"http:\/\/www.lebenslaute.net\/wp-content\/uploads\/2019\/08\/DSC_9459-300x200.jpg\" alt=\"\" width=\"300\" height=\"200\" \/><\/a><figcaption id=\"caption-attachment-4901\" class=\"wp-caption-text\">S\u00e4ule auf dem Gel\u00e4nde des Lagers. Eine Karrikatur des Alltags., 17.8.2019<\/figcaption><\/figure><\/td>\n<td>\n<p><figure id=\"attachment_4901\" aria-describedby=\"caption-attachment-4901\" style=\"width: 300px\" class=\"wp-caption aligncenter\"><a href=\"http:\/\/www.lebenslaute.net\/wp-content\/uploads\/2019\/08\/IMG_8623.jpg\"><img loading=\"lazy\" decoding=\"async\" class=\"wp-image-4901 size-medium\" src=\"http:\/\/www.lebenslaute.net\/wp-content\/uploads\/2019\/08\/IMG_8623.jpg\" alt=\"\" width=\"300\" height=\"200\" \/><\/a><figcaption id=\"caption-attachment-4901\" class=\"wp-caption-text\">Lebenslaute verl\u00e4\u00dft das Lager Nostorf-Horst, 17.8.2019<\/figcaption><\/figure><\/td>\n<\/tr>\n<\/tbody>\n<\/table>\n<p>18:20 Eine Polizeieinheit aus Schleswig-Holstein ist bereits eingetroffen, um dem Ersuchen des &#8220;Landesamt f\u00fcr innere Verwaltung Meklenburg-Vorpommern, Amt f\u00fcr Migration und Fl\u00fcchtlingsangelegenheiten&#8221; nach Personalienfestellung aufgrund eines Hausfriedensbruchs nachzukommen. Sie blockiert alle Zufahrten zum Lager und nimmt die Personalien auf.<\/p>\n<p>Es sei angemerkt, dass im Lager Horst die T\u00fcren nicht abgeschlossen werden d\u00fcrfen und die Polizei immer wieder das komplette Lager nachts durchsucht nach Personen, die abgeschoben werden sollen. Nun wird aber Lebenslaute vorgeworfen, den Hausfrieden gebrochen zu haben.<\/p>\n<p>18:40 W\u00e4hrend ein Teil bereits weiterfahren konnte, traf eine weitere Einheit der Polizei aus Meklenburg-Vorpommern ein, die dann eine &#8220;kleine Verkehrskontrolle&#8221; durchgef\u00fchrt hat. Die MusikerInnen der Lebenslaute \u00fcberbr\u00fccken die Zeit mit Liedern und Musik und sch\u00fctteln fassungslos den Kopf.<\/p>\n<table>\n<tbody>\n<tr>\n<td>\n<p><figure id=\"attachment_4901\" aria-describedby=\"caption-attachment-4901\" style=\"width: 300px\" class=\"wp-caption aligncenter\"><a href=\"http:\/\/www.lebenslaute.net\/wp-content\/uploads\/2019\/08\/IMG_8648.jpg\"><img loading=\"lazy\" decoding=\"async\" class=\"wp-image-4901 size-medium\" src=\"http:\/\/www.lebenslaute.net\/wp-content\/uploads\/2019\/08\/IMG_8648.jpg\" alt=\"\" width=\"300\" height=\"200\" \/><\/a><figcaption id=\"caption-attachment-4901\" class=\"wp-caption-text\">MusikerInnen von Lebenslaute w\u00e4hrend der Polizeikontrolle, 17.8.2019<\/figcaption><\/figure><\/td>\n<td>\n<p><figure id=\"attachment_4901\" aria-describedby=\"caption-attachment-4901\" style=\"width: 300px\" class=\"wp-caption aligncenter\"><a href=\"http:\/\/www.lebenslaute.net\/wp-content\/uploads\/2019\/08\/IMG_8655.jpg\"><img loading=\"lazy\" decoding=\"async\" class=\"wp-image-4901 size-medium\" src=\"http:\/\/www.lebenslaute.net\/wp-content\/uploads\/2019\/08\/IMG_8655.jpg\" alt=\"\" width=\"300\" height=\"200\" \/><\/a><figcaption id=\"caption-attachment-4901\" class=\"wp-caption-text\">Eine ganz normale Personalienfeststellung, 17.8.2019<\/figcaption><\/figure><\/td>\n<\/tr>\n<\/tbody>\n<\/table>\n<p>20:00 Die letzten Fahrzeuge von Lebenslaute k\u00f6nnen weiterfahren.<\/p>\n<h6><a id=\"Vorkonzert\"><\/a>Vorkonzert, 16.08.2019, vor der Staatskanzlei Schwerin<\/h6>\n<table>\n<tbody>\n<tr>\n<td>\n<p><figure id=\"attachment_4901\" aria-describedby=\"caption-attachment-4901\" style=\"width: 300px\" class=\"wp-caption aligncenter\"><a href=\"http:\/\/www.lebenslaute.net\/wp-content\/uploads\/2019\/08\/DSC_9253.jpg\"><img loading=\"lazy\" decoding=\"async\" class=\"wp-image-4901 size-medium\" src=\"http:\/\/www.lebenslaute.net\/wp-content\/uploads\/2019\/08\/DSC_9253-300x200.jpg\" alt=\"\" width=\"300\" height=\"200\" srcset=\"https:\/\/www.lebenslaute.net\/wp-content\/uploads\/2019\/08\/DSC_9253-300x200.jpg 300w, https:\/\/www.lebenslaute.net\/wp-content\/uploads\/2019\/08\/DSC_9253-768x513.jpg 768w, https:\/\/www.lebenslaute.net\/wp-content\/uploads\/2019\/08\/DSC_9253-1024x683.jpg 1024w\" sizes=\"auto, (max-width: 300px) 100vw, 300px\" \/><\/a><figcaption id=\"caption-attachment-4901\" class=\"wp-caption-text\">Alle 70 MusikerInnen haben auf der B\u00fchne Platz gefunden.<\/figcaption><\/figure><\/td>\n<td>\n<p><figure id=\"attachment_4903\" aria-describedby=\"caption-attachment-4903\" style=\"width: 300px\" class=\"wp-caption aligncenter\"><a href=\"http:\/\/www.lebenslaute.net\/wp-content\/uploads\/2019\/08\/DSC_9270.jpg\"><img loading=\"lazy\" decoding=\"async\" class=\"wp-image-4903 size-medium\" src=\"http:\/\/www.lebenslaute.net\/wp-content\/uploads\/2019\/08\/DSC_9270-300x200.jpg\" alt=\"\" width=\"300\" height=\"200\" srcset=\"https:\/\/www.lebenslaute.net\/wp-content\/uploads\/2019\/08\/DSC_9270-300x200.jpg 300w, https:\/\/www.lebenslaute.net\/wp-content\/uploads\/2019\/08\/DSC_9270-768x513.jpg 768w, https:\/\/www.lebenslaute.net\/wp-content\/uploads\/2019\/08\/DSC_9270-1024x683.jpg 1024w\" sizes=\"auto, (max-width: 300px) 100vw, 300px\" \/><\/a><figcaption id=\"caption-attachment-4903\" class=\"wp-caption-text\">Schwungvoll und konzentriert leitet die Dirigentin Chor und Orchester.<\/figcaption><\/figure><\/td>\n<\/tr>\n<tr>\n<td>\n<p><figure id=\"attachment_4901\" aria-describedby=\"caption-attachment-4901\" style=\"width: 300px\" class=\"wp-caption aligncenter\"><a href=\"http:\/\/www.lebenslaute.net\/wp-content\/uploads\/2019\/08\/DSC_9255.jpg\"><img loading=\"lazy\" decoding=\"async\" class=\"wp-image-4901 size-medium\" src=\"http:\/\/www.lebenslaute.net\/wp-content\/uploads\/2019\/08\/DSC_9255-300x200.jpg\" alt=\"\" width=\"300\" height=\"200\" \/><\/a><figcaption id=\"caption-attachment-4901\" class=\"wp-caption-text\">Gut, dass wir so viele Cellisten haben!<\/figcaption><\/figure><\/td>\n<td>\n<p><figure id=\"attachment_4903\" aria-describedby=\"caption-attachment-4903\" style=\"width: 300px\" class=\"wp-caption aligncenter\"><a href=\"http:\/\/www.lebenslaute.net\/wp-content\/uploads\/2019\/08\/DSC_9273.jpg\"><img loading=\"lazy\" decoding=\"async\" class=\"wp-image-4903 size-medium\" src=\"http:\/\/www.lebenslaute.net\/wp-content\/uploads\/2019\/08\/DSC_9273-300x200.jpg\" alt=\"\" width=\"300\" height=\"200\" \/><\/a><figcaption id=\"caption-attachment-4903\" class=\"wp-caption-text\">Und in letzter Minute fand sich noch ein Kontrabass!<\/figcaption><\/figure><\/td>\n<\/tr>\n<tr>\n<td>\n<p><figure id=\"attachment_4901\" aria-describedby=\"caption-attachment-4901\" style=\"width: 300px\" class=\"wp-caption aligncenter\"><a href=\"http:\/\/www.lebenslaute.net\/wp-content\/uploads\/2019\/08\/DSC_9274.jpg\"><img loading=\"lazy\" decoding=\"async\" class=\"wp-image-4901 size-medium\" src=\"http:\/\/www.lebenslaute.net\/wp-content\/uploads\/2019\/08\/DSC_9274-300x200.jpg\" alt=\"\" width=\"300\" height=\"200\" \/><\/a><figcaption id=\"caption-attachment-4901\" class=\"wp-caption-text\">W\u00f6lkchen \u00fcber&#8217;m Schweriner Schloss\u2026<\/figcaption><\/figure><\/td>\n<td>\n<p><figure id=\"attachment_4903\" aria-describedby=\"caption-attachment-4903\" style=\"width: 300px\" class=\"wp-caption aligncenter\"><a href=\"http:\/\/www.lebenslaute.net\/wp-content\/uploads\/2019\/08\/DSC_9258.jpg\"><img loading=\"lazy\" decoding=\"async\" class=\"wp-image-4903 size-medium\" src=\"http:\/\/www.lebenslaute.net\/wp-content\/uploads\/2019\/08\/DSC_9258-300x200.jpg\" alt=\"\" width=\"300\" height=\"200\" \/><\/a><figcaption id=\"caption-attachment-4903\" class=\"wp-caption-text\">Doch das Konzert geht trocken \u00fcber die B\u00fchne!<\/figcaption><\/figure><\/td>\n<\/tr>\n<tr>\n<td>\n<p><figure id=\"attachment_4901\" aria-describedby=\"caption-attachment-4901\" style=\"width: 300px\" class=\"wp-caption aligncenter\"><a href=\"http:\/\/www.lebenslaute.net\/wp-content\/uploads\/2019\/08\/DSC_9267.jpg\"><img loading=\"lazy\" decoding=\"async\" class=\"wp-image-4901 size-medium\" src=\"http:\/\/www.lebenslaute.net\/wp-content\/uploads\/2019\/08\/DSC_9267-300x200.jpg\" alt=\"\" width=\"300\" height=\"200\" \/><\/a><figcaption id=\"caption-attachment-4901\" class=\"wp-caption-text\">Tolles Transparent!<\/figcaption><\/figure><\/td>\n<td>\n<p><figure id=\"attachment_4903\" aria-describedby=\"caption-attachment-4903\" style=\"width: 300px\" class=\"wp-caption aligncenter\"><a href=\"http:\/\/www.lebenslaute.net\/wp-content\/uploads\/2019\/08\/DSC_9269.jpg\"><img loading=\"lazy\" decoding=\"async\" class=\"wp-image-4903 size-medium\" src=\"http:\/\/www.lebenslaute.net\/wp-content\/uploads\/2019\/08\/DSC_9269-300x200.jpg\" alt=\"\" width=\"300\" height=\"200\" \/><\/a><figcaption id=\"caption-attachment-4903\" class=\"wp-caption-text\">Der Hut der Dirigentin wird nicht zum Regenhut! \ud83d\ude42<\/figcaption><\/figure><\/td>\n<\/tr>\n<tr>\n<td>\n<p><figure id=\"attachment_4901\" aria-describedby=\"caption-attachment-4901\" style=\"width: 300px\" class=\"wp-caption aligncenter\"><a href=\"http:\/\/www.lebenslaute.net\/wp-content\/uploads\/2019\/08\/DSC_9276.jpg\"><img loading=\"lazy\" decoding=\"async\" class=\"wp-image-4901 size-medium\" src=\"http:\/\/www.lebenslaute.net\/wp-content\/uploads\/2019\/08\/DSC_9276-300x200.jpg\" alt=\"\" width=\"300\" height=\"200\" \/><\/a><figcaption id=\"caption-attachment-4901\" class=\"wp-caption-text\">Kraftvolle Musik mit Blick auf das Schweriner Schloss.<\/figcaption><\/figure><\/td>\n<td>\n<p><figure id=\"attachment_4903\" aria-describedby=\"caption-attachment-4903\" style=\"width: 300px\" class=\"wp-caption aligncenter\"><a href=\"http:\/\/www.lebenslaute.net\/wp-content\/uploads\/2019\/08\/DSC_9279.jpg\"><img loading=\"lazy\" decoding=\"async\" class=\"wp-image-4903 size-medium\" src=\"http:\/\/www.lebenslaute.net\/wp-content\/uploads\/2019\/08\/DSC_9279-300x200.jpg\" alt=\"\" width=\"300\" height=\"200\" \/><\/a><figcaption id=\"caption-attachment-4903\" class=\"wp-caption-text\">Hier zeigen sich vier der \u00fcber hundert Zuh\u00f6renden!<\/figcaption><\/figure><\/td>\n<\/tr>\n<tr>\n<td>\n<p><figure id=\"attachment_4901\" aria-describedby=\"caption-attachment-4901\" style=\"width: 300px\" class=\"wp-caption aligncenter\"><a href=\"http:\/\/www.lebenslaute.net\/wp-content\/uploads\/2019\/08\/DSC_9286.jpg\"><img loading=\"lazy\" decoding=\"async\" class=\"wp-image-4901 size-medium\" src=\"http:\/\/www.lebenslaute.net\/wp-content\/uploads\/2019\/08\/DSC_9286-300x200.jpg\" alt=\"\" width=\"300\" height=\"200\" \/><\/a><figcaption id=\"caption-attachment-4901\" class=\"wp-caption-text\">.<\/figcaption><\/figure><\/td>\n<td>\n<p><figure id=\"attachment_4903\" aria-describedby=\"caption-attachment-4903\" style=\"width: 300px\" class=\"wp-caption aligncenter\"><a href=\"http:\/\/www.lebenslaute.net\/wp-content\/uploads\/2019\/08\/DSC_9289.jpg\"><img loading=\"lazy\" decoding=\"async\" class=\"wp-image-4903 size-medium\" src=\"http:\/\/www.lebenslaute.net\/wp-content\/uploads\/2019\/08\/DSC_9289-300x200.jpg\" alt=\"\" width=\"300\" height=\"200\" \/><\/a><figcaption id=\"caption-attachment-4903\" class=\"wp-caption-text\">.<\/figcaption><\/figure><\/td>\n<\/tr>\n<tr>\n<td>\n<p><figure id=\"attachment_4901\" aria-describedby=\"caption-attachment-4901\" style=\"width: 300px\" class=\"wp-caption aligncenter\"><a href=\"http:\/\/www.lebenslaute.net\/wp-content\/uploads\/2019\/08\/DSC_9296.jpg\"><img loading=\"lazy\" decoding=\"async\" class=\"wp-image-4901 size-medium\" src=\"http:\/\/www.lebenslaute.net\/wp-content\/uploads\/2019\/08\/DSC_9296-300x200.jpg\" alt=\"\" width=\"300\" height=\"200\" \/><\/a><figcaption id=\"caption-attachment-4901\" class=\"wp-caption-text\">.<\/figcaption><\/figure><\/td>\n<td>\n<p><figure id=\"attachment_4903\" aria-describedby=\"caption-attachment-4903\" style=\"width: 300px\" class=\"wp-caption aligncenter\"><a href=\"http:\/\/www.lebenslaute.net\/wp-content\/uploads\/2019\/08\/DSC_9298.jpg\"><img loading=\"lazy\" decoding=\"async\" class=\"wp-image-4903 size-medium\" src=\"http:\/\/www.lebenslaute.net\/wp-content\/uploads\/2019\/08\/DSC_9298-300x200.jpg\" alt=\"\" width=\"300\" height=\"200\" \/><\/a><figcaption id=\"caption-attachment-4903\" class=\"wp-caption-text\">.<\/figcaption><\/figure><\/td>\n<\/tr>\n<tr>\n<td>\n<p><figure id=\"attachment_4901\" aria-describedby=\"caption-attachment-4901\" style=\"width: 300px\" class=\"wp-caption aligncenter\"><a href=\"http:\/\/www.lebenslaute.net\/wp-content\/uploads\/2019\/08\/DSC_9327.jpg\"><img loading=\"lazy\" decoding=\"async\" class=\"wp-image-4901 size-medium\" src=\"http:\/\/www.lebenslaute.net\/wp-content\/uploads\/2019\/08\/DSC_9327-300x200.jpg\" alt=\"\" width=\"300\" height=\"200\" \/><\/a><figcaption id=\"caption-attachment-4901\" class=\"wp-caption-text\">.<\/figcaption><\/figure><\/td>\n<td>\n<p><figure id=\"attachment_4901\" aria-describedby=\"caption-attachment-4901\" style=\"width: 300px\" class=\"wp-caption aligncenter\"><a href=\"http:\/\/www.lebenslaute.net\/wp-content\/uploads\/2019\/08\/DSC_9248.jpg\"><img loading=\"lazy\" decoding=\"async\" class=\"wp-image-4901 size-medium\" src=\"http:\/\/www.lebenslaute.net\/wp-content\/uploads\/2019\/08\/DSC_9248-300x200.jpg\" alt=\"\" width=\"300\" height=\"200\" \/><\/a><figcaption id=\"caption-attachment-4901\" class=\"wp-caption-text\">.<\/figcaption><\/figure><\/td>\n<\/tr>\n<\/tbody>\n<\/table>\n<h5><a id=\"medienberichte\"><\/a>&gt;&gt; Medienberichte<\/h5>\n<p>&#8212; <a href=\"https:\/\/www.freitag.de\/autoren\/marina-achenbach\/singen-bis-die-knueppel-kommen\" target=\"_blank\" rel=\"noopener noreferrer\">Singen, bis die Kn\u00fcppel kommen<\/a>, der Freitag, Ausgabe 37\/2019, 19.09.2019 (Marina Achenbach)<br \/>\n&#8212; <a href=\"https:\/\/dkp-rheinland-westfalen.de\/index.php\/politik\/4489-lebenslaute-im-fluechtlingslager\" target=\"_blank\" rel=\"noopener noreferrer\">Lebenslaute im Fl\u00fcchtlingslager<\/a>, DKP Rheinland-Westfalen, 02.09.2019 (Klaus Stein)<br \/>\n&#8212; <a href=\"https:\/\/dkp-koeln.de\/index.php\/dkp-koeln\/innenstadt\/761-lebenslaute\" target=\"_blank\" rel=\"noopener noreferrer\">Lebenslaute im Fl\u00fcchtlingslager<\/a>, DKP K\u00f6ln, 02.09.2019 (Klaus Stein)<br \/>\n&#8212; Radio-Interview Shanghai Drenger mit Elke Zuch (5:43) <a href=\"https:\/\/www.radiolotte.de\/radio\/-orchester-lebenslaute-protestkonzert-vor-dem-erstaufnahme-31874.html\" target=\"_blank\" rel=\"noopener noreferrer\">Orchester \u00bbLebenslaute\u00ab: Protestkonzert vor dem Erstaufnahmelager Nostorf-Horst<\/a>, Radio LOTTE Weimar, Stadtzeit\/ Mediathek, 21.08.2019<br \/>\n&#8212; <a href=\"https:\/\/www.neues-deutschland.de\/artikel\/1124548.abgeschnitten-vom-rest-der-welt.html\" target=\"_blank\" rel=\"noopener noreferrer\">Abgeschnitten vom Rest der Welt<\/a>. Gefl\u00fcchtete in Nostorf-Horst m\u00fcssen weit radeln, um ins n\u00e4chste St\u00e4dtchen zu kommen (<a href=\"http:\/\/www.lebenslaute.net\/wp-content\/uploads\/2019\/01\/Abgeschnitten-vom-Rest-der-Welt-neues-deutschland.pdf\" target=\"_blank\" rel=\"noopener noreferrer\">pdf<\/a>), Neues Deutschland, 20.08.2019, S. 4 (Peter Nowak)<br \/>\n&#8212; Protestkonzert f\u00fcr die Rechte von Fl\u00fcchtlingen, Hagenower Kreisblatt, 19.08.2019, S. 7 (mayk)<br \/>\n&#8212; <a href=\"http:\/\/www.lebenslaute.net\/wp-content\/uploads\/2019\/11\/20190819-Hagenower-Kreisblatt.pdf\" target=\"_blank\" rel=\"noopener noreferrer\">Protestkonzert f\u00fcr die Rechte von Fl\u00fcchtlingen<\/a>, Schweriner Volkszeitung, 19.08.2019<br \/>\n&#8212; Bilderalbum <a href=\"https:\/\/umbruch-bildarchiv.org\/lebenslaute-solikonzert-fuer-gefluechtete\/\" target=\"_blank\" rel=\"noopener noreferrer\">Lebenslaute-Solikonzert f\u00fcr Gefl\u00fcchtete<\/a> (25 Fotos und Texte der Lebenslaute), Umbruch-Bildarchiv zu 17.\/18.08.<br \/>\n&#8212; <a href=\"https:\/\/www.neues-deutschland.de\/artikel\/1124495.lebenslaute-solikonzert-fuer-gefluechtete.html\" target=\"_blank\" rel=\"noopener noreferrer\">Solikonzert f\u00fcr Gefl\u00fcchtete &#8211; Aktion der K\u00fcnstlergruppe Lebenslaute in Horst<\/a> (<a href=\"http:\/\/www.lebenslaute.net\/wp-content\/uploads\/2019\/09\/Lebenslaute_-Solikonzert-f\u00fcr-Gefluechtete.pdf\" target=\"_blank\" rel=\"noopener noreferrer\">pdf<\/a>), Neues Deutschland, 18.08.2019 (Peter Nowak)<br \/>\n&#8212; <a href=\"https:\/\/www.jungewelt.de\/artikel\/360946.nostorf-horst-ist-ein-skandallager-f%C3%BCr-gefl%C3%BCchtete.html\" target=\"_blank\" rel=\"noopener noreferrer\">Nostorf-Horst ist ein Skandallager f\u00fcr Gefl\u00fcchtete<\/a>, Junge Welt, 17.08.2019<br \/>\n&#8212; <a href=\"https:\/\/www.ndr.de\/nachrichten\/mecklenburg-vorpommern\/Musiker-Demo-gegen-Zustaende-in-Erstaufnahme,erstaufnahme188.html\" target=\"_blank\" rel=\"noopener noreferrer\">Musiker-Demo gegen Zust\u00e4nde in Erstaufnahme<\/a>, NDR, 16.08.2019<\/p>\n<p>&#8212;\u00a018.3. 2019:\u00a0<a href=\"https:\/\/www.wsws.org\/de\/articles\/2019\/03\/18\/laut-m18.html\" target=\"_blank\" rel=\"noopener noreferrer\">Nach Protest gegen Verfassungsschutz \u2013 Bu\u00dfgelder gegen Musikgruppe \u201eLebenslaute\u201c<\/a>\u00a0(World Socialist Web Site, Dietmar Gaisenkersting)<\/p>\n<h5><a id=\"pressemitteilungen\"><\/a>&gt;&gt; Pressemitteilungen<\/h5>\n<p>&#8212; <a href=\"http:\/\/www.lebenslaute.net\/wp-content\/uploads\/2019\/01\/PM20190814_Lebenslaute_Ankuendigung-und-Einladung-zu-Konzertaktion.pdf\" target=\"_blank\" rel=\"noopener noreferrer\">PM 14.8.2019 Vorank\u00fcndigung des Lebenslaute Aktionskonzerts<\/a><br \/>\n&#8212; <a href=\"http:\/\/www.lebenslaute.net\/wp-content\/uploads\/2019\/01\/PM20190815_Lebenslaute_Vorkonzert-Ank\u00fcndigung.pdf\" target=\"_blank\" rel=\"noopener noreferrer\">PM 15.8.2019 Ank\u00fcndigung des Lebenslaute Vorkonzerts<\/a><br \/>\n&#8212; <a href=\"http:\/\/www.lebenslaute.net\/wp-content\/uploads\/2019\/01\/PM20190816_Lebenslaute_-Vorkonzert-vor-Staatskanzlei-Schwerin.pdf\" target=\"_blank\" rel=\"noopener noreferrer\">PM 16.8.2019 Lebenslaute-Vorkonzert vor Staatskanzlei Schwerin<\/a><br \/>\n&#8212;\u00a0<a href=\"http:\/\/www.lebenslaute.net\/wp-content\/uploads\/2019\/01\/PM20190817_Lebenslaute_Konzertaktion-im-Lager-Horst-trotz-Verbot.pdf\" target=\"_blank\" rel=\"noopener noreferrer\">PM 17.8.2019 Lebenslaute Konzertaktion im Lager Horst trotz Verbot<\/a><br \/>\n&#8212; <a href=\"http:\/\/www.lebenslaute.net\/wp-content\/uploads\/2019\/01\/PM20190818_Lebenslaute_Abschluss-der-Aktionstage-am-Lager-Horst.pdf\" target=\"_blank\" rel=\"noopener noreferrer\">PM 18.8.2019 Lebenslaute Abschluss der Aktionstage am Lager Horst<\/a><br \/>\n&#8212; <a href=\"http:\/\/www.lebenslaute.net\/wp-content\/uploads\/2019\/08\/PM20190830_Lebenslaute_Brief-an-IM-MV.pdf\" target=\"_blank\" rel=\"noopener noreferrer\">PM 30.8.2019 Lebenslaute Widerspruch und Gespr\u00e4chsangebot an das Innenministerium MV<\/a><\/p>\n<h5><a id=\"material\"><\/a>&gt;&gt; Material<\/h5>\n<p><a href=\"http:\/\/www.lebenslaute.net\/?page_id=4778\">arabisch \u0627\u0644\u0639\u0631\u0628\u064a\u0629<\/a><br \/>\n<a href=\"http:\/\/www.lebenslaute.net\/?page_id=4781\">kurdisch\u06a9\u0648\u0631\u062f\u06cc<\/a><br \/>\n<a href=\"http:\/\/www.lebenslaute.net\/?page_id=4784\">castellano<\/a><br \/>\n<a href=\"http:\/\/www.lebenslaute.net\/?page_id=4786\">fran\u00e7ais<\/a><br \/>\n<a href=\"http:\/\/www.lebenslaute.net\/?page_id=4788\">english<\/a><br \/>\n<a href=\"http:\/\/www.lebenslaute.net\/?page_id=4797\">russisch \u0420\u0443\u0441\u0441\u043a\u0438\u0439<\/a><br \/>\n<a href=\"http:\/\/www.lebenslaute.net\/?page_id=4801\">tigrinisch\u1275\u130d\u122d\u129b<\/a><br \/>\n<a href=\"http:\/\/www.lebenslaute.net\/?page_id=4809\">dari<\/a><\/p>\n<p><a href=\"http:\/\/www.lebenslaute.net\/wp-content\/uploads\/2019\/01\/Lebenslaute_Programmheft_2019.pdf\" target=\"_blank\" rel=\"noopener noreferrer\">Programmheft 2019<\/a> zum Download<br \/>\n<a href=\"http:\/\/www.lebenslaute.net\/wp-content\/uploads\/2019\/01\/Rede-Lebenslaute-Vorkonzert-Schwerin_20190816.pdf\" target=\"_blank\" rel=\"noopener noreferrer\">Rede Lebenslaute Vorkonzert Schwerin_20190816<\/a><br \/>\n<a href=\"http:\/\/www.lebenslaute.net\/wp-content\/uploads\/2019\/08\/20190829_Brief-an-das-Innenministerium-MV.pdf\" target=\"_blank\" rel=\"noopener noreferrer\">Brief an das Innenministerium Mecklenburg Vorpommern vom 29.8.2019<\/a><br \/>\n<a href=\"http:\/\/www.lebenslaute.net\/wp-content\/uploads\/2014\/01\/plakat_web.png\" target=\"_blank\" rel=\"noopener noreferrer\"><img loading=\"lazy\" decoding=\"async\" class=\"alignright wp-image-4836\" src=\"http:\/\/www.lebenslaute.net\/wp-content\/uploads\/2014\/01\/plakat_web-212x300.png\" alt=\"\" width=\"141\" height=\"200\" srcset=\"https:\/\/www.lebenslaute.net\/wp-content\/uploads\/2014\/01\/plakat_web-212x300.png 212w, https:\/\/www.lebenslaute.net\/wp-content\/uploads\/2014\/01\/plakat_web-768x1086.png 768w, https:\/\/www.lebenslaute.net\/wp-content\/uploads\/2014\/01\/plakat_web-724x1024.png 724w, https:\/\/www.lebenslaute.net\/wp-content\/uploads\/2014\/01\/plakat_web.png 1169w\" sizes=\"auto, (max-width: 141px) 100vw, 141px\" \/><\/a><\/p>\n<h5><a id=\"aufruf\"><\/a>&gt;&gt; Aufruf<\/h5>\n<p><a href=\"https:\/\/www.lebenslaute.net\/wp-content\/uploads\/2019\/01\/faltblatt2019.pdf\" target=\"_blank\" rel=\"noopener noreferrer\">Aufruf-Flyer<\/a><br \/>\n<a href=\"http:\/\/www.lebenslaute.net\/wp-content\/uploads\/2019\/01\/plakat_lebenslaute_2019.pdf\" target=\"_blank\" rel=\"noopener noreferrer\">Plakat<\/a><br \/>\n<a href=\"http:\/\/www.lebenslaute.net\/wp-content\/uploads\/2019\/01\/postkarte_lebenslaute_2019.vorderseite.pdf\" target=\"_blank\" rel=\"noopener noreferrer\">Postkarten-Vorderseite<\/a><br \/>\n<a href=\"http:\/\/www.lebenslaute.net\/wp-content\/uploads\/2019\/01\/postkarte_lebenslaute_2019.rueckseite.02.pdf\" target=\"_blank\" rel=\"noopener noreferrer\">Postkarten-R\u00fcckseite<\/a><\/p>\n<p>Materialbestellung: <a href=\"mailto:Printorder2019@lebenslaute.net\" target=\"_blank\" rel=\"noopener noreferrer\">flyerorder2019@lebenslaute.net <\/a><\/p>\n<p><span style=\"font-size: medium;\"><b><span style=\"font-family: sans-serif;\">Wir \u00f6ffnen das Tor mit Orchester und Chor<br \/>\n<\/span><\/b><\/span> <span style=\"font-family: sans-serif;\"><span style=\"font-size: medium;\"><b>Lager aufl\u00f6sen! Menschenrechte verteidigen!<\/b><\/span><\/span><\/p>\n<p><span style=\"font-family: Arial, sans-serif;\"><span style=\"font-size: small;\"><a href=\"http:\/\/www.lebenslaute.net\/wp-content\/uploads\/2019\/01\/postkarte_lebenslaute_2019.rueckseite.02.png\"><img loading=\"lazy\" decoding=\"async\" class=\"alignleft wp-image-4844\" src=\"http:\/\/www.lebenslaute.net\/wp-content\/uploads\/2019\/01\/postkarte_lebenslaute_2019.rueckseite.02-300x216.png\" sizes=\"auto, (max-width: 179px) 100vw, 179px\" srcset=\"https:\/\/www.lebenslaute.net\/wp-content\/uploads\/2019\/01\/postkarte_lebenslaute_2019.rueckseite.02-300x216.png 300w, https:\/\/www.lebenslaute.net\/wp-content\/uploads\/2019\/01\/postkarte_lebenslaute_2019.rueckseite.02.png 606w\" alt=\"\" width=\"179\" height=\"129\" \/><\/a>Das Erstaufnahmelager Nostorf-\u00adHorst ist f\u00fcr Gefl\u00fcchtete ein lebensfeindlicher Ort. Eingerahmt von Wald, vier Kilometer entfernt von den n\u00e4chsten Einkaufsm\u00f6glichkeiten, m\u00fcssen dort Menschen zwangsweise drei, vier Monate, ja manchmal mehr als ein Jahr in Tatenlosigkeit und in einem angstvollen Wartezustand leben. Die Menschen werden mit ihrer traumatischen Vergangenheit allein gelassen. Es gibt kaum Kontaktm\u00f6glichkeiten und Begegnungen zur lokalen Bev\u00f6lkerung. Essen wird zentral geliefert, selbst zu kochen ist nicht erlaubt. Die medizinische Versorgung ist v\u00f6llig unzureichend, genauso wie Angebote f\u00fcr Kinder \u00ad insbesondere die aus Mecklenburg\u00ad-Vorpommern zugewiesenen Kinder k\u00f6nnen nicht einmal zur Schule gehen und verlieren so wertvolle Lebenszeit. Die hygienischen Verh\u00e4ltnisse sind unzureichend, es herrschen Dauerl\u00e4rm, erzwungene Unt\u00e4tigkeit und Langeweile, eingeschr\u00e4nkte Kommunikationsm\u00f6glichkeiten\u2026 und immer wieder die gro\u00dfe Angst, nachts unbemerkt abgeschoben und in erneute Unsicherheit au\u00dfer Landes gebracht zu werden. Und tats\u00e4chlich verschwinden die meisten, ohne etwas von der zivilgesellschaftlichen Willkommenskultur mitbekommen zu haben. Insbesondere f\u00fcr Kinder, Frauen und sexuelle Minderheiten gibt es keinen angemessenen Schutz. Viele Bewohner*innen empfinden ihre Situation dort wie in einem gro\u00dfen Freiluft-Gef\u00e4ngnis. Nostorf\u00ad-Horst wird der zivilgesellschaftlichen Kontrolle von unabh\u00e4ngigen Unterst\u00fctzungsstrukturen bewusst entzogen, f\u00fcr kritische NGOs besteht sogar Hausverbot. Sie k\u00f6nnen h\u00f6chstens Beratung vor den Toren des Lagers durchf\u00fchren, bei etwas gr\u00f6\u00dferem Andrang sogar nur im Freien, ohne Schutz vor Sonne oder Regen.Nostorf-Horst hat sich (in Kombination mit dem anderen Lager Stern Buchholz im S\u00fcden von Schwerin) zum Prototyp eines sogenannten Ankerzentrums entwickelt, wie es Bundesinnenminister Seehofer vorschwebt: Gefl\u00fcchtete werden zu einer \u201eWeltlosigkeit\u201c (Hannah Arendt) degradiert, indem man ihnen ihre Hoffnung auf Heimat, Zugeh\u00f6rigkeit, menschliche Gemeinschaft nimmt.Seit mehreren Jahren versuchen Organisationen, u.a. die Fl\u00fcchtlingsr\u00e4te von Hamburg und Mecklenburg\u00adVorpommern, mit monatlichen Beratungen diese gewollte Isolation zu durchbrechen. Seit einigen Monaten gibt es monatliche Mahnwachen. Um weiter Aufmerksamkeit und Druck an diesem abgelegenen Ort aufzubauen, will Lebenslaute auf dem Gel\u00e4nde musizieren.<\/span><\/span><\/p>\n<p class=\"western\"><b>Wir fordern Menschenw\u00fcrde f\u00fcr Gefl\u00fcchtete!<\/b><br \/>\nDas ist in Horst nicht m\u00f6glich, daher:<br \/>\n<b>Lager Horst aufl\u00f6sen!<\/b> <b>Menschenrechte verteidigen!<\/b><\/p>\n<h5><a id=\"konzertprogramm\"><\/a>&gt;&gt; Konzertprogramm 2019<\/h5>\n<p><a href=\"http:\/\/www.lebenslaute.net\/wp-content\/uploads\/2019\/01\/Lebenslaute_Programmheft_2019.pdf\" target=\"_blank\" rel=\"noopener noreferrer\">Kommentiertes Programmheft<\/a><\/p>\n<p>Andreas HAMMERSCHMIDT: \u201eMachet die Tore weit\u201c<br \/>\nDietrich BUXTEHUDE: \u201eRei\u00dft die Grenzen ein\u201c, umgetexteter Er\u00f6ffnungschor der Kantate \u201eAlles was ihr tut\u201c BuxW 4<br \/>\nFranz SCHUBERT: Erster Satz \u201eAllegro moderato\u201c h-moll der \u201eUnvollendeten Sinfonie\u201c D.759<br \/>\nMichael TIPPETT: \u201eA Spiritual of Anger ,Go down, Moses&#8217;: When Israel was in Egypt&#8217;s Land&#8217;\u201c auf \u201eLet my people go\u201c aus \u201eA Child of Our Time\u201c<br \/>\nGiuseppe VERDI: \u201eChor der Gefangenen\u201c aus \u201eNabucco\u201c<br \/>\nAxel Christian SCHULLZ: \u201eMenschenrechte-Kanon\u201c<br \/>\n\u201eWe shall overcome\u201c<br \/>\nFadhil MDAWIDA: \u201eMalaika\u201c<br \/>\n\u201eYa Sitti ya Khtiara &#8211; El Porompompero\u201c<br \/>\n\u201ePa ro ro\u201c<br \/>\n\u201eEderlezi\u201c<br \/>\nAntonin DVORAK: Presto g-moll, Furiant op. 46\/8 aus den \u201eSlawischen T\u00e4nzen\u201c<\/p>\n<h5><a id=\"wirsuchen\"><\/a><br \/>\n<strong>&gt;&gt; Wir suchen\u2026<\/strong><\/h5>\n<p>Lebenslaute ist offen f\u00fcr \u00fcbefreudige Musiker*innen aller Chor\u00ad- und Orchester\u00adstimmen, Laien und Profis! Nicht musizierende Aktionsunter\u00adst\u00fctzer*innen sind ebenso willkommen!<br \/>\nMusikaktivist*innen k\u00f6nnen sich unabh\u00e4ngig von den j\u00e4hrlich \u00fcberregionalen Aktionswochen auf unseren zweisprachig deutsch-englischen <a href=\"https:\/\/listi.jpberlin.de\/pipermail\/lebenslaute-info\/\" target=\"_blank\" rel=\"noopener noreferrer\">E-Mail-Newsletter<\/a> (bis 12-mal j\u00e4hrlich) eintragen, Kontakt zu unseren Regionalgruppen aufnehmen und Vorschl\u00e4ge f\u00fcr zuk\u00fcnftige Aktionsthemen und -orte schreiben.<\/p>\n","protected":false},"excerpt":{"rendered":"<p>Lager aufl\u00f6sen! Menschenrechte verteidigen! +++ Pressekontakt | Tel. 01578 71 14306 | presse@lebenslaute.net +++ Aktionsticker mit Fotos\u00a0 | Pressemitteilungen | Medienberichte\u00a0\u00a0| Material Aufruf | Konzertprogramm | Wir suchen Aktionswoche:\u00a0 13.-18. August 2019, Alt Jabel Vorkonzert:\u00a0 Freitag, 16. August 2019, 11 Uhr, vor der Staatskanzlei in Schwerin Aktionskonzert: Samstag, 17. August 2019, 16 Uhr auf dem zentralen Platz in der Erstaufnahmeeinrichtung Nostorf-Horst Konzert und Kundgebung:\u00a0 Sonntag, 18. August 2019,\u00a0 12 Uhr, Erstaufnahmeeinrichtung Nostorf-Horst Das faktische AnkER-Zentrum Nostorf-Horst liegt im Westzipfel Mecklenburg-Vorpommerns,&#8230;<\/p>\n<p class=\"read-more\"><a class=\"btn btn-default\" href=\"https:\/\/www.lebenslaute.net\/?page_id=4578\">Weiterlesen<span class=\"screen-reader-text\"> Weiterlesen<\/span><\/a><\/p>\n","protected":false},"author":6,"featured_media":0,"parent":30,"menu_order":10,"comment_status":"closed","ping_status":"closed","template":"","meta":{"footnotes":""},"class_list":["post-4578","page","type-page","status-publish","hentry"],"_links":{"self":[{"href":"https:\/\/www.lebenslaute.net\/index.php?rest_route=\/wp\/v2\/pages\/4578","targetHints":{"allow":["GET"]}}],"collection":[{"href":"https:\/\/www.lebenslaute.net\/index.php?rest_route=\/wp\/v2\/pages"}],"about":[{"href":"https:\/\/www.lebenslaute.net\/index.php?rest_route=\/wp\/v2\/types\/page"}],"author":[{"embeddable":true,"href":"https:\/\/www.lebenslaute.net\/index.php?rest_route=\/wp\/v2\/users\/6"}],"replies":[{"embeddable":true,"href":"https:\/\/www.lebenslaute.net\/index.php?rest_route=%2Fwp%2Fv2%2Fcomments&post=4578"}],"version-history":[{"count":259,"href":"https:\/\/www.lebenslaute.net\/index.php?rest_route=\/wp\/v2\/pages\/4578\/revisions"}],"predecessor-version":[{"id":7180,"href":"https:\/\/www.lebenslaute.net\/index.php?rest_route=\/wp\/v2\/pages\/4578\/revisions\/7180"}],"up":[{"embeddable":true,"href":"https:\/\/www.lebenslaute.net\/index.php?rest_route=\/wp\/v2\/pages\/30"}],"wp:attachment":[{"href":"https:\/\/www.lebenslaute.net\/index.php?rest_route=%2Fwp%2Fv2%2Fmedia&parent=4578"}],"curies":[{"name":"wp","href":"https:\/\/api.w.org\/{rel}","templated":true}]}}