{"id":5368,"date":"2019-12-23T15:15:04","date_gmt":"2019-12-23T14:15:04","guid":{"rendered":"http:\/\/www.lebenslaute.net\/?page_id=5368"},"modified":"2024-04-14T20:07:20","modified_gmt":"2024-04-14T18:07:20","slug":"aktion-2020","status":"publish","type":"page","link":"https:\/\/www.lebenslaute.net\/?page_id=5368","title":{"rendered":"2020 Unterl\u00fc\u00df"},"content":{"rendered":"\n<p style=\"font-size:30px\"><strong>Mit Klang und Schall \u2013 Entwaffnet Rheinmetall!<\/strong><\/p>\n\n\n\n<p class=\"has-text-align-center\">+ Pressekontakt: 01578 71 14306, <a xlink=\"href\" href=\"mailto:presse@lebenslaute.net\">presse@lebenslaute.net<\/a> +<\/p>\n\n\n\n<p class=\"has-text-align-center\"><a href=\"#ticker\" xlink=\"href\">Aktionsticker mit Fotos<\/a> | <a href=\"#pm\" xlink=\"href\">Pressemitteilungen<\/a> | <a href=\"#medienberichte\" xlink=\"href\">Medienberichte<\/a> | <a href=\"#material\" xlink=\"href\">Material<\/a><br>\n<a href=\"#aufruf\" xlink=\"href\">Aufruf<\/a> | <a href=\"#konzertprogramm\" xlink=\"href\">Konzertprogramm<\/a> | <a href=\"#wirsuchen\" xlink=\"href\">Wir suchen<\/a> | <a href=\"#corona-info\" xlink=\"href\">Corona-Info<\/a><\/p>\n\n\n\n<div class=\"wp-block-media-text alignwide is-vertically-aligned-center\" style=\"grid-template-columns:39% auto\"><figure class=\"wp-block-media-text__media\"><img decoding=\"async\" src=\"http:\/\/www.lebenslaute.net\/wp-content\/uploads\/2020\/08\/Plakat-Lebenslaute-2020.png\" alt=\"\" class=\"wp-image-5762 size-full\"\/><\/figure><div class=\"wp-block-media-text__content\">\n<p><strong>Aktionstage<\/strong>: 12.-18. August 2020<br>bei Unterl\u00fc\u00df (S\u00fcdheide in Niedersachsen)<\/p>\n\n\n\n<p><strong>Vorkonzert: 15. August 2020, 18 Uhr<br><\/strong>B\u00fcrgerpark, Unterl\u00fc\u00df, Berliner \/ Magdeburger Str.<\/p>\n\n\n\n<p><strong>Aktionskonzert: 17. August 2020, 11 Uhr<br>Haupteinfahrt Rheinmetall, Unterl\u00fc\u00df<\/strong><\/p>\n<\/div><\/div>\n\n\n\n<a id=\"ticker\" xlink=\"href\"><\/a>\n\n\n\n<div style=\"height:20px\" aria-hidden=\"true\" class=\"wp-block-spacer\"><\/div>\n\n\n\n<p><strong>&gt;&gt; Aktionsticker mit Fotos (Pressemitteilungen <a href=\"#pm\">hier<\/a>)<\/strong><br>Fotos zur freien Verf\u00fcgung bei Nennung der UrheberIn (Lebenslaute, falls nicht anders).<\/p>\n\n\n\n<figure class=\"wp-block-embed is-type-video is-provider-youtube wp-block-embed-youtube wp-embed-aspect-16-9 wp-has-aspect-ratio\"><div class=\"wp-block-embed__wrapper\">\n<iframe loading=\"lazy\" title=\"Lebenslaute Konzert bei Rheinmetall 17.08.2020\" width=\"640\" height=\"360\" src=\"https:\/\/www.youtube.com\/embed\/1PfAggLCXLw?feature=oembed\" frameborder=\"0\" allow=\"accelerometer; autoplay; clipboard-write; encrypted-media; gyroscope; picture-in-picture; web-share\" referrerpolicy=\"strict-origin-when-cross-origin\" allowfullscreen><\/iframe>\n<\/div><figcaption>Musikblockaden (s.u.) und Aktionskonzert (s.u.) am 17.08.20 bei Rheinmetall in Unterl\u00fc\u00df<\/figcaption><\/figure>\n\n\n\n<p><strong><em>Aktionskonzert vor der Waffenfabrik Rheinmetall in Unterl\u00fc\u00df, 17.08.2020, 11:00 Uhr<\/em><\/strong><\/p>\n\n\n\n<figure class=\"wp-block-gallery has-nested-images columns-default is-cropped wp-block-gallery-1 is-layout-flex wp-block-gallery-is-layout-flex\">\n<figure class=\"wp-block-image size-large\"><a href=\"https:\/\/www.lebenslaute.net\/wp-content\/uploads\/2020\/08\/DSC_3622-scaled.jpg\"><img loading=\"lazy\" decoding=\"async\" width=\"1024\" height=\"683\" data-id=\"6043\" src=\"https:\/\/www.lebenslaute.net\/wp-content\/uploads\/2020\/08\/DSC_3622-1024x683.jpg\" alt=\"\" class=\"wp-image-6043\" srcset=\"https:\/\/www.lebenslaute.net\/wp-content\/uploads\/2020\/08\/DSC_3622-1024x683.jpg 1024w, https:\/\/www.lebenslaute.net\/wp-content\/uploads\/2020\/08\/DSC_3622-300x200.jpg 300w, https:\/\/www.lebenslaute.net\/wp-content\/uploads\/2020\/08\/DSC_3622-768x513.jpg 768w, https:\/\/www.lebenslaute.net\/wp-content\/uploads\/2020\/08\/DSC_3622-1536x1025.jpg 1536w, https:\/\/www.lebenslaute.net\/wp-content\/uploads\/2020\/08\/DSC_3622-2048x1367.jpg 2048w, https:\/\/www.lebenslaute.net\/wp-content\/uploads\/2020\/08\/DSC_3622-405x270.jpg 405w\" sizes=\"auto, (max-width: 1024px) 100vw, 1024px\" \/><\/a><\/figure>\n\n\n\n<figure class=\"wp-block-image size-large\"><a href=\"https:\/\/www.lebenslaute.net\/wp-content\/uploads\/2020\/08\/DSC_3626-scaled.jpg\"><img loading=\"lazy\" decoding=\"async\" width=\"1024\" height=\"683\" data-id=\"6044\" src=\"https:\/\/www.lebenslaute.net\/wp-content\/uploads\/2020\/08\/DSC_3626-1024x683.jpg\" alt=\"\" class=\"wp-image-6044\" srcset=\"https:\/\/www.lebenslaute.net\/wp-content\/uploads\/2020\/08\/DSC_3626-1024x683.jpg 1024w, https:\/\/www.lebenslaute.net\/wp-content\/uploads\/2020\/08\/DSC_3626-300x200.jpg 300w, https:\/\/www.lebenslaute.net\/wp-content\/uploads\/2020\/08\/DSC_3626-768x513.jpg 768w, https:\/\/www.lebenslaute.net\/wp-content\/uploads\/2020\/08\/DSC_3626-1536x1025.jpg 1536w, https:\/\/www.lebenslaute.net\/wp-content\/uploads\/2020\/08\/DSC_3626-2048x1367.jpg 2048w, https:\/\/www.lebenslaute.net\/wp-content\/uploads\/2020\/08\/DSC_3626-405x270.jpg 405w\" sizes=\"auto, (max-width: 1024px) 100vw, 1024px\" \/><\/a><\/figure>\n<\/figure>\n\n\n\n<p>Nach den erfolgreichen Blockaden vom Morgen\/Vormittag konnte Lebenslaute als Ort f\u00fcr das abschlie\u00dfende Aktionskonzert eine der Hauptzufahrten durchsetzen. Rund 100 begeisterte Zuh\u00f6rer*innen  forderten gemeinsam mit Lebenslaute die Entwaffnung von Rheinmetall.<\/p>\n\n\n\n<div style=\"height:20px\" aria-hidden=\"true\" class=\"wp-block-spacer\"><\/div>\n\n\n\n<p><strong><em>Blockade der Waffenfabrik Rheinmetall in Unterl\u00fc\u00df, 17.08.2020<\/em><\/strong>,<strong><em> 5:40 Uhr<\/em><\/strong><\/p>\n\n\n\n<p>10:32 Uhr: Lebenslaute hat die Blockaden der Hauptzufahrten an der Neuenrothsiether Stra\u00dfe, S\u00fcdtorstra\u00dfe, M\u00fcdener Stra\u00dfe und die Blockadeaktion am Feldweg beendet. Die Musiker*innen treffen sich am Blockadepunkt Zufahrt Parkplatz und bauen f\u00fcr das Aktionskonzert auf.<\/p>\n\n\n\n<p>10:02 Uhr: Die Lebenslaute-Aktivist*innen setzen mit ihrer Pr\u00e4senz durch, dass das Aktionskonzert um 11:00 Uhr unmittelbar am Tor beim Parkplatz stattfinden wird, wo seit heute fr\u00fch eine der Musikblockaden immer noch l\u00e4uft. Der bisher genehmigte Veranstaltungsort h\u00e4tte weiter entfernt auf der anderen Stra\u00dfenseite gelegen.<\/p>\n\n\n\n<figure class=\"wp-block-gallery has-nested-images columns-2 is-cropped wp-block-gallery-2 is-layout-flex wp-block-gallery-is-layout-flex\">\n<figure class=\"wp-block-image size-large\"><a href=\"https:\/\/www.lebenslaute.net\/wp-content\/uploads\/2020\/08\/DSC_3482-scaled.jpg\"><img loading=\"lazy\" decoding=\"async\" width=\"1024\" height=\"683\" data-id=\"6055\" src=\"https:\/\/www.lebenslaute.net\/wp-content\/uploads\/2020\/08\/DSC_3482-1024x683.jpg\" alt=\"\" class=\"wp-image-6055\" srcset=\"https:\/\/www.lebenslaute.net\/wp-content\/uploads\/2020\/08\/DSC_3482-1024x683.jpg 1024w, https:\/\/www.lebenslaute.net\/wp-content\/uploads\/2020\/08\/DSC_3482-300x200.jpg 300w, https:\/\/www.lebenslaute.net\/wp-content\/uploads\/2020\/08\/DSC_3482-768x513.jpg 768w, https:\/\/www.lebenslaute.net\/wp-content\/uploads\/2020\/08\/DSC_3482-1536x1025.jpg 1536w, https:\/\/www.lebenslaute.net\/wp-content\/uploads\/2020\/08\/DSC_3482-2048x1367.jpg 2048w, https:\/\/www.lebenslaute.net\/wp-content\/uploads\/2020\/08\/DSC_3482-405x270.jpg 405w\" sizes=\"auto, (max-width: 1024px) 100vw, 1024px\" \/><\/a><\/figure>\n\n\n\n<figure class=\"wp-block-image size-large\"><a href=\"https:\/\/www.lebenslaute.net\/wp-content\/uploads\/2020\/08\/DSC_3571-scaled.jpg\"><img loading=\"lazy\" decoding=\"async\" width=\"1024\" height=\"683\" data-id=\"6056\" src=\"https:\/\/www.lebenslaute.net\/wp-content\/uploads\/2020\/08\/DSC_3571-1024x683.jpg\" alt=\"\" class=\"wp-image-6056\" srcset=\"https:\/\/www.lebenslaute.net\/wp-content\/uploads\/2020\/08\/DSC_3571-1024x683.jpg 1024w, https:\/\/www.lebenslaute.net\/wp-content\/uploads\/2020\/08\/DSC_3571-300x200.jpg 300w, https:\/\/www.lebenslaute.net\/wp-content\/uploads\/2020\/08\/DSC_3571-768x513.jpg 768w, https:\/\/www.lebenslaute.net\/wp-content\/uploads\/2020\/08\/DSC_3571-1536x1025.jpg 1536w, https:\/\/www.lebenslaute.net\/wp-content\/uploads\/2020\/08\/DSC_3571-2048x1367.jpg 2048w, https:\/\/www.lebenslaute.net\/wp-content\/uploads\/2020\/08\/DSC_3571-405x270.jpg 405w\" sizes=\"auto, (max-width: 1024px) 100vw, 1024px\" \/><\/a><figcaption>Immer wieder gelangen Musik-Aktivist*innen auf den Feldweg<\/figcaption><\/figure>\n\n\n\n<figure class=\"wp-block-image size-large\"><a href=\"https:\/\/www.lebenslaute.net\/wp-content\/uploads\/2020\/08\/DSC_3602-scaled.jpg\"><img loading=\"lazy\" decoding=\"async\" width=\"1024\" height=\"683\" data-id=\"6058\" src=\"https:\/\/www.lebenslaute.net\/wp-content\/uploads\/2020\/08\/DSC_3602-1024x683.jpg\" alt=\"\" class=\"wp-image-6058\" srcset=\"https:\/\/www.lebenslaute.net\/wp-content\/uploads\/2020\/08\/DSC_3602-1024x683.jpg 1024w, https:\/\/www.lebenslaute.net\/wp-content\/uploads\/2020\/08\/DSC_3602-300x200.jpg 300w, https:\/\/www.lebenslaute.net\/wp-content\/uploads\/2020\/08\/DSC_3602-768x513.jpg 768w, https:\/\/www.lebenslaute.net\/wp-content\/uploads\/2020\/08\/DSC_3602-1536x1025.jpg 1536w, https:\/\/www.lebenslaute.net\/wp-content\/uploads\/2020\/08\/DSC_3602-2048x1367.jpg 2048w, https:\/\/www.lebenslaute.net\/wp-content\/uploads\/2020\/08\/DSC_3602-405x270.jpg 405w\" sizes=\"auto, (max-width: 1024px) 100vw, 1024px\" \/><\/a><figcaption>Hinzugekommene Musiker*innen unterst\u00fctzen die Blockade im Wald<\/figcaption><\/figure>\n\n\n\n<figure class=\"wp-block-image size-large\"><a href=\"https:\/\/www.lebenslaute.net\/wp-content\/uploads\/2020\/08\/DSC_3589-scaled.jpg\"><img loading=\"lazy\" decoding=\"async\" width=\"1024\" height=\"683\" data-id=\"6057\" src=\"https:\/\/www.lebenslaute.net\/wp-content\/uploads\/2020\/08\/DSC_3589-1024x683.jpg\" alt=\"\" class=\"wp-image-6057\" srcset=\"https:\/\/www.lebenslaute.net\/wp-content\/uploads\/2020\/08\/DSC_3589-1024x683.jpg 1024w, https:\/\/www.lebenslaute.net\/wp-content\/uploads\/2020\/08\/DSC_3589-300x200.jpg 300w, https:\/\/www.lebenslaute.net\/wp-content\/uploads\/2020\/08\/DSC_3589-768x513.jpg 768w, https:\/\/www.lebenslaute.net\/wp-content\/uploads\/2020\/08\/DSC_3589-1536x1025.jpg 1536w, https:\/\/www.lebenslaute.net\/wp-content\/uploads\/2020\/08\/DSC_3589-2048x1367.jpg 2048w, https:\/\/www.lebenslaute.net\/wp-content\/uploads\/2020\/08\/DSC_3589-405x270.jpg 405w\" sizes=\"auto, (max-width: 1024px) 100vw, 1024px\" \/><\/a><\/figure>\n<\/figure>\n\n\n\n<p>9:30 Uhr: Hinzu gekommene Musiker*innen konnten wiederholt die provisorische Zufahrt \u00fcber den Feldweg blockieren und Arbeitende effektiv an der Aufnahme ihres Waffenhandwerks behindern. Auch diese Blockaden wurden von der Polizei ger\u00e4umt, um der R\u00fcstungsindustrie den Weg frei zu machen.<\/p>\n\n\n\n<p>8:15 Uhr: Zwei LkW k\u00f6nnen nicht \u00fcber den einzigen freien Zuweg (Feldweg) in die Waffenfabrik und m\u00fcssen an der Stra\u00dfe warten. Immer wieder entstehen an der engen Passage Autostaus. <\/p>\n\n\n\n<figure class=\"wp-block-gallery has-nested-images columns-default is-cropped wp-block-gallery-3 is-layout-flex wp-block-gallery-is-layout-flex\">\n<figure class=\"wp-block-image size-large\"><img loading=\"lazy\" decoding=\"async\" width=\"1024\" height=\"683\" data-id=\"6023\" src=\"https:\/\/www.lebenslaute.net\/wp-content\/uploads\/2020\/08\/DSC_3442-1024x683.jpg\" alt=\"\" class=\"wp-image-6023\" srcset=\"https:\/\/www.lebenslaute.net\/wp-content\/uploads\/2020\/08\/DSC_3442-1024x683.jpg 1024w, https:\/\/www.lebenslaute.net\/wp-content\/uploads\/2020\/08\/DSC_3442-300x200.jpg 300w, https:\/\/www.lebenslaute.net\/wp-content\/uploads\/2020\/08\/DSC_3442-768x513.jpg 768w, https:\/\/www.lebenslaute.net\/wp-content\/uploads\/2020\/08\/DSC_3442-1536x1025.jpg 1536w, https:\/\/www.lebenslaute.net\/wp-content\/uploads\/2020\/08\/DSC_3442-2048x1367.jpg 2048w, https:\/\/www.lebenslaute.net\/wp-content\/uploads\/2020\/08\/DSC_3442-405x270.jpg 405w\" sizes=\"auto, (max-width: 1024px) 100vw, 1024px\" \/><figcaption>Ende der R\u00e4umung der Blockade am Feldweg <\/figcaption><\/figure>\n\n\n\n<figure class=\"wp-block-image size-large\"><img loading=\"lazy\" decoding=\"async\" width=\"1024\" height=\"683\" data-id=\"6024\" src=\"https:\/\/www.lebenslaute.net\/wp-content\/uploads\/2020\/08\/DSC_3460-1024x683.jpg\" alt=\"\" class=\"wp-image-6024\" srcset=\"https:\/\/www.lebenslaute.net\/wp-content\/uploads\/2020\/08\/DSC_3460-1024x683.jpg 1024w, https:\/\/www.lebenslaute.net\/wp-content\/uploads\/2020\/08\/DSC_3460-300x200.jpg 300w, https:\/\/www.lebenslaute.net\/wp-content\/uploads\/2020\/08\/DSC_3460-768x513.jpg 768w, https:\/\/www.lebenslaute.net\/wp-content\/uploads\/2020\/08\/DSC_3460-1536x1025.jpg 1536w, https:\/\/www.lebenslaute.net\/wp-content\/uploads\/2020\/08\/DSC_3460-2048x1367.jpg 2048w, https:\/\/www.lebenslaute.net\/wp-content\/uploads\/2020\/08\/DSC_3460-405x270.jpg 405w\" sizes=\"auto, (max-width: 1024px) 100vw, 1024px\" \/><figcaption>Eines der rund 50 wartenden Autos kann passieren<\/figcaption><\/figure>\n<\/figure>\n\n\n\n<p>8:09 Uhr: Die Musikaktivisti*innen an der Ausweichzufahrt haben es geschafft auf den Feldweg zu kommen. Sitzend haben sie gesungen und rund 50 Fahrzeuge der anreisenden Arbeitenden blockiert. Nach zehn Minuten wurde die Musikblockade durch Polizeikr\u00e4fte ger\u00e4umt. Zun\u00e4chst mussten dann die Polizeifahrzeuge den Feldweg verlassen, bevor wieder Arbeiter*innen mit ihren Autos in die Waffenfabrik geschleust wurden.<\/p>\n\n\n\n<p>8:04 Uhr: F\u00fcnf S\u00e4nger*innen und eine Cellistin sind zu einem Feldweg gegangen (Abzweig von Neuenrothsiether Stra\u00dfe), um die dorthin umgeleiteten Autos der Arbeitenden zu blockieren. Polizeikr\u00e4fte haben die Musizierenden abgedr\u00e4ngt und halten sie fest. <\/p>\n\n\n\n<figure class=\"wp-block-gallery has-nested-images columns-default is-cropped wp-block-gallery-4 is-layout-flex wp-block-gallery-is-layout-flex\">\n<figure class=\"wp-block-image size-large\"><a href=\"https:\/\/www.lebenslaute.net\/wp-content\/uploads\/2020\/08\/DSC_3409-scaled.jpg\"><img loading=\"lazy\" decoding=\"async\" width=\"1024\" height=\"683\" data-id=\"6016\" src=\"https:\/\/www.lebenslaute.net\/wp-content\/uploads\/2020\/08\/DSC_3409-1024x683.jpg\" alt=\"\" class=\"wp-image-6016\" srcset=\"https:\/\/www.lebenslaute.net\/wp-content\/uploads\/2020\/08\/DSC_3409-1024x683.jpg 1024w, https:\/\/www.lebenslaute.net\/wp-content\/uploads\/2020\/08\/DSC_3409-300x200.jpg 300w, https:\/\/www.lebenslaute.net\/wp-content\/uploads\/2020\/08\/DSC_3409-768x513.jpg 768w, https:\/\/www.lebenslaute.net\/wp-content\/uploads\/2020\/08\/DSC_3409-1536x1025.jpg 1536w, https:\/\/www.lebenslaute.net\/wp-content\/uploads\/2020\/08\/DSC_3409-2048x1367.jpg 2048w, https:\/\/www.lebenslaute.net\/wp-content\/uploads\/2020\/08\/DSC_3409-405x270.jpg 405w\" sizes=\"auto, (max-width: 1024px) 100vw, 1024px\" \/><\/a><\/figure>\n\n\n\n<figure class=\"wp-block-image size-large\"><a href=\"https:\/\/www.lebenslaute.net\/wp-content\/uploads\/2020\/08\/DSC_3430-1024x683.jpg\"><img decoding=\"async\" data-id=\"6017\" src=\"https:\/\/www.lebenslaute.net\/wp-content\/uploads\/2020\/08\/DSC_3430-1024x683.jpg\" alt=\"\" class=\"wp-image-6017\"\/><\/a><figcaption>Spontaner Kreistanz an der S\u00fcdtorblockade<\/figcaption><\/figure>\n<\/figure>\n\n\n\n<p>7:42 Uhr: An der Musikblockade Zufahrt S\u00fcdtorstra\u00dfe werden Polizeikr\u00e4fte aus Celle, L\u00fcneburg und Hannover zusammengezogen. Lieferverkehr in die oder aus der Waffenfabrik ist nach wie vor nicht m\u00f6glich.<\/p>\n\n\n\n<p>7:15 Uhr: Bei der Blockade an der Parkplatzzufahrt wird Kammermusik gespielt. Vor dem Tor an der M\u00fcdener Stra\u00dfe erklingt internationale Blasmusik. <\/p>\n\n\n\n<figure class=\"wp-block-gallery has-nested-images columns-default is-cropped wp-block-gallery-5 is-layout-flex wp-block-gallery-is-layout-flex\">\n<figure class=\"wp-block-image size-large\"><a href=\"https:\/\/www.lebenslaute.net\/wp-content\/uploads\/2020\/08\/DSC_3378-scaled.jpg\"><img loading=\"lazy\" decoding=\"async\" width=\"1024\" height=\"683\" data-id=\"6008\" src=\"https:\/\/www.lebenslaute.net\/wp-content\/uploads\/2020\/08\/DSC_3378-1024x683.jpg\" alt=\"\" class=\"wp-image-6008\" srcset=\"https:\/\/www.lebenslaute.net\/wp-content\/uploads\/2020\/08\/DSC_3378-1024x683.jpg 1024w, https:\/\/www.lebenslaute.net\/wp-content\/uploads\/2020\/08\/DSC_3378-300x200.jpg 300w, https:\/\/www.lebenslaute.net\/wp-content\/uploads\/2020\/08\/DSC_3378-768x513.jpg 768w, https:\/\/www.lebenslaute.net\/wp-content\/uploads\/2020\/08\/DSC_3378-1536x1025.jpg 1536w, https:\/\/www.lebenslaute.net\/wp-content\/uploads\/2020\/08\/DSC_3378-2048x1367.jpg 2048w, https:\/\/www.lebenslaute.net\/wp-content\/uploads\/2020\/08\/DSC_3378-405x270.jpg 405w\" sizes=\"auto, (max-width: 1024px) 100vw, 1024px\" \/><\/a><\/figure>\n\n\n\n<figure class=\"wp-block-image size-large\"><a href=\"https:\/\/www.lebenslaute.net\/wp-content\/uploads\/2020\/08\/DSC_3387-scaled.jpg\"><img loading=\"lazy\" decoding=\"async\" width=\"1024\" height=\"683\" data-id=\"6009\" src=\"https:\/\/www.lebenslaute.net\/wp-content\/uploads\/2020\/08\/DSC_3387-1024x683.jpg\" alt=\"\" class=\"wp-image-6009\" srcset=\"https:\/\/www.lebenslaute.net\/wp-content\/uploads\/2020\/08\/DSC_3387-1024x683.jpg 1024w, https:\/\/www.lebenslaute.net\/wp-content\/uploads\/2020\/08\/DSC_3387-300x200.jpg 300w, https:\/\/www.lebenslaute.net\/wp-content\/uploads\/2020\/08\/DSC_3387-768x513.jpg 768w, https:\/\/www.lebenslaute.net\/wp-content\/uploads\/2020\/08\/DSC_3387-1536x1025.jpg 1536w, https:\/\/www.lebenslaute.net\/wp-content\/uploads\/2020\/08\/DSC_3387-2048x1367.jpg 2048w, https:\/\/www.lebenslaute.net\/wp-content\/uploads\/2020\/08\/DSC_3387-405x270.jpg 405w\" sizes=\"auto, (max-width: 1024px) 100vw, 1024px\" \/><\/a><figcaption>Die Hauptzufahrt ist nach wie vor blockiert<\/figcaption><\/figure>\n<\/figure>\n\n\n\n<p>7:10 Uhr: Die vier Hauptzufahrten sind weiter blockiert. An allen vier B\u00fchnen spielen Chor und Orchester. Am Haupttor wird derzeit &#8220;Masters of War&#8221; gespielt, am S\u00fcdtor erklingt Kammermusik. Die Waffenfabrik von Rheinmetall verf\u00fcgt \u00fcber zahlreiche Tore, von denen nur vier \u00fcber \u00f6ffentliche Stra\u00dfen zug\u00e4nglich sind. <\/p>\n\n\n\n<p>6:45 Uhr: Rheinmetall hat ein Nebentor im Wald ge\u00f6ffnet. Die Arbeitenden werden weit ab von \u00f6ffentlichen Stra\u00dfen \u00fcber einen Feldweg auf das Werksgel\u00e4nde umgeleitet.<\/p>\n\n\n\n<figure class=\"wp-block-gallery has-nested-images columns-default is-cropped wp-block-gallery-6 is-layout-flex wp-block-gallery-is-layout-flex\">\n<figure class=\"wp-block-image size-large\"><a href=\"https:\/\/www.lebenslaute.net\/wp-content\/uploads\/2020\/08\/DSC_3333-scaled.jpg\"><img loading=\"lazy\" decoding=\"async\" width=\"1024\" height=\"683\" data-id=\"6000\" src=\"https:\/\/www.lebenslaute.net\/wp-content\/uploads\/2020\/08\/DSC_3333-1024x683.jpg\" alt=\"\" class=\"wp-image-6000\" srcset=\"https:\/\/www.lebenslaute.net\/wp-content\/uploads\/2020\/08\/DSC_3333-1024x683.jpg 1024w, https:\/\/www.lebenslaute.net\/wp-content\/uploads\/2020\/08\/DSC_3333-300x200.jpg 300w, https:\/\/www.lebenslaute.net\/wp-content\/uploads\/2020\/08\/DSC_3333-768x513.jpg 768w, https:\/\/www.lebenslaute.net\/wp-content\/uploads\/2020\/08\/DSC_3333-1536x1025.jpg 1536w, https:\/\/www.lebenslaute.net\/wp-content\/uploads\/2020\/08\/DSC_3333-2048x1367.jpg 2048w, https:\/\/www.lebenslaute.net\/wp-content\/uploads\/2020\/08\/DSC_3333-405x270.jpg 405w\" sizes=\"auto, (max-width: 1024px) 100vw, 1024px\" \/><\/a><figcaption>Blasensemble blockiert Zufahrt M\u00fcdener Stra\u00dfe<\/figcaption><\/figure>\n\n\n\n<figure class=\"wp-block-image size-large\"><a href=\"https:\/\/www.lebenslaute.net\/wp-content\/uploads\/2020\/08\/DSC_3339-scaled.jpg\"><img loading=\"lazy\" decoding=\"async\" width=\"1024\" height=\"683\" data-id=\"6001\" src=\"https:\/\/www.lebenslaute.net\/wp-content\/uploads\/2020\/08\/DSC_3339-1024x683.jpg\" alt=\"\" class=\"wp-image-6001\" srcset=\"https:\/\/www.lebenslaute.net\/wp-content\/uploads\/2020\/08\/DSC_3339-1024x683.jpg 1024w, https:\/\/www.lebenslaute.net\/wp-content\/uploads\/2020\/08\/DSC_3339-300x200.jpg 300w, https:\/\/www.lebenslaute.net\/wp-content\/uploads\/2020\/08\/DSC_3339-768x513.jpg 768w, https:\/\/www.lebenslaute.net\/wp-content\/uploads\/2020\/08\/DSC_3339-1536x1025.jpg 1536w, https:\/\/www.lebenslaute.net\/wp-content\/uploads\/2020\/08\/DSC_3339-2048x1367.jpg 2048w, https:\/\/www.lebenslaute.net\/wp-content\/uploads\/2020\/08\/DSC_3339-405x270.jpg 405w\" sizes=\"auto, (max-width: 1024px) 100vw, 1024px\" \/><\/a><\/figure>\n<\/figure>\n\n\n\n<p>6:35 Uhr: Am S\u00fcdtor sind noch nicht genug Polizeikr\u00e4fte f\u00fcr eine R\u00e4umung.<\/p>\n\n\n\n<figure class=\"wp-block-gallery has-nested-images columns-default is-cropped wp-block-gallery-7 is-layout-flex wp-block-gallery-is-layout-flex\">\n<figure class=\"wp-block-image size-large\"><a href=\"https:\/\/www.lebenslaute.net\/wp-content\/uploads\/2020\/08\/DSC_3345-scaled.jpg\"><img loading=\"lazy\" decoding=\"async\" width=\"1024\" height=\"683\" data-id=\"6004\" src=\"https:\/\/www.lebenslaute.net\/wp-content\/uploads\/2020\/08\/DSC_3345-1024x683.jpg\" alt=\"\" class=\"wp-image-6004\" srcset=\"https:\/\/www.lebenslaute.net\/wp-content\/uploads\/2020\/08\/DSC_3345-1024x683.jpg 1024w, https:\/\/www.lebenslaute.net\/wp-content\/uploads\/2020\/08\/DSC_3345-300x200.jpg 300w, https:\/\/www.lebenslaute.net\/wp-content\/uploads\/2020\/08\/DSC_3345-768x513.jpg 768w, https:\/\/www.lebenslaute.net\/wp-content\/uploads\/2020\/08\/DSC_3345-1536x1025.jpg 1536w, https:\/\/www.lebenslaute.net\/wp-content\/uploads\/2020\/08\/DSC_3345-2048x1367.jpg 2048w, https:\/\/www.lebenslaute.net\/wp-content\/uploads\/2020\/08\/DSC_3345-405x270.jpg 405w\" sizes=\"auto, (max-width: 1024px) 100vw, 1024px\" \/><\/a><\/figure>\n\n\n\n<figure class=\"wp-block-image size-large\"><a href=\"https:\/\/www.lebenslaute.net\/wp-content\/uploads\/2020\/08\/DSC_3368-scaled.jpg\"><img loading=\"lazy\" decoding=\"async\" width=\"1024\" height=\"683\" data-id=\"6005\" src=\"https:\/\/www.lebenslaute.net\/wp-content\/uploads\/2020\/08\/DSC_3368-1024x683.jpg\" alt=\"\" class=\"wp-image-6005\" srcset=\"https:\/\/www.lebenslaute.net\/wp-content\/uploads\/2020\/08\/DSC_3368-1024x683.jpg 1024w, https:\/\/www.lebenslaute.net\/wp-content\/uploads\/2020\/08\/DSC_3368-300x200.jpg 300w, https:\/\/www.lebenslaute.net\/wp-content\/uploads\/2020\/08\/DSC_3368-768x513.jpg 768w, https:\/\/www.lebenslaute.net\/wp-content\/uploads\/2020\/08\/DSC_3368-1536x1025.jpg 1536w, https:\/\/www.lebenslaute.net\/wp-content\/uploads\/2020\/08\/DSC_3368-2048x1367.jpg 2048w, https:\/\/www.lebenslaute.net\/wp-content\/uploads\/2020\/08\/DSC_3368-405x270.jpg 405w\" sizes=\"auto, (max-width: 1024px) 100vw, 1024px\" \/><\/a><figcaption>Musikblockade an Zufahrt Parkplatz l\u00e4dt zum Tanzen ein<\/figcaption><\/figure>\n<\/figure>\n\n\n\n<p>6:20 Uhr: Eine zweite Aufforderung an die Musiker*innen am S\u00fcdtor ist ergangen, die Blockade aufzul\u00f6sen. Vorwurf ist N\u00f6tigung.<\/p>\n\n\n\n<figure class=\"wp-block-gallery has-nested-images columns-default is-cropped wp-block-gallery-8 is-layout-flex wp-block-gallery-is-layout-flex\">\n<figure class=\"wp-block-image size-large\"><a href=\"https:\/\/www.lebenslaute.net\/wp-content\/uploads\/2020\/08\/DSC_3312-scaled.jpg\"><img loading=\"lazy\" decoding=\"async\" width=\"1024\" height=\"683\" data-id=\"5991\" src=\"https:\/\/www.lebenslaute.net\/wp-content\/uploads\/2020\/08\/DSC_3312-1024x683.jpg\" alt=\"\" class=\"wp-image-5991\" srcset=\"https:\/\/www.lebenslaute.net\/wp-content\/uploads\/2020\/08\/DSC_3312-1024x683.jpg 1024w, https:\/\/www.lebenslaute.net\/wp-content\/uploads\/2020\/08\/DSC_3312-300x200.jpg 300w, https:\/\/www.lebenslaute.net\/wp-content\/uploads\/2020\/08\/DSC_3312-768x513.jpg 768w, https:\/\/www.lebenslaute.net\/wp-content\/uploads\/2020\/08\/DSC_3312-1536x1025.jpg 1536w, https:\/\/www.lebenslaute.net\/wp-content\/uploads\/2020\/08\/DSC_3312-2048x1367.jpg 2048w, https:\/\/www.lebenslaute.net\/wp-content\/uploads\/2020\/08\/DSC_3312-405x270.jpg 405w\" sizes=\"auto, (max-width: 1024px) 100vw, 1024px\" \/><\/a><figcaption>Musikblockade am S\u00fcdtor<\/figcaption><\/figure>\n\n\n\n<figure class=\"wp-block-image size-large\"><a href=\"https:\/\/www.lebenslaute.net\/wp-content\/uploads\/2020\/08\/DSCN2174-scaled.jpg\"><img loading=\"lazy\" decoding=\"async\" width=\"1024\" height=\"768\" data-id=\"5994\" src=\"https:\/\/www.lebenslaute.net\/wp-content\/uploads\/2020\/08\/DSCN2174-1024x768.jpg\" alt=\"\" class=\"wp-image-5994\" srcset=\"https:\/\/www.lebenslaute.net\/wp-content\/uploads\/2020\/08\/DSCN2174-1024x768.jpg 1024w, https:\/\/www.lebenslaute.net\/wp-content\/uploads\/2020\/08\/DSCN2174-300x225.jpg 300w, https:\/\/www.lebenslaute.net\/wp-content\/uploads\/2020\/08\/DSCN2174-768x576.jpg 768w, https:\/\/www.lebenslaute.net\/wp-content\/uploads\/2020\/08\/DSCN2174-1536x1152.jpg 1536w, https:\/\/www.lebenslaute.net\/wp-content\/uploads\/2020\/08\/DSCN2174-2048x1536.jpg 2048w, https:\/\/www.lebenslaute.net\/wp-content\/uploads\/2020\/08\/DSCN2174-360x270.jpg 360w\" sizes=\"auto, (max-width: 1024px) 100vw, 1024px\" \/><\/a><\/figure>\n<\/figure>\n\n\n\n<p>6.05 Uhr: Die Musikblockade an der S\u00fcdtorstra\u00dfe wurde von der Polizei aufgefordert, den Platz zu r\u00e4umen und den Weg freizugeben. Lebenslaute musiziert weiter.<\/p>\n\n\n\n<p>5:57: 31 Musiker*innen von Chor und Orchester blockieren die Haupteinfahrt in der Neuensothrietherstra\u00dfe. Arbeiter*innen fahren mit ihren PkW vor, m\u00fcssen aber abdrehen.<\/p>\n\n\n\n<figure class=\"wp-block-gallery has-nested-images columns-default is-cropped wp-block-gallery-9 is-layout-flex wp-block-gallery-is-layout-flex\">\n<figure class=\"wp-block-image size-large\"><a href=\"https:\/\/www.lebenslaute.net\/wp-content\/uploads\/2020\/08\/DSC_3299-scaled.jpg\"><img loading=\"lazy\" decoding=\"async\" width=\"1024\" height=\"683\" data-id=\"5987\" src=\"https:\/\/www.lebenslaute.net\/wp-content\/uploads\/2020\/08\/DSC_3299-1024x683.jpg\" alt=\"\" class=\"wp-image-5987\" srcset=\"https:\/\/www.lebenslaute.net\/wp-content\/uploads\/2020\/08\/DSC_3299-1024x683.jpg 1024w, https:\/\/www.lebenslaute.net\/wp-content\/uploads\/2020\/08\/DSC_3299-300x200.jpg 300w, https:\/\/www.lebenslaute.net\/wp-content\/uploads\/2020\/08\/DSC_3299-768x513.jpg 768w, https:\/\/www.lebenslaute.net\/wp-content\/uploads\/2020\/08\/DSC_3299-1536x1025.jpg 1536w, https:\/\/www.lebenslaute.net\/wp-content\/uploads\/2020\/08\/DSC_3299-2048x1367.jpg 2048w, https:\/\/www.lebenslaute.net\/wp-content\/uploads\/2020\/08\/DSC_3299-405x270.jpg 405w\" sizes=\"auto, (max-width: 1024px) 100vw, 1024px\" \/><\/a><figcaption>Ankommen und Aufbau am Haupttor Neuenrothsiether Stra\u00dfe<\/figcaption><\/figure>\n\n\n\n<figure class=\"wp-block-image size-large\"><a href=\"https:\/\/www.lebenslaute.net\/wp-content\/uploads\/2020\/08\/DSC_3306-scaled.jpg\"><img loading=\"lazy\" decoding=\"async\" width=\"1024\" height=\"683\" data-id=\"5988\" src=\"https:\/\/www.lebenslaute.net\/wp-content\/uploads\/2020\/08\/DSC_3306-1024x683.jpg\" alt=\"\" class=\"wp-image-5988\" srcset=\"https:\/\/www.lebenslaute.net\/wp-content\/uploads\/2020\/08\/DSC_3306-1024x683.jpg 1024w, https:\/\/www.lebenslaute.net\/wp-content\/uploads\/2020\/08\/DSC_3306-300x200.jpg 300w, https:\/\/www.lebenslaute.net\/wp-content\/uploads\/2020\/08\/DSC_3306-768x513.jpg 768w, https:\/\/www.lebenslaute.net\/wp-content\/uploads\/2020\/08\/DSC_3306-1536x1025.jpg 1536w, https:\/\/www.lebenslaute.net\/wp-content\/uploads\/2020\/08\/DSC_3306-2048x1367.jpg 2048w, https:\/\/www.lebenslaute.net\/wp-content\/uploads\/2020\/08\/DSC_3306-405x270.jpg 405w\" sizes=\"auto, (max-width: 1024px) 100vw, 1024px\" \/><\/a><figcaption>Musikblockade an Zufahrt Parkplatz Neuenrothsiether Stra\u00dfe<\/figcaption><\/figure>\n<\/figure>\n\n\n\n<p>5:40 Uhr: Lebenslaute hat in vier Musikgruppen alle Hauptzufahrten der Waffenschmiede von Rheinmetall Unterl\u00fc\u00df effektiv blockiert. Fahrzeuge und Arbeitende k\u00f6nnen die R\u00fcstungsfabrik Landsysteme nicht betreten.<\/p>\n\n\n\n<div style=\"height:20px\" aria-hidden=\"true\" class=\"wp-block-spacer\"><\/div>\n\n\n\n<p><strong><em>Vorkonzert im B\u00fcrgerpark Unterl\u00fc\u00df, 15. August 2020<\/em><\/strong><\/p>\n\n\n\n<p>Die \u00f6ffentliche Generalprobe f\u00fcr das Aktionskonzert am 17.08.20 fand auch dieses Jahr als Vorkonzert statt. \u00dcber 80 Zuh\u00f6rer*innen waren der Einladung von Lebenslaute gefolgt, hatten auf den mitgebrachten B\u00e4nken Platz genommen oder sich einen anderen gem\u00fctlichen Ort gesucht. Denn als Veranstaltungsort f\u00fcr das Vorkonzert diente dieses Jahr der B\u00fcrgerpark Unterl\u00fc\u00df, mit offener Rasenfl\u00e4che, altem Baumbestand und trotz strahlendem Sonnenschein angenehmem Schatten. Zwei gro\u00dfe Banner mit dem Motto der Aktion und einer Grafik zum Zusammenhang von Waffenproduktion und Krieg hingen in den B\u00e4umen und markierten f\u00fcr Orchester und Chor den B\u00fchnenhintergrund.<\/p>\n\n\n\n<p>Zwischen den Musikst\u00fccken (<a href=\"https:\/\/www.lebenslaute.net\/wp-content\/uploads\/2020\/08\/Lebenslaute_Musikprogramm_2020.pdf\" target=\"_blank\" rel=\"noreferrer noopener\">Programm<\/a>) begr\u00fcndeten verschiedene Sprecher*innen den Protest gegen Rheinmetall (<a href=\"https:\/\/www.lebenslaute.net\/wp-content\/uploads\/2020\/08\/Rede-beim-Vorkonzert-20200815.pdf\" target=\"_blank\" rel=\"noreferrer noopener\">Rede<\/a>). Zur Sprache kamen u.a. die herausragende Rolle des Standorts Unterl\u00fc\u00df f\u00fcr Rheinmetall bzgl. der Produktion von Waffen und Munition sowie der Erprobung des Kriegsger\u00e4ts, das kaltbl\u00fctige Gesch\u00e4ft mit Tod und der Abschottung Europas, das Umgehen von Exportbeschr\u00e4nkungen durch Verkauf ganzer Fabriken, der Einsatz von Rheinmetall-Waffen in v\u00f6lkerrechtswidrigen Kriegen wie 2018 der T\u00fcrkei gegen die Region Afrin (kurdisches Nordsyrien) und nicht zuletzt die bisherige Weigerung Rheinmetalls an einer ungeschminkten Erinnerungskultur an die 900 vorwiegend j\u00fcdischen Zwangsarbeiterinnen aus dem Lager Tannenberg (KZ Bergen-Belsen), die im Werk Unterl\u00fc\u00df ausgebeutet, gequ\u00e4lt und so in den Tod getrieben wurden.<\/p>\n\n\n\n<figure class=\"wp-block-gallery has-nested-images columns-2 is-cropped wp-block-gallery-10 is-layout-flex wp-block-gallery-is-layout-flex\">\n<figure class=\"wp-block-image size-large\"><a href=\"https:\/\/www.lebenslaute.net\/wp-content\/uploads\/2020\/08\/DSC_3272-scaled.jpg\"><img loading=\"lazy\" decoding=\"async\" width=\"1024\" height=\"683\" data-id=\"5959\" src=\"https:\/\/www.lebenslaute.net\/wp-content\/uploads\/2020\/08\/DSC_3272-1024x683.jpg\" alt=\"\" class=\"wp-image-5959\" srcset=\"https:\/\/www.lebenslaute.net\/wp-content\/uploads\/2020\/08\/DSC_3272-1024x683.jpg 1024w, https:\/\/www.lebenslaute.net\/wp-content\/uploads\/2020\/08\/DSC_3272-300x200.jpg 300w, https:\/\/www.lebenslaute.net\/wp-content\/uploads\/2020\/08\/DSC_3272-768x513.jpg 768w, https:\/\/www.lebenslaute.net\/wp-content\/uploads\/2020\/08\/DSC_3272-1536x1025.jpg 1536w, https:\/\/www.lebenslaute.net\/wp-content\/uploads\/2020\/08\/DSC_3272-2048x1367.jpg 2048w, https:\/\/www.lebenslaute.net\/wp-content\/uploads\/2020\/08\/DSC_3272-405x270.jpg 405w\" sizes=\"auto, (max-width: 1024px) 100vw, 1024px\" \/><\/a><figcaption>H\u00e4ndel: Friedensode (Arie &amp; Chor)<\/figcaption><\/figure>\n\n\n\n<figure class=\"wp-block-image size-large\"><a href=\"https:\/\/www.lebenslaute.net\/wp-content\/uploads\/2020\/08\/DSC_3239-scaled.jpg\"><img loading=\"lazy\" decoding=\"async\" width=\"1024\" height=\"683\" data-id=\"5956\" src=\"https:\/\/www.lebenslaute.net\/wp-content\/uploads\/2020\/08\/DSC_3239-1024x683.jpg\" alt=\"\" class=\"wp-image-5956\" srcset=\"https:\/\/www.lebenslaute.net\/wp-content\/uploads\/2020\/08\/DSC_3239-1024x683.jpg 1024w, https:\/\/www.lebenslaute.net\/wp-content\/uploads\/2020\/08\/DSC_3239-300x200.jpg 300w, https:\/\/www.lebenslaute.net\/wp-content\/uploads\/2020\/08\/DSC_3239-768x513.jpg 768w, https:\/\/www.lebenslaute.net\/wp-content\/uploads\/2020\/08\/DSC_3239-1536x1025.jpg 1536w, https:\/\/www.lebenslaute.net\/wp-content\/uploads\/2020\/08\/DSC_3239-2048x1367.jpg 2048w, https:\/\/www.lebenslaute.net\/wp-content\/uploads\/2020\/08\/DSC_3239-405x270.jpg 405w\" sizes=\"auto, (max-width: 1024px) 100vw, 1024px\" \/><\/a><figcaption>Beethoven: Allegretto aus Sinfonie Nr. 7<\/figcaption><\/figure>\n\n\n\n<figure class=\"wp-block-image size-large\"><a href=\"https:\/\/www.lebenslaute.net\/wp-content\/uploads\/2020\/08\/DSC_3217-scaled.jpg\"><img loading=\"lazy\" decoding=\"async\" width=\"1024\" height=\"683\" data-id=\"5953\" src=\"https:\/\/www.lebenslaute.net\/wp-content\/uploads\/2020\/08\/DSC_3217-1024x683.jpg\" alt=\"\" class=\"wp-image-5953\" srcset=\"https:\/\/www.lebenslaute.net\/wp-content\/uploads\/2020\/08\/DSC_3217-1024x683.jpg 1024w, https:\/\/www.lebenslaute.net\/wp-content\/uploads\/2020\/08\/DSC_3217-300x200.jpg 300w, https:\/\/www.lebenslaute.net\/wp-content\/uploads\/2020\/08\/DSC_3217-768x513.jpg 768w, https:\/\/www.lebenslaute.net\/wp-content\/uploads\/2020\/08\/DSC_3217-1536x1025.jpg 1536w, https:\/\/www.lebenslaute.net\/wp-content\/uploads\/2020\/08\/DSC_3217-2048x1367.jpg 2048w, https:\/\/www.lebenslaute.net\/wp-content\/uploads\/2020\/08\/DSC_3217-405x270.jpg 405w\" sizes=\"auto, (max-width: 1024px) 100vw, 1024px\" \/><\/a><\/figure>\n\n\n\n<figure class=\"wp-block-image size-large\"><a href=\"https:\/\/www.lebenslaute.net\/wp-content\/uploads\/2020\/08\/DSC_3222-scaled.jpg\"><img loading=\"lazy\" decoding=\"async\" width=\"1024\" height=\"683\" data-id=\"5954\" src=\"https:\/\/www.lebenslaute.net\/wp-content\/uploads\/2020\/08\/DSC_3222-1024x683.jpg\" alt=\"\" class=\"wp-image-5954\" srcset=\"https:\/\/www.lebenslaute.net\/wp-content\/uploads\/2020\/08\/DSC_3222-1024x683.jpg 1024w, https:\/\/www.lebenslaute.net\/wp-content\/uploads\/2020\/08\/DSC_3222-300x200.jpg 300w, https:\/\/www.lebenslaute.net\/wp-content\/uploads\/2020\/08\/DSC_3222-768x513.jpg 768w, https:\/\/www.lebenslaute.net\/wp-content\/uploads\/2020\/08\/DSC_3222-1536x1025.jpg 1536w, https:\/\/www.lebenslaute.net\/wp-content\/uploads\/2020\/08\/DSC_3222-2048x1367.jpg 2048w, https:\/\/www.lebenslaute.net\/wp-content\/uploads\/2020\/08\/DSC_3222-405x270.jpg 405w\" sizes=\"auto, (max-width: 1024px) 100vw, 1024px\" \/><\/a><figcaption>Brahms: Darthulas Grabgesang<\/figcaption><\/figure>\n\n\n\n<figure class=\"wp-block-image size-large\"><a href=\"https:\/\/www.lebenslaute.net\/wp-content\/uploads\/2020\/08\/DSC_3223-scaled.jpg\"><img loading=\"lazy\" decoding=\"async\" width=\"1024\" height=\"683\" data-id=\"5955\" src=\"https:\/\/www.lebenslaute.net\/wp-content\/uploads\/2020\/08\/DSC_3223-1024x683.jpg\" alt=\"\" class=\"wp-image-5955\" srcset=\"https:\/\/www.lebenslaute.net\/wp-content\/uploads\/2020\/08\/DSC_3223-1024x683.jpg 1024w, https:\/\/www.lebenslaute.net\/wp-content\/uploads\/2020\/08\/DSC_3223-300x200.jpg 300w, https:\/\/www.lebenslaute.net\/wp-content\/uploads\/2020\/08\/DSC_3223-768x513.jpg 768w, https:\/\/www.lebenslaute.net\/wp-content\/uploads\/2020\/08\/DSC_3223-1536x1025.jpg 1536w, https:\/\/www.lebenslaute.net\/wp-content\/uploads\/2020\/08\/DSC_3223-2048x1367.jpg 2048w, https:\/\/www.lebenslaute.net\/wp-content\/uploads\/2020\/08\/DSC_3223-405x270.jpg 405w\" sizes=\"auto, (max-width: 1024px) 100vw, 1024px\" \/><\/a><\/figure>\n\n\n\n<figure class=\"wp-block-image size-large\"><a href=\"https:\/\/www.lebenslaute.net\/wp-content\/uploads\/2020\/08\/DSC_3241-scaled.jpg\"><img loading=\"lazy\" decoding=\"async\" width=\"1024\" height=\"683\" data-id=\"5957\" src=\"https:\/\/www.lebenslaute.net\/wp-content\/uploads\/2020\/08\/DSC_3241-1024x683.jpg\" alt=\"\" class=\"wp-image-5957\" srcset=\"https:\/\/www.lebenslaute.net\/wp-content\/uploads\/2020\/08\/DSC_3241-1024x683.jpg 1024w, https:\/\/www.lebenslaute.net\/wp-content\/uploads\/2020\/08\/DSC_3241-300x200.jpg 300w, https:\/\/www.lebenslaute.net\/wp-content\/uploads\/2020\/08\/DSC_3241-768x513.jpg 768w, https:\/\/www.lebenslaute.net\/wp-content\/uploads\/2020\/08\/DSC_3241-1536x1025.jpg 1536w, https:\/\/www.lebenslaute.net\/wp-content\/uploads\/2020\/08\/DSC_3241-2048x1367.jpg 2048w, https:\/\/www.lebenslaute.net\/wp-content\/uploads\/2020\/08\/DSC_3241-405x270.jpg 405w\" sizes=\"auto, (max-width: 1024px) 100vw, 1024px\" \/><\/a><\/figure>\n<\/figure>\n\n\n\n<div style=\"height:20px\" aria-hidden=\"true\" class=\"wp-block-spacer\"><\/div>\n\n\n\n<p><em><strong>Probenwochenende, 19.-21. Juni 2020<\/strong><\/em><\/p>\n\n\n\n<p>Geprobt wurde dieses Jahr parallel an vier Orten, soweit m\u00f6glich in kleinen Gruppen und immer drau\u00dfen &#8211; so konnten wir unser Corona-Hygienekonzept umsetzen.<\/p>\n\n\n\n<figure class=\"wp-block-gallery aligncenter has-nested-images columns-2 is-cropped wp-block-gallery-11 is-layout-flex wp-block-gallery-is-layout-flex\">\n<figure class=\"wp-block-image size-large\"><a href=\"https:\/\/www.lebenslaute.net\/wp-content\/uploads\/2020\/06\/DSC_5574-scaled.jpg\"><img loading=\"lazy\" decoding=\"async\" width=\"1024\" height=\"678\" data-id=\"5771\" src=\"http:\/\/www.lebenslaute.net\/wp-content\/uploads\/2020\/06\/DSC_5574-1024x678.jpg\" alt=\"\" class=\"wp-image-5771\" srcset=\"https:\/\/www.lebenslaute.net\/wp-content\/uploads\/2020\/06\/DSC_5574-1024x678.jpg 1024w, https:\/\/www.lebenslaute.net\/wp-content\/uploads\/2020\/06\/DSC_5574-300x199.jpg 300w, https:\/\/www.lebenslaute.net\/wp-content\/uploads\/2020\/06\/DSC_5574-768x509.jpg 768w, https:\/\/www.lebenslaute.net\/wp-content\/uploads\/2020\/06\/DSC_5574-1536x1017.jpg 1536w, https:\/\/www.lebenslaute.net\/wp-content\/uploads\/2020\/06\/DSC_5574-2048x1356.jpg 2048w, https:\/\/www.lebenslaute.net\/wp-content\/uploads\/2020\/06\/DSC_5574-453x300.jpg 453w\" sizes=\"auto, (max-width: 1024px) 100vw, 1024px\" \/><\/a><figcaption>Orchester mit Chor, Rade bei Celle<\/figcaption><\/figure>\n\n\n\n<figure class=\"wp-block-image size-large\"><a href=\"https:\/\/www.lebenslaute.net\/wp-content\/uploads\/2020\/06\/DSC_2437-scaled.jpg\"><img loading=\"lazy\" decoding=\"async\" width=\"1024\" height=\"683\" data-id=\"5770\" src=\"http:\/\/www.lebenslaute.net\/wp-content\/uploads\/2020\/06\/DSC_2437-1024x683.jpg\" alt=\"ProbenWE_2020_Potsdam\" class=\"wp-image-5770\" srcset=\"https:\/\/www.lebenslaute.net\/wp-content\/uploads\/2020\/06\/DSC_2437-1024x683.jpg 1024w, https:\/\/www.lebenslaute.net\/wp-content\/uploads\/2020\/06\/DSC_2437-300x200.jpg 300w, https:\/\/www.lebenslaute.net\/wp-content\/uploads\/2020\/06\/DSC_2437-768x513.jpg 768w, https:\/\/www.lebenslaute.net\/wp-content\/uploads\/2020\/06\/DSC_2437-1536x1025.jpg 1536w, https:\/\/www.lebenslaute.net\/wp-content\/uploads\/2020\/06\/DSC_2437-2048x1367.jpg 2048w, https:\/\/www.lebenslaute.net\/wp-content\/uploads\/2020\/06\/DSC_2437-450x300.jpg 450w\" sizes=\"auto, (max-width: 1024px) 100vw, 1024px\" \/><\/a><figcaption>Orchester mit Chor (Ausschnitt), Potsdam<\/figcaption><\/figure>\n\n\n\n<figure class=\"wp-block-image size-large\"><a href=\"https:\/\/www.lebenslaute.net\/wp-content\/uploads\/2020\/06\/Riedlingen-Probe-20200620.jpg\"><img loading=\"lazy\" decoding=\"async\" width=\"1024\" height=\"768\" data-id=\"5728\" src=\"http:\/\/www.lebenslaute.net\/wp-content\/uploads\/2020\/06\/Riedlingen-Probe-20200620-1024x768.jpg\" alt=\"\" class=\"wp-image-5728\" srcset=\"https:\/\/www.lebenslaute.net\/wp-content\/uploads\/2020\/06\/Riedlingen-Probe-20200620-1024x768.jpg 1024w, https:\/\/www.lebenslaute.net\/wp-content\/uploads\/2020\/06\/Riedlingen-Probe-20200620-300x225.jpg 300w, https:\/\/www.lebenslaute.net\/wp-content\/uploads\/2020\/06\/Riedlingen-Probe-20200620-768x576.jpg 768w, https:\/\/www.lebenslaute.net\/wp-content\/uploads\/2020\/06\/Riedlingen-Probe-20200620-1536x1152.jpg 1536w, https:\/\/www.lebenslaute.net\/wp-content\/uploads\/2020\/06\/Riedlingen-Probe-20200620-2048x1536.jpg 2048w, https:\/\/www.lebenslaute.net\/wp-content\/uploads\/2020\/06\/Riedlingen-Probe-20200620-400x300.jpg 400w\" sizes=\"auto, (max-width: 1024px) 100vw, 1024px\" \/><\/a><figcaption>Stimmprobe im Chor, Riedlingen<\/figcaption><\/figure>\n\n\n\n<figure class=\"wp-block-image size-large\"><a href=\"https:\/\/www.lebenslaute.net\/wp-content\/uploads\/2020\/06\/Waltershausen-Probe-20200620-scaled.jpg\"><img loading=\"lazy\" decoding=\"async\" width=\"1024\" height=\"683\" data-id=\"5727\" src=\"http:\/\/www.lebenslaute.net\/wp-content\/uploads\/2020\/06\/Waltershausen-Probe-20200620-1024x683.jpg\" alt=\"\" class=\"wp-image-5727\" srcset=\"https:\/\/www.lebenslaute.net\/wp-content\/uploads\/2020\/06\/Waltershausen-Probe-20200620-1024x683.jpg 1024w, https:\/\/www.lebenslaute.net\/wp-content\/uploads\/2020\/06\/Waltershausen-Probe-20200620-300x200.jpg 300w, https:\/\/www.lebenslaute.net\/wp-content\/uploads\/2020\/06\/Waltershausen-Probe-20200620-768x512.jpg 768w, https:\/\/www.lebenslaute.net\/wp-content\/uploads\/2020\/06\/Waltershausen-Probe-20200620-1536x1024.jpg 1536w, https:\/\/www.lebenslaute.net\/wp-content\/uploads\/2020\/06\/Waltershausen-Probe-20200620-2048x1365.jpg 2048w, https:\/\/www.lebenslaute.net\/wp-content\/uploads\/2020\/06\/Waltershausen-Probe-20200620-450x300.jpg 450w\" sizes=\"auto, (max-width: 1024px) 100vw, 1024px\" \/><\/a><figcaption>Bl\u00e4ser*innenprobe in Th\u00fcringen<\/figcaption><\/figure>\n<\/figure>\n\n\n\n<a id=\"pm\" xlink=\"href\"><\/a>\n\n\n\n<div style=\"height:20px\" aria-hidden=\"true\" class=\"wp-block-spacer\"><\/div>\n\n\n\n<p><strong>&gt;&gt; Pressemitteilungen<\/strong><\/p>\n\n\n\n<p><a href=\"https:\/\/www.lebenslaute.net\/?attachment_id=6041\">Gro\u00dfes Abschlusskonzert in der N\u00e4he des Haupteingangs<br>Erfolgreiche Musikblockade bei Rheinmetall \u2013 Betrieb der Waffenfabrik gest\u00f6rt &#8211; Gro\u00dfes Abschlusskonzert vor Zufahrt<\/a>, 17.08.20<br><a href=\"https:\/\/www.lebenslaute.net\/?attachment_id=5982\">Seit 5:40 Uhr Musikblockade aller Zufahrten von Rheinmetall Unterl\u00fc\u00df<\/a>, 17.08.2020<br><a rel=\"noreferrer noopener\" target=\"_blank\" href=\"http:\/\/www.lebenslaute.net\/?attachment_id=5875\">Mit Klang und Schall &#8211; Entwaffnet Rheinmetall! Ank\u00fcndigung Musikblockade<\/a>, 14.08.2020<br><a xlink=\"href\" rel=\"noopener noreferrer\" target=\"_blank\" href=\"http:\/\/www.lebenslaute.net\/?attachment_id=5717\">Lebenslaute probt an vier Orten f\u00fcr Blockade von Rheinmetall<\/a>, 21.06.2020<\/p>\n\n\n\n<a id=\"medienberichte\" xlink=\"href\"><\/a>\n\n\n\n<div style=\"height:20px\" aria-hidden=\"true\" class=\"wp-block-spacer\"><\/div>\n\n\n\n<p><strong>&gt;&gt; Medienberichte<\/strong><\/p>\n\n\n\n<p><em>Aktionsberichte<\/em><br><a href=\"https:\/\/www.lebenslaute.net\/wp-content\/uploads\/2020\/12\/Lebenslaute-Musik-im-Getriebe-Sozialcourage-4-2020.pdf\" target=\"_blank\" rel=\"noreferrer noopener\">Lebenslaute &#8211; Musik im Getriebe<\/a>, Andrea H\u00f6sch, Sozialcourage &#8211; Das Magazin f\u00fcr soziales Handeln, Ausgabe 04\/2020, 22-23<br><a rel=\"noreferrer noopener\" href=\"https:\/\/www.lebenslaute.net\/?attachment_id=6109\" target=\"_blank\">Wir mischen uns ein &#8211; Bericht von der Lebenslaute-Aktion<\/a> (Globalisierungskritisches Magazin, Ausschnitt 8:03-12:35 min) (audio), Radio F.R.E.I., 30.08.2020<br><a rel=\"noreferrer noopener\" href=\"http:\/\/www.landbote.info\/antikriegstag-2020\/#more-19847\" data-type=\"URL\" data-id=\"www.landbote.info\/antikriegstag-2020\/#more-19847\" target=\"_blank\">Abr\u00fcsten statt aufr\u00fcsten<\/a>, Ursula W\u00f6ll, Der neue Landbote, 24.08.2020<br><a rel=\"noreferrer noopener\" href=\"https:\/\/www.neues-deutschland.de\/artikel\/1140664.kriegsindustrie-im-visier.html\" data-type=\"URL\" data-id=\"https:\/\/www.neues-deutschland.de\/artikel\/1140664.kriegsindustrie-im-visier.html\" target=\"_blank\">Kriegsindustrie im Visier &#8211; Blockaden bei Kraus-Maffei-Wegmann und Rheinmetall geplant<\/a>, Neues Deutschland, 20.08.2020<br><a rel=\"noreferrer noopener\" href=\"https:\/\/www.youtube.com\/watch?v=1PfAggLCXLw\" data-type=\"URL\" data-id=\"https:\/\/www.youtube.com\/watch?v=1PfAggLCXLw\" target=\"_blank\">Lebenslaute Konzert bei Rheinmetall 17.08.2020<\/a>, 19:51-Video des <a rel=\"noreferrer noopener\" href=\"https:\/\/www.youtube.com\/channel\/UCr8C5Pw3UultTTNgDVljHfw\" data-type=\"URL\" data-id=\"https:\/\/www.youtube.com\/channel\/UCr8C5Pw3UultTTNgDVljHfw\" target=\"_blank\">Rechtshilfebuero<\/a>s auf youtube.com, 19.08.2020<br><a rel=\"noreferrer noopener\" href=\"https:\/\/www.lebenslaute.net\/wp-content\/uploads\/2020\/08\/Protestkonzert-bei-Waffenhersteller-Rheinmetall-NW-18-8-2020.png\" target=\"_blank\">Protestkonzert bei Waffenhersteller Rheinmetall<\/a>, Neue Westf\u00e4lische, 18.08.2020, u.v.\u00e4.<br><a rel=\"noreferrer noopener\" href=\"https:\/\/www.lebenslaute.net\/wp-content\/uploads\/2020\/08\/Vor-den-Werkstoren-erklingt-Bob-Dylan-20200818.jpg\" target=\"_blank\">Vor den Werkstoren erklingt Bob Dylan<\/a>, Cellesche Zeitung, 18.08.2020<br><a rel=\"noreferrer noopener\" href=\"https:\/\/www.lebenslaute.net\/wp-content\/uploads\/2020\/08\/Mit-Klang-und-Schall-gegen-Waffen-GT-202000818.pdf\" target=\"_blank\">Mit Klang und Schall gegen Waffen<\/a>, G\u00f6ttinger Tageblatt\/DPA (mit DPA-Foto), 18.08.2020, u.v.\u00e4.<br><a rel=\"noreferrer noopener\" href=\"http:\/\/lora924.de\/?p=51197%20und%20https:\/\/www.freie-radios.net\/103981\" target=\"_blank\">Lebenslaute &#8211; Rheinmetall in Unterl\u00fc\u00df mit klassischer Musik blockiert<\/a> (Audio), Radio Lora, 17.08.2020<br><a rel=\"noreferrer noopener\" href=\"https:\/\/www.neues-deutschland.de\/artikel\/1140583.rheinmetall-gegen-die-meister-des-krieges.html\" target=\"_blank\">Gegen die Meister des Krieges &#8211; Aktionskonzert der Gruppe Lebenslaute beim R\u00fcstungskonzern Rheinmetall<\/a>, neues deutschland, 17.08.2020<br><a rel=\"noreferrer noopener\" href=\"https:\/\/taz.de\/AktivistInnen-blockieren-Rheinmetall\/!5707547\/\" target=\"_blank\">AktivistInnen blockieren Rheinmetall &#8211; Mit Bob Dylan gegen Panzerbauer<\/a>, taz, 17.08.20<br><a rel=\"noreferrer noopener\" href=\"https:\/\/www.sueddeutsche.de\/politik\/demonstrationen-unterluess-demonstration-vor-waffenfabrik-dpa.urn-newsml-dpa-com-20090101-200817-99-192919\" target=\"_blank\">Demonstration vor Waffenfabrik<\/a>, S\u00fcddeutsche\/dpa, 17.08.2020, u.v.\u00e4. wie &#8220;Waffengesch\u00e4fte: Musiker-Netzwerk demonstriert vor Fabrik&#8221;, Weserkurier (Bremen), 18.08.2020<br><a rel=\"noreferrer noopener\" href=\"https:\/\/www.ndr.de\/nachrichten\/niedersachsen\/lueneburg_heide_unterelbe\/Demonstration-vor-Waffenfabrik-in-Unterluess,aktuelllueneburg4220.html\" target=\"_blank\">Musiker-Netzwerk demonstriert vor Waffenfabrik<\/a> (mit Video), NDR, 17.08.2020<\/p>\n\n\n\n<p><em>Erlebnisberichte<\/em><br><a href=\"https:\/\/www.friedenskooperative.de\/friedensforum\/artikel\/mit-klang-und-schall-blockiert-lebenslaute\" target=\"_blank\" rel=\"noreferrer noopener\">Mit Klang und Schall blockiert Lebenslaute Rheinmetall<\/a>, FriedensFORUM, 2020\/06<br><a rel=\"noreferrer noopener\" href=\"https:\/\/wurfbude.wordpress.com\/2020\/08\/21\/die-arbeit-der-erinnerung-form-des-widerstands-und-der-befreiung\/\" target=\"_blank\">Die Arbeit der Erinnerung &#8211; Form des Widerstands und der Befreiung<\/a>, Gedenkstunde am ehem. Lager Tannenberg (Au\u00dfenlager des KZ Bergen-Belsen) am 17.08.20, Die Wurfbude, 21.08.2020<\/p>\n\n\n\n<p><em>Vorberichte<\/em><br>Mit klassischer Musik f\u00fcr Entwaffnung &#8211; &#8220;Rheinmetall entwaffnen&#8221;: 150 Zuschauer bei Konzert der Gruppe &#8220;Lebenslaute&#8221; in Unterl\u00fc\u00df, Cellesche Zeitung, 17.08.2020<br><a rel=\"noreferrer noopener\" aria-label=\"Lebenslaute: &quot;Mit Klang und Schall - ENTWAFFNET RHEINMETALL&quot; (\u00f6ffnet in neuem Tab)\" href=\"https:\/\/celler-presse.de\/2020\/08\/14\/lebenslaute-mit-klang-und-schall-entwaffnet-rheinmetall\/\" target=\"_blank\">Lebenslaute: &#8220;Mit Klang und Schall &#8211; ENTWAFFNET RHEINMETALL&#8221;<\/a>, Celler Presse, 14.08.2020<br> <a xlink=\"href\" rel=\"noopener noreferrer\" target=\"_blank\" href=\"https:\/\/www.ndr.de\/nachrichten\/niedersachsen\/lueneburg_heide_unterelbe\/Unterluess-Musiker-protestieren-gegen-Rheinmetall,aktuelllueneburg4200.html\">Unterl\u00fc\u00df: Musiker protestieren gegen Rheinmetall<\/a>, NDR, 12.08.2020<br> <a xlink=\"href\" rel=\"noopener noreferrer\" target=\"_blank\" href=\"https:\/\/celler-presse.de\/2020\/08\/11\/die-heide-blueht-lila-nicht-braun-und-auch-nicht-oliv-gruen-zwei-grosse-aktionskonzerte-fuer-den-frieden\/\">Die Heide bl\u00fcht LILA, nicht BRAUN und auch nicht OLIV-GR\u00dcN &#8211; Zwei gro\u00dfe Aktionskonzerte f\u00fcr den Frieden<\/a>, Celler Presse, 11.08.2020<br> <a xlink=\"href\" rel=\"noopener noreferrer\" target=\"_blank\" href=\"https:\/\/celleheute.de\/klassische-konzerte-gegen-ruestung-und-militaer-unterluess\">Klassische Konzerte gegen R\u00fcstung und Milit\u00e4r in Unterl\u00fc\u00df<\/a>, Celle Heute, 11.08.2020<br> <a xlink=\"href\" rel=\"noopener noreferrer\" target=\"_blank\" href=\"https:\/\/celleheute.de\/klassische-konzerte-gegen-ruestung-und-militaer-unterluess\/\/celler-presse.de\/2020\/06\/22\/lebenslaute-probt-fuer-blockade-von-rheinmetall\/\">Lebenslaute probt f\u00fcr Blockade von Rheinmetall<\/a>, Celler Presse, 22.06.2020<\/p>\n\n\n\n<a id=\"material\" xlink=\"href\"><\/a>\n\n\n\n<div style=\"height:20px\" aria-hidden=\"true\" class=\"wp-block-spacer\"><\/div>\n\n\n\n<p><strong>&gt;&gt; Material<\/strong><\/p>\n\n\n\n<p><em>Mobilisierung<\/em><br><a xlink=\"href\" href=\"https:\/\/www.lebenslaute.net\/wp-content\/uploads\/2020\/04\/faltblatt2020_150dpi.pdf\">Faltblatt Lebenslaute 2020<\/a> &nbsp; (<a xlink=\"href\" href=\"https:\/\/www.lebenslaute.net\/wp-content\/uploads\/2020\/05\/faltblatt2020_300dpi.pdf\">Druck-Aufl\u00f6sung<\/a>, ca. 6,5 MB)<br><a xlink=\"href\" href=\"https:\/\/www.lebenslaute.net\/wp-content\/uploads\/2020\/05\/Lebenslaute-2020-Textflyer-DTEN-zu-Rheinmetall-Unterl\u00fc\u00df.pdf\">Nur-Text-PDFs<\/a> desselben&nbsp; &nbsp;<a xlink=\"href\" href=\"https:\/\/www.lebenslaute.net\/wp-content\/uploads\/2020\/05\/Lebenslaute-2020-Textflyer-DE-zu-Rheinmetall-Unterl\u00fc\u00df.pdf\">deutsch<\/a>&nbsp; &nbsp;+ <a xlink=\"href\" href=\"https:\/\/www.lebenslaute.net\/wp-content\/uploads\/2020\/05\/Lebenslaute-2020-Textflyer-EN-zu-Rheinmetall-Unterl\u00fc\u00df.pdf\">english<\/a> translation<br><a href=\"http:\/\/www.lebenslaute.net\/?attachment_id=5814\" target=\"_blank\" rel=\"noreferrer noopener\" aria-label=\"Plakat (\u00f6ffnet in neuem Tab)\">Plakat<\/a><br><\/p>\n\n\n\n<p><em>In der Aktionswoche Vorgetragenes\/eingesetzte Schriftst\u00fccke<\/em><br><a rel=\"noreferrer noopener\" aria-label=\"Kommentiertes Musikprogramm (\u00f6ffnet in neuem Tab)\" href=\"https:\/\/www.lebenslaute.net\/?attachment_id=5871\" target=\"_blank\">Kommentiertes Musikprogramm<\/a><br><a rel=\"noreferrer noopener\" aria-label=\"Rede beim Vorkonzert im B\u00fcrgerpark Unterl\u00fc\u00df (\u00f6ffnet in neuem Tab)\" href=\"http:\/\/www.lebenslaute.net\/?attachment_id=5931\" target=\"_blank\">Rede beim Vorkonzert im B\u00fcrgerpark Unterl\u00fc\u00df<\/a>, 15.08.2020<br><a href=\"https:\/\/www.lebenslaute.net\/wp-content\/uploads\/2020\/08\/Flyer-fuer-Arbeiterinnen-bei-Blockade-Rheinmetall-20200817.pdf\" target=\"_blank\" rel=\"noreferrer noopener\">Flyer f\u00fcr Arbeiter*innen bei Blockade<\/a>, 17.08.2020<\/p>\n\n\n\n<p><em>Weiterf\u00fchrendes\/Hyperlinks zum Thema<\/em><br><a target=\"_blank\" href=\"https:\/\/www.ndr.de\/nachrichten\/niedersachsen\/lueneburg_heide_unterelbe\/KZ-Gedenkstaette-Unterluess-will-sich-erinnern,gedenken282.html\" xlink=\"href\" rel=\"noopener noreferrer\">KZ-Gedenkst\u00e4tte: Unterl\u00fc\u00df will sich erinnern<\/a> (NDR 1 Niedersachsen, 02\/2019)<\/p>\n\n\n\n<figure class=\"wp-block-gallery has-nested-images columns-default is-cropped wp-block-gallery-12 is-layout-flex wp-block-gallery-is-layout-flex\">\n<figure class=\"wp-block-image size-large\"><a href=\"https:\/\/www.lebenslaute.net\/wp-content\/uploads\/2020\/08\/20200816_122607.jpg\"><img loading=\"lazy\" decoding=\"async\" width=\"768\" height=\"1024\" data-id=\"6070\" src=\"https:\/\/www.lebenslaute.net\/wp-content\/uploads\/2020\/08\/20200816_122607-768x1024.jpg\" alt=\"\" class=\"wp-image-6070\" srcset=\"https:\/\/www.lebenslaute.net\/wp-content\/uploads\/2020\/08\/20200816_122607-768x1024.jpg 768w, https:\/\/www.lebenslaute.net\/wp-content\/uploads\/2020\/08\/20200816_122607-225x300.jpg 225w, https:\/\/www.lebenslaute.net\/wp-content\/uploads\/2020\/08\/20200816_122607-203x270.jpg 203w, https:\/\/www.lebenslaute.net\/wp-content\/uploads\/2020\/08\/20200816_122607.jpg 774w\" sizes=\"auto, (max-width: 768px) 100vw, 768px\" \/><\/a><\/figure>\n\n\n\n<figure class=\"wp-block-image size-large\"><a href=\"https:\/\/www.lebenslaute.net\/wp-content\/uploads\/2020\/08\/20200816_122550.jpg\"><img loading=\"lazy\" decoding=\"async\" width=\"768\" height=\"1024\" data-id=\"6069\" src=\"https:\/\/www.lebenslaute.net\/wp-content\/uploads\/2020\/08\/20200816_122550-768x1024.jpg\" alt=\"\" class=\"wp-image-6069\" srcset=\"https:\/\/www.lebenslaute.net\/wp-content\/uploads\/2020\/08\/20200816_122550-768x1024.jpg 768w, https:\/\/www.lebenslaute.net\/wp-content\/uploads\/2020\/08\/20200816_122550-225x300.jpg 225w, https:\/\/www.lebenslaute.net\/wp-content\/uploads\/2020\/08\/20200816_122550-203x270.jpg 203w, https:\/\/www.lebenslaute.net\/wp-content\/uploads\/2020\/08\/20200816_122550.jpg 774w\" sizes=\"auto, (max-width: 768px) 100vw, 768px\" \/><\/a><\/figure>\n\n\n\n<figure class=\"wp-block-image size-large\"><a href=\"https:\/\/www.lebenslaute.net\/wp-content\/uploads\/2020\/08\/20200816_113248.jpg\"><img loading=\"lazy\" decoding=\"async\" width=\"768\" height=\"1024\" data-id=\"6068\" src=\"https:\/\/www.lebenslaute.net\/wp-content\/uploads\/2020\/08\/20200816_113248-768x1024.jpg\" alt=\"\" class=\"wp-image-6068\" srcset=\"https:\/\/www.lebenslaute.net\/wp-content\/uploads\/2020\/08\/20200816_113248-768x1024.jpg 768w, https:\/\/www.lebenslaute.net\/wp-content\/uploads\/2020\/08\/20200816_113248-225x300.jpg 225w, https:\/\/www.lebenslaute.net\/wp-content\/uploads\/2020\/08\/20200816_113248-203x270.jpg 203w, https:\/\/www.lebenslaute.net\/wp-content\/uploads\/2020\/08\/20200816_113248.jpg 774w\" sizes=\"auto, (max-width: 768px) 100vw, 768px\" \/><\/a><\/figure>\n<figcaption class=\"blocks-gallery-caption\">Im Dorf Fa\u00dfberg-M\u00fcden dient das Lebenslaute-Plakat als analoge Diskussionsplattform.<\/figcaption><\/figure>\n\n\n\n<a id=\"aufruf\" xlink=\"href\"><\/a>\n\n\n\n<div style=\"height:20px\" aria-hidden=\"true\" class=\"wp-block-spacer\"><\/div>\n\n\n\n<p><strong>&gt;&gt; Aufruf<\/strong><\/p>\n\n\n\n<p>Rheinmetall ist Deutschlands gr\u00f6\u00dfter Waffen- und R\u00fcstungsproduzent mit rund 3,5 Milliarden Euro Umsatz im Unternehmensbereich Defence (dt. Verteidigung). In Unterl\u00fc\u00df n\u00f6rdlich von Celle betreibt der R\u00fcstungskonzern ein Werk f\u00fcr Waffen und Munition, ein weiteres f\u00fcr Landsysteme wie Panzer, sowie Europas gr\u00f6\u00dftes privates Waffentestgel\u00e4nde. 75 Jahre nach Ende des Zweiten Weltkriegs steht Rheinmetall f\u00fcr nicht angemessene Entsch\u00e4digung von Zwangsarbeiter*innen und F\u00f6rderung milit\u00e4rischer Expansionspolitik Deutschlands und der EU. Dar\u00fcber hinaus werden Rheinmetall-Produkte an repressive und nationalistische Regierungen geliefert und in v\u00f6lkerrechtswidrigen Kriegen eingesetzt.<\/p>\n\n\n\n<p><b>Profit mit Leid und Tod<\/b><\/p>\n\n\n\n<p>Seit 1889 verdient Rheinmetall Geld mit Tod und Vernichtung von Lebensgrundlagen. W\u00e4hrend des Zweiten Weltkriegs beutete der Konzern Tausende von Zwangsarbeiter*innen und Kriegsgefangenen aus. Hunderte polnische und ungarische J\u00fcdinnen aus dem Au\u00dfenlager Tannenberg des KZ Bergen-Belsen wurden (u.a.) bei der Herstellung von Artilleriegranaten misshandelt und get\u00f6tet. Ein \u00f6ffentliches Gedenken oder eine individuelle Entsch\u00e4digung verweigert der Konzern bis heute. Vielmehr haben Vorst\u00e4nde und Aktion\u00e4re der Rheinmetall AG, mittlerweile ein b\u00f6rsennotiertes Unternehmen, alle ethischen Hemmungen abgelegt. Durch Gr\u00fcndung von Tochterfirmen in anderen L\u00e4ndern werden die ohnehin sp\u00e4rlichen deutschen R\u00fcstungsexport-Kontrollen gezielt umgangen. Rheinmetall liefert Waffen in Kriegsgebiete weltweit, darunter auch an Staaten, die v\u00f6lkerrechtswidrige Kriege f\u00fchren. Nicht zuletzt beteiligt sich der Konzern mit Panzerlieferungen an L\u00e4nder wie Jordanien oder Algerien an der m\u00f6rderischen Abschottung Europas.<\/p>\n\n\n\n<p><b>Militarisierung entgegentreten<\/b><\/p>\n\n\n\n<p>Eine Aufr\u00fcstung der Bundeswehr und weitere Auslandseins\u00e4tze, wie sie jetzt wieder von der \u201eVerteidigungs\u201cministerin Kramp-Karrenbauer propagiert werden, setzen falsche Signale. Krieg bringt keinen Frieden, sondern zerst\u00f6rt alle Lebensgrundlagen und zwingt so die Menschen in modernisierte Herrschafts- und Gewaltsysteme. Dazu heizen Krieg und Milit\u00e4r die Klimakatastrophe an. So liegen f\u00fcr die USA bereits Studien vor, denen zufolge allein das Milit\u00e4r mehr Klimagase ausst\u00f6\u00dft als ganz Norwegen, Schweden, Finnland oder Ungarn. Es sollte nicht Ziel Europas sein, dem gleichzutun.<\/p>\n\n\n\n<p>Nach den Weltkriegen wurden Produktionsverbote f\u00fcr Waffen verh\u00e4ngt. Rheinmetall verlagerte seinen Schwerpunkt auf die Fertigung ziviler G\u00fcter wie B\u00fcromaschinen, Lokomotiven und Transporteinrichtungen. Doch solche Ans\u00e4tze von R\u00fcstungskonversion wurden mit Gr\u00fcndung der Bundeswehr 1956 zur\u00fcckgefahren. Rheinmetall baute erneut Maschinengewehre und Kanonen. Heute f\u00fchrt Deutschland wieder Krieg. Durch Produktion von und Handel mit Waffensystemen beginnt dieser Krieg auch bei Rheinmetall in Unterl\u00fc\u00df. Mit einer musikalischen Blockade der Waffenfabriken werden wir Sand im Getriebe der T\u00f6tungsmaschinerie sein.<\/p>\n\n\n\n<p><b>Keine Produktion von Waffen, Munition und R\u00fcstungsg\u00fctern!<br>Kein Milit\u00e4r! Kein Krieg! Grenzen beseitigen, Fl\u00fcchtende aufnehmen! Klimaschutz durch Abr\u00fcstung!<br>RHEINMETALL ENTWAFFNEN!<\/b><\/p>\n\n\n\n<a id=\"konzertprogramm\" xlink=\"href\"><\/a>\n\n\n\n<div style=\"height:20px\" aria-hidden=\"true\" class=\"wp-block-spacer\"><\/div>\n\n\n\n<p><strong>&gt;&gt; Konzertprogramm 2020<\/strong><\/p>\n\n\n\n<p>Josef Hadar: Erev shel Shoshanim (Abend der Rosen), 1957, T: Mosche Dor. Instrumentalbegleitung: Lebenslaute 2020.<br>Bob Dylan: Masters of War, 1963, Chor- und Ensemblefassung: Ulrich Klan, 2020.<br>Ludwig van Beethoven: 7. Sinfonie op. 92, 2. Satz.<br>Johnny I hardly knew ye. Irisches Volkslied, Arr. Alice Parker<br>Johannes Brahms: Darthulas Grabesgesang (Nr. 3 aus &#8220;Drei Ges\u00e4nge&#8221; f\u00fcr Chor op. 42, 1859\/1861), Text nach Ossian (James Macpherson), \u00dcbersetzung: J.G. Herder.<br>Boris Vian: Le d\u00e9serteur, Arr. Bernd Geisler, 2020<br>Mauricio Kagel: Marsch Nr. 4 aus &#8220;Zehn M\u00e4rsche, um den Sieg zu verfehlen&#8221; f\u00fcr Blasorchester (1979)<br>Georg Friedrich H\u00e4ndel: Schlusschor aus: Ode for the birthday of Queen Anne, HWV 74 (1714), deutsch: Friedensode (Geburtstagsode f\u00fcr K\u00f6nigin Anna) T. englisch: Ambrose Philips<br>Aram Chatschaturjan: Walzer aus der Schauspielmusik &#8220;Maskarada&#8221;<br>Heinrich Sch\u00fctz: Psalmlied Ps. 58 &#8220;Wie nun, ihr Herren&#8221;<\/p>\n\n\n\n<p><a target=\"_blank\" href=\"http:\/\/www.lebenslaute.net\/?attachment_id=5871\" xlink=\"href\" rel=\"noopener noreferrer\">Programmheft 2020<\/a> zum Download<\/p>\n\n\n\n<a id=\"wirsuchen\" xlink=\"href\"><\/a>\n\n\n\n<div style=\"height:20px\" aria-hidden=\"true\" class=\"wp-block-spacer\"><\/div>\n\n\n\n<p><strong>&gt;&gt; Wir suchen auch dieses Jahr\u2026<\/strong><\/p>\n\n\n\n<ul class=\"wp-block-list\"><li>\u00fcbefreudige Musiker*innen aller Chor\u00ad- und Orchester\u00adstimmen, Laien und Profis!<\/li><li>nicht musizierende Aktionsunter\u00adst\u00fctzer*innen \u2013 ebenso willkommen! \u2013 f\u00fcr Camp- und B\u00fcro-Orga, DirekteAktion-Technik usw.!<\/li><\/ul>\n\n\n\n<p>Kontakt und Anmeldung: <a href=\"mailto:lebenslaute2020@riseup.net\" xlink=\"href\">lebenslaute2020@riseup.net<\/a><\/p>\n\n\n\n<p>Aktivist*innen k\u00f6nnen sich unabh\u00e4ngig von den j\u00e4hrlich \u00fcberregionalen Aktionswochen auf unseren zweisprachig deutsch-englischen <a href=\"https:\/\/listi.jpberlin.de\/pipermail\/lebenslaute-info\/\" xlink=\"href\">E-Mail-Newsletter<\/a> (bis 10-mal j\u00e4hrlich) eintragen, Kontakt zu unseren Regionalgruppen aufnehmen und Vorschl\u00e4ge f\u00fcr zuk\u00fcnftige Aktionsthemen und -orte schreiben.<\/p>\n\n\n\n<a id=\"corona-info\" xlink=\"href\"><\/a>\n\n\n\n<div style=\"height:20px\" aria-hidden=\"true\" class=\"wp-block-spacer\"><\/div>\n\n\n\n<p><strong>&gt;&gt; Lebenslaute in Zeiten von Corona<\/strong><\/p>\n\n\n\n<p>Wir haben zur Vorbeugung von Infektionen ein umfassendes Hygienekonzept erstellt. In einem breiten Diskussionsprozess haben sich die Teilnehmer*innen auf eine Reihe von Regeln geeinigt, die wir uns selbst gegeben haben. Das Konzept wird allen Menschen, die sich angemeldet haben oder noch anmelden, per Mail zugesandt. Neben den Ma\u00dfnahmen, die sich aus der nieders\u00e4chsischen Corona-Verordnung ergeben, haben wir uns auch auf noch weitere Ma\u00dfnahmen geeinigt, die f\u00fcr unsere Situation besonders geeignet sind. Zum Beispiel werden wir vermehrt in Kleingruppen proben und plenieren, sowie Gruppenaktivit\u00e4ten nach drau\u00dfen verlagern.<\/p>\n","protected":false},"excerpt":{"rendered":"<p>Mit Klang und Schall \u2013 Entwaffnet Rheinmetall! + Pressekontakt: 01578 71 14306, presse@lebenslaute.net + Aktionsticker mit Fotos | Pressemitteilungen | Medienberichte | Material Aufruf | Konzertprogramm | Wir suchen | Corona-Info Aktionstage: 12.-18. August 2020bei Unterl\u00fc\u00df (S\u00fcdheide in Niedersachsen) Vorkonzert: 15. August 2020, 18 UhrB\u00fcrgerpark, Unterl\u00fc\u00df, Berliner \/ Magdeburger Str. Aktionskonzert: 17. August 2020, 11 UhrHaupteinfahrt Rheinmetall, Unterl\u00fc\u00df &gt;&gt; Aktionsticker mit Fotos (Pressemitteilungen hier)Fotos zur freien Verf\u00fcgung bei Nennung der UrheberIn (Lebenslaute, falls nicht anders). Aktionskonzert vor der Waffenfabrik Rheinmetall&#8230;<\/p>\n<p class=\"read-more\"><a class=\"btn btn-default\" href=\"https:\/\/www.lebenslaute.net\/?page_id=5368\">Weiterlesen<span class=\"screen-reader-text\"> Weiterlesen<\/span><\/a><\/p>\n","protected":false},"author":6,"featured_media":0,"parent":30,"menu_order":0,"comment_status":"closed","ping_status":"closed","template":"","meta":{"footnotes":""},"class_list":["post-5368","page","type-page","status-publish","hentry"],"_links":{"self":[{"href":"https:\/\/www.lebenslaute.net\/index.php?rest_route=\/wp\/v2\/pages\/5368","targetHints":{"allow":["GET"]}}],"collection":[{"href":"https:\/\/www.lebenslaute.net\/index.php?rest_route=\/wp\/v2\/pages"}],"about":[{"href":"https:\/\/www.lebenslaute.net\/index.php?rest_route=\/wp\/v2\/types\/page"}],"author":[{"embeddable":true,"href":"https:\/\/www.lebenslaute.net\/index.php?rest_route=\/wp\/v2\/users\/6"}],"replies":[{"embeddable":true,"href":"https:\/\/www.lebenslaute.net\/index.php?rest_route=%2Fwp%2Fv2%2Fcomments&post=5368"}],"version-history":[{"count":197,"href":"https:\/\/www.lebenslaute.net\/index.php?rest_route=\/wp\/v2\/pages\/5368\/revisions"}],"predecessor-version":[{"id":10240,"href":"https:\/\/www.lebenslaute.net\/index.php?rest_route=\/wp\/v2\/pages\/5368\/revisions\/10240"}],"up":[{"embeddable":true,"href":"https:\/\/www.lebenslaute.net\/index.php?rest_route=\/wp\/v2\/pages\/30"}],"wp:attachment":[{"href":"https:\/\/www.lebenslaute.net\/index.php?rest_route=%2Fwp%2Fv2%2Fmedia&parent=5368"}],"curies":[{"name":"wp","href":"https:\/\/api.w.org\/{rel}","templated":true}]}}