{"id":9601,"date":"2023-02-24T09:33:24","date_gmt":"2023-02-24T08:33:24","guid":{"rendered":"https:\/\/www.lebenslaute.net\/?page_id=9601"},"modified":"2024-04-14T20:16:17","modified_gmt":"2024-04-14T18:16:17","slug":"aktion-2023","status":"publish","type":"page","link":"https:\/\/www.lebenslaute.net\/?page_id=9601","title":{"rendered":"2023 N\u00f6rvenich"},"content":{"rendered":"\n<p class=\"has-text-align-left has-large-font-size\"><strong>Aufspielen zum Abr\u00fcsten<\/strong><\/p>\n\n\n\n<p class=\"has-text-align-center\"><a xlink=\"href\" href=\"#ticker\">Aktionsticker mit Fotos<\/a> | <a href=\"#bericht\">Fotos<\/a> | <a xlink=\"href\" href=\"#pm\">Pressemitteilungen<\/a> | <a xlink=\"href\" href=\"#medienberichte\">Medienberichte<\/a> | <a xlink=\"href\" href=\"#material\">Material\/Rede<\/a> |  <a xlink=\"href\" href=\"#aufruf\">Aufruf<\/a> | <a xlink=\"href\" href=\"#konzertprogramm\">Konzertprogramm<\/a> | <a xlink=\"href\" href=\"#wirsuchen\">Wir suchen &#8211; Mitmachen!<\/a><\/p>\n\n\n\n<div class=\"wp-block-media-text alignwide is-stacked-on-mobile\" style=\"grid-template-columns:44% auto\"><figure class=\"wp-block-media-text__media\"><img loading=\"lazy\" decoding=\"async\" width=\"724\" height=\"1024\" src=\"https:\/\/www.lebenslaute.net\/wp-content\/uploads\/2023\/08\/Plakat-lebenslaute_final_web23-724x1024.jpg\" alt=\"Plakat zur Aktionswoche 2023\" class=\"wp-image-9801 size-large\" srcset=\"https:\/\/www.lebenslaute.net\/wp-content\/uploads\/2023\/08\/Plakat-lebenslaute_final_web23-724x1024.jpg 724w, https:\/\/www.lebenslaute.net\/wp-content\/uploads\/2023\/08\/Plakat-lebenslaute_final_web23-212x300.jpg 212w, https:\/\/www.lebenslaute.net\/wp-content\/uploads\/2023\/08\/Plakat-lebenslaute_final_web23-768x1086.jpg 768w, https:\/\/www.lebenslaute.net\/wp-content\/uploads\/2023\/08\/Plakat-lebenslaute_final_web23-1086x1536.jpg 1086w, https:\/\/www.lebenslaute.net\/wp-content\/uploads\/2023\/08\/Plakat-lebenslaute_final_web23-191x270.jpg 191w, https:\/\/www.lebenslaute.net\/wp-content\/uploads\/2023\/08\/Plakat-lebenslaute_final_web23.jpg 1169w\" sizes=\"auto, (max-width: 724px) 100vw, 724px\" \/><\/figure><div class=\"wp-block-media-text__content\">\n<p><strong>30. Juli bis 06. August 2023 bei N\u00f6rvenich<\/strong>: <em><strong>Mit einer Aktion zivilen Ungehorsams und einem angemeldeten Konzert stellen wir uns gegen Atomwaffenstationierung in Deutschland.<\/strong><\/em><\/p>\n\n\n\n<p><strong>Samstag, 5.8., Aachen:<\/strong><br><strong>12<\/strong> Uhr: <strong>Plakatenth\u00fcllung <\/strong>zum Gedenken an Hiroshima: Templergraben 11, Aachen, <em>mit dem B\u00fcndnis &#8220;Keine Atomwaffen rund um Aachen&#8221;<\/em><br><strong>17<\/strong> Uhr: <strong>Vorkonzert<\/strong> in der Citykirche, An der Nikolauskirche 3, Aachen<\/p>\n\n\n\n<p><strong>Sonntag, 6. August:<\/strong><br><strong>11 Uhr<\/strong>: <strong>Aktionskonzert Fliegerhorst N\u00f6rvenich<\/strong> (Kreis D\u00fcren, n\u00f6rdlich der Ortschaft N\u00f6rvenich: <a href=\"#anreise\">Anreise inkl. Shuttle-Angebot s.u.<\/a>)<br><strong>16<\/strong> Uhr in <strong>D\u00fcren<\/strong>: <strong>Gedenken an Hiroshima<\/strong>, am Mahnmal vor dem &#8220;Haus der Stadt&#8221; D\u00fcren, <em>mit der Friedensgruppe D\u00fcren<\/em><\/p>\n<\/div><\/div>\n\n\n\n<a id=\"ticker\" xlink=\"href\"><\/a>\n\n\n\n<p><strong>&gt;&gt; Aktionsticker mit Fotos<\/strong><br>Fotos zur freien Verf\u00fcgung bei Nennung der UrheberIn (Lebenslaute, falls nicht anders).<br>Achtung, der Ticker l\u00e4dt nur alle 72 Stunden neu. Ganz aktuell <a href=\"https:\/\/nitter.net\/lebenslaute\">direkt auf Twitter<\/a>.<\/p>\n\n\n\n[custom-twitter-feeds feed=2]\n\n\n\n<a id=\"bericht\" xlink=\"href\"><\/a>\n\n\n\n<p><strong>&gt;&gt; Fotos<\/strong><br>Fotos zur freien Verf\u00fcgung bei Nennung der UrheberIn (Lebenslaute, falls nicht anders).<\/p>\n\n\n\n<figure class=\"wp-block-image size-large\"><a href=\"https:\/\/www.lebenslaute.net\/wp-content\/uploads\/2023\/08\/DSC_9759-1-scaled.jpg\"><img loading=\"lazy\" decoding=\"async\" width=\"1024\" height=\"683\" src=\"https:\/\/www.lebenslaute.net\/wp-content\/uploads\/2023\/08\/DSC_9759-1-1024x683.jpg\" alt=\"\" class=\"wp-image-9843\" srcset=\"https:\/\/www.lebenslaute.net\/wp-content\/uploads\/2023\/08\/DSC_9759-1-1024x683.jpg 1024w, https:\/\/www.lebenslaute.net\/wp-content\/uploads\/2023\/08\/DSC_9759-1-300x200.jpg 300w, https:\/\/www.lebenslaute.net\/wp-content\/uploads\/2023\/08\/DSC_9759-1-768x513.jpg 768w, https:\/\/www.lebenslaute.net\/wp-content\/uploads\/2023\/08\/DSC_9759-1-1536x1025.jpg 1536w, https:\/\/www.lebenslaute.net\/wp-content\/uploads\/2023\/08\/DSC_9759-1-2048x1367.jpg 2048w, https:\/\/www.lebenslaute.net\/wp-content\/uploads\/2023\/08\/DSC_9759-1-405x270.jpg 405w\" sizes=\"auto, (max-width: 1024px) 100vw, 1024px\" \/><\/a><figcaption>Freitag, 4:30, Musikalische Blockade des Fliegerhorst N\u00f6rvenich durch Lebenslaute hat begonnen, Crashtor A <\/figcaption><\/figure>\n\n\n\n<figure class=\"wp-block-image size-large\"><a href=\"https:\/\/www.lebenslaute.net\/wp-content\/uploads\/2023\/08\/DSC_9786-scaled.jpg\"><img loading=\"lazy\" decoding=\"async\" width=\"1024\" height=\"683\" src=\"https:\/\/www.lebenslaute.net\/wp-content\/uploads\/2023\/08\/DSC_9786-1024x683.jpg\" alt=\"\" class=\"wp-image-9850\" srcset=\"https:\/\/www.lebenslaute.net\/wp-content\/uploads\/2023\/08\/DSC_9786-1024x683.jpg 1024w, https:\/\/www.lebenslaute.net\/wp-content\/uploads\/2023\/08\/DSC_9786-300x200.jpg 300w, https:\/\/www.lebenslaute.net\/wp-content\/uploads\/2023\/08\/DSC_9786-768x513.jpg 768w, https:\/\/www.lebenslaute.net\/wp-content\/uploads\/2023\/08\/DSC_9786-1536x1025.jpg 1536w, https:\/\/www.lebenslaute.net\/wp-content\/uploads\/2023\/08\/DSC_9786-2048x1367.jpg 2048w, https:\/\/www.lebenslaute.net\/wp-content\/uploads\/2023\/08\/DSC_9786-405x270.jpg 405w\" sizes=\"auto, (max-width: 1024px) 100vw, 1024px\" \/><\/a><figcaption>Freitag 6:00 Uhr, Musikalische Blockade, Crashtor A<\/figcaption><\/figure>\n\n\n\n<figure class=\"wp-block-image size-large\"><a href=\"https:\/\/www.lebenslaute.net\/wp-content\/uploads\/2023\/08\/IMG_6051.jpg\"><img loading=\"lazy\" decoding=\"async\" width=\"1024\" height=\"768\" src=\"https:\/\/www.lebenslaute.net\/wp-content\/uploads\/2023\/08\/IMG_6051-1024x768.jpg\" alt=\"\" class=\"wp-image-9854\" srcset=\"https:\/\/www.lebenslaute.net\/wp-content\/uploads\/2023\/08\/IMG_6051-1024x768.jpg 1024w, https:\/\/www.lebenslaute.net\/wp-content\/uploads\/2023\/08\/IMG_6051-300x225.jpg 300w, https:\/\/www.lebenslaute.net\/wp-content\/uploads\/2023\/08\/IMG_6051-768x576.jpg 768w, https:\/\/www.lebenslaute.net\/wp-content\/uploads\/2023\/08\/IMG_6051-1536x1152.jpg 1536w, https:\/\/www.lebenslaute.net\/wp-content\/uploads\/2023\/08\/IMG_6051-360x270.jpg 360w, https:\/\/www.lebenslaute.net\/wp-content\/uploads\/2023\/08\/IMG_6051.jpg 2016w\" sizes=\"auto, (max-width: 1024px) 100vw, 1024px\" \/><\/a><figcaption>Freitag 6:35 Uhr, Haupttor<\/figcaption><\/figure>\n\n\n\n<figure class=\"wp-block-image size-large is-resized\"><a href=\"https:\/\/www.lebenslaute.net\/wp-content\/uploads\/2023\/08\/DSC_9797-scaled.jpg\"><img loading=\"lazy\" decoding=\"async\" src=\"https:\/\/www.lebenslaute.net\/wp-content\/uploads\/2023\/08\/DSC_9797-1024x683.jpg\" alt=\"\" class=\"wp-image-9846\" width=\"840\" height=\"560\" srcset=\"https:\/\/www.lebenslaute.net\/wp-content\/uploads\/2023\/08\/DSC_9797-1024x683.jpg 1024w, https:\/\/www.lebenslaute.net\/wp-content\/uploads\/2023\/08\/DSC_9797-300x200.jpg 300w, https:\/\/www.lebenslaute.net\/wp-content\/uploads\/2023\/08\/DSC_9797-768x513.jpg 768w, https:\/\/www.lebenslaute.net\/wp-content\/uploads\/2023\/08\/DSC_9797-1536x1025.jpg 1536w, https:\/\/www.lebenslaute.net\/wp-content\/uploads\/2023\/08\/DSC_9797-2048x1367.jpg 2048w, https:\/\/www.lebenslaute.net\/wp-content\/uploads\/2023\/08\/DSC_9797-405x270.jpg 405w\" sizes=\"auto, (max-width: 840px) 100vw, 840px\" \/><\/a><figcaption>Freitag 7:00 Musikalische Blockade aller Zufahrten des Fliegerhorst N\u00f6rvenich, Der Wachwechsel kann nicht stattfinden.<\/figcaption><\/figure>\n\n\n\n<figure class=\"wp-block-image size-large is-resized\"><a href=\"https:\/\/www.lebenslaute.net\/wp-content\/uploads\/2023\/08\/IMG_6043.jpg\"><img loading=\"lazy\" decoding=\"async\" src=\"https:\/\/www.lebenslaute.net\/wp-content\/uploads\/2023\/08\/IMG_6043-1024x576.jpg\" alt=\"\" class=\"wp-image-9853\" width=\"838\" height=\"471\" srcset=\"https:\/\/www.lebenslaute.net\/wp-content\/uploads\/2023\/08\/IMG_6043-1024x576.jpg 1024w, https:\/\/www.lebenslaute.net\/wp-content\/uploads\/2023\/08\/IMG_6043-300x169.jpg 300w, https:\/\/www.lebenslaute.net\/wp-content\/uploads\/2023\/08\/IMG_6043-768x432.jpg 768w, https:\/\/www.lebenslaute.net\/wp-content\/uploads\/2023\/08\/IMG_6043-1536x864.jpg 1536w, https:\/\/www.lebenslaute.net\/wp-content\/uploads\/2023\/08\/IMG_6043-480x270.jpg 480w, https:\/\/www.lebenslaute.net\/wp-content\/uploads\/2023\/08\/IMG_6043.jpg 1760w\" sizes=\"auto, (max-width: 838px) 100vw, 838px\" \/><\/a><figcaption>Freitag 7:30 Uhr, Haupttor<\/figcaption><\/figure>\n\n\n\n<figure class=\"wp-block-image size-large\"><a href=\"https:\/\/www.lebenslaute.net\/wp-content\/uploads\/2023\/08\/MG_4066-scaled.jpg\"><img loading=\"lazy\" decoding=\"async\" width=\"1024\" height=\"683\" src=\"https:\/\/www.lebenslaute.net\/wp-content\/uploads\/2023\/08\/MG_4066-1024x683.jpg\" alt=\"\" class=\"wp-image-9858\" srcset=\"https:\/\/www.lebenslaute.net\/wp-content\/uploads\/2023\/08\/MG_4066-1024x683.jpg 1024w, https:\/\/www.lebenslaute.net\/wp-content\/uploads\/2023\/08\/MG_4066-300x200.jpg 300w, https:\/\/www.lebenslaute.net\/wp-content\/uploads\/2023\/08\/MG_4066-768x512.jpg 768w, https:\/\/www.lebenslaute.net\/wp-content\/uploads\/2023\/08\/MG_4066-1536x1024.jpg 1536w, https:\/\/www.lebenslaute.net\/wp-content\/uploads\/2023\/08\/MG_4066-2048x1365.jpg 2048w, https:\/\/www.lebenslaute.net\/wp-content\/uploads\/2023\/08\/MG_4066-405x270.jpg 405w\" sizes=\"auto, (max-width: 1024px) 100vw, 1024px\" \/><\/a><figcaption>Freitag, 4. 8. 2023 11:30 Hauptzufahrt<\/figcaption><\/figure>\n\n\n\n<a id=\"anreise\" xlink=\"href\"><\/a>\n\n\n\n<p><strong>ANREISEN ZUM AKTIONSKONZERT am Sonntag<\/strong><\/p>\n\n\n\n<p><strong>Von K\u00f6ln Hbf:<\/strong><br>F\u00fcr Fahrradfahrer*innen: mit der S 19 um 9.40 Uhr ab K\u00f6ln Hbf nach Buir (Ankunft 10.08 Uhr) von Buir ca. 30 &#8211; 40 Min. mit dem Fahrrad zum Fliegerhorst in N\u00f6rvenich (mit Begleitung durch den DFG-VK-Aktionsbulli).<br>F\u00fcr Fu\u00dfg\u00e4nger (\u00d6PNV): mit dem RE 9 um 9.47 Uhr ab K\u00f6ln Hbf nach D\u00fcren (Ankunft 10.12 Uhr)<br>und von dort mit dem Shuttle-Bus um 10.30 Uhr zum Fliegerhorst in N\u00f6rvenich (Danke an die Friedensgruppe D\u00fcren f\u00fcr die Shuttlebus-Organisation!).<\/p>\n\n\n\n<p><strong>Von Aachen Hbf:<\/strong><br>Um 9:41 Uhr mit dem Zug nach D\u00fcren, von dort um 10:30 mit dem Shuttlebus zum Fliegerhorst in N\u00f6rvenich.<\/p>\n\n\n\n<p><\/p>\n\n\n\n<p><\/p>\n\n\n\n<div class=\"wp-block-image\"><figure class=\"aligncenter size-large\"><a href=\"https:\/\/www.lebenslaute.net\/wp-content\/uploads\/2023\/05\/Flyer-Vorderseite-1.png\"><img loading=\"lazy\" decoding=\"async\" width=\"724\" height=\"1024\" src=\"https:\/\/www.lebenslaute.net\/wp-content\/uploads\/2023\/05\/Flyer-Vorderseite-1-724x1024.png\" alt=\"Vorderseite des Flyers zur Lebenslaute Aktion 2023\" class=\"wp-image-9770\" srcset=\"https:\/\/www.lebenslaute.net\/wp-content\/uploads\/2023\/05\/Flyer-Vorderseite-1-724x1024.png 724w, https:\/\/www.lebenslaute.net\/wp-content\/uploads\/2023\/05\/Flyer-Vorderseite-1-212x300.png 212w, https:\/\/www.lebenslaute.net\/wp-content\/uploads\/2023\/05\/Flyer-Vorderseite-1-768x1086.png 768w, https:\/\/www.lebenslaute.net\/wp-content\/uploads\/2023\/05\/Flyer-Vorderseite-1-1086x1536.png 1086w, https:\/\/www.lebenslaute.net\/wp-content\/uploads\/2023\/05\/Flyer-Vorderseite-1-1448x2048.png 1448w, https:\/\/www.lebenslaute.net\/wp-content\/uploads\/2023\/05\/Flyer-Vorderseite-1-191x270.png 191w\" sizes=\"auto, (max-width: 724px) 100vw, 724px\" \/><\/a><\/figure><\/div>\n\n\n\n<a id=\"pm\" xlink=\"href\"><\/a>\n\n\n\n<p><strong>&gt;&gt; Pressemitteilungen<\/strong><\/p>\n\n\n\n<p>folgen.<\/p>\n\n\n\n<a id=\"medienberichte\" xlink=\"href\"><\/a>\n\n\n\n<p><strong>&gt;&gt; Medienberichte<\/strong><\/p>\n\n\n\n<p>7.8., njuuz.de &#8211; Das Wuppertaler Nachrichtenmagazin: <a rel=\"noreferrer noopener\" href=\"https:\/\/www.njuuz.de\/home\/politik\/hiroshimatag-abruesten\/\" target=\"_blank\">Am Hiroshima-Tag: Aufspielen zum Abr\u00fcsten<\/a> (Wuppertaler Friedensforum nach Jochen Vogler)<br>6.8., Aachener Zeitung: <a rel=\"noreferrer noopener\" href=\"https:\/\/www.aachener-zeitung.de\/lokales\/aachen\/atomwaffengegner-gedenken-in-aachen-der-hiroshima-opfer_aid-95160527\" target=\"_blank\">Hiroshima-Gedenkveranstaltung in Aachen. Das Grauen soll sich nicht wiederholen<\/a> (Paywall, Foto von Andreas Steindl)<br>6.8., R-mediabase.eu: <a rel=\"noreferrer noopener\" href=\"\/\/r-mediabase.eu\/am-hiroshimatag-aufspielen-zum-abruesten\/\" target=\"_blank\">Am Hiroshimatag: Aufspielen zum Abr\u00fcsten<\/a> (Text und Fotogalerie: jochen vogler)<br>5.8., Junge Welt: <a rel=\"noreferrer noopener\" href=\"https:\/\/www.jungewelt.de\/artikel\/456225.pazifismus-orchester-gegen-atomkrieg.html\" target=\"_blank\">Orchester gegen Atomkrieg<\/a> (jW, S. 2\/Inland)<br>4.8., 100,5 &#8211; Das Hitradio: <a rel=\"noreferrer noopener\" href=\"https:\/\/dashitradio.de\/news\/detail\/protestaktion-am-fliegerhorst-noervenich\/\" target=\"_blank\">D\u00fcren: Protestaktion am Fliegerhorst N\u00f6rvenich<\/a> (N.N. nach Polizeimeldung)<br>4.8., DN-News Nachrichten-Website f\u00fcr D\u00fcren und Umgebung: <a rel=\"noreferrer noopener\" href=\"https:\/\/dn-news.de\/themen\/blaulicht\/polizei\/2023\/08\/04\/versammlung-am-fliegerhorst-noervenich\/\" target=\"_blank\">Versammlung am Fliegerhorst N\u00f6rvenich<\/a> (Quelle: Polizei D\u00fcren)<br>4.8., Presseportal.de (Polizei): <a rel=\"noreferrer noopener\" href=\"https:\/\/www.presseportal.de\/blaulicht\/pm\/8\/5573872\" target=\"_blank\">Versammlung am Fliegerhorst N\u00f6rvenich<\/a> (&#8220;Blaulicht&#8221; der Polizei Kreis D\u00fcren)<br>4.8., flugzeugforum.de FF: <a rel=\"noreferrer noopener\" href=\"https:\/\/www.flugzeugforum.de\/threads\/flugbetrieb-in-noervenich-etnn-2023.101251\/page-14#post-3042866\" target=\"_blank\">Flugbetrieb in N\u00f6rvenich<\/a> &#8211; 4 Forumsbeitr\u00e4ge (von herbie Space Cadet u.a.)<br>4.8., 13:51, Radio Rur (D\u00fcren): <a rel=\"noreferrer noopener\" href=\"https:\/\/www.radiorur.de\/artikel\/noervenich-aktivisten-blockieren-luftwaffenstandort-1726805.html\" target=\"_blank\">N\u00f6rvenich: Aktivisten blockieren Luftwaffenstandort<\/a> (Radio Rur, DM)<br>4.8., 09:58 (aktualisiert 14:38), Aachener Zeitung: <a rel=\"noreferrer noopener\" href=\"https:\/\/www.aachener-zeitung.de\/lokales\/dueren\/noervenich\/aktivisten-blockieren-zufahrt-am-fliegerhorst-noervenich_aid-95055897\" target=\"_blank\">Fliegerhorst N\u00f6rvenich. Protest-Blockaden am Luftwaffenst\u00fctzpunkt aufgel\u00f6st<\/a> (Mira Otto und J\u00f6rg Abels)<br>## Weitere Hyperlinks folgen n\u00e4chste Woche. ##<\/p>\n\n\n\n<p><em>Vorberichte<\/em>: <br>17.7., Aachener Zeitung: <a rel=\"noreferrer noopener\" href=\"https:\/\/www.aachener-zeitung.de\/lokales\/dueren\/noervenich\/die-gruppe-lebenslaute-musiziert-am-fliegerhorst-noervenich_aid-93803139\" target=\"_blank\">Lebenslaute-Protest in N\u00f6rvenich. Ein Aktionskonzert vor dem Milit\u00e4rflugplatz<\/a> (Mira Otto)<br>7.7., Aachener Zeitung: <a rel=\"noreferrer noopener\" href=\"https:\/\/www.aachener-zeitung.de\/lokales\/dueren\/noervenich\/aktivisten-fordern-in-noervenich-ein-verbot-von-atomwaffen_aid-93360541\" target=\"_blank\">Friedensprotest am Fliegerhorst. Aktivisten fordern in N\u00f6rvenich ein Verbot von Atomwaffen<\/a> <br>18.5., Aachener Zeitung: <a rel=\"noreferrer noopener\" href=\"https:\/\/www.aachener-zeitung.de\/lokales\/dueren\/noervenich\/die-ersten-buechel-tornados-sollen-am-13-juni-aus-noervenich-starten_aid-69923125\" target=\"_blank\">Umzug auf den Fliegerhorst. Die ersten B\u00fcchel-Tornados sollen am 13. Juni aus N\u00f6rvenich starten<\/a> <\/p>\n\n\n\n<a id=\"material\" xlink=\"href\"><\/a>\n\n\n\n<p><strong>&gt;&gt; Material<\/strong><\/p>\n\n\n\n<p><em>Mobilisierung<\/em><br><a rel=\"noreferrer noopener\" href=\"https:\/\/www.lebenslaute.net\/wp-content\/uploads\/2023\/04\/Flyer-2023-ueberarbeitet.pdf\" target=\"_blank\">Aufruf\/Einladung zum Mitmachen<\/a> (PDF-Datei)<\/p>\n\n\n\n<p><em>In der Aktionswoche Vorgetragenes\/eingesetzte Schriftst\u00fccke<\/em><br>Kommentiertes Musikprogramm: folgt<br>Rede beim Vorkonzert in der Citykirche Aachen, 5.8.: folgt<\/p>\n\n\n\n<p><em>Rede<\/em><br><a href=\"https:\/\/www.lebenslaute.net\/wp-content\/uploads\/2023\/08\/202308_Rede_AufspielenZumAbruesten_CityKircheAachen.pdf\">Lebenslaute 2023 &#8220;Aufspielen zum Abr\u00fcsten&#8221;<br>Rede zum Vorkonzert am 05.08.2023 in der Citykirche\/Nikolauskirche in Aachen<\/a><\/p>\n\n\n\n<a id=\"aufruf\" xlink=\"href\"><\/a>\n\n\n\n<h2 class=\"wp-block-heading\"><strong>&gt;&gt; <\/strong>Aufruf<\/h2>\n\n\n\n<p><a rel=\"noreferrer noopener\" href=\"https:\/\/www.lebenslaute.net\/wp-content\/uploads\/2023\/04\/Flyer-2023-ueberarbeitet.pdf\" target=\"_blank\">Aufruf\/Einladung zum Mitmachen<\/a> (als PDF-Datei)<\/p>\n\n\n\n<p><strong>Aufspielen zum Abr\u00fcsten\u2026<\/strong><br>\u2026unter diesem Motto hat sich Lebenslaute vor zehn Jahren am Atomwaffenlager B\u00fcchel in der Eifel an einer 24-st\u00fcndigen Musikblockade der Kampagne &#8220;Atomwaffenfrei jetzt&#8221; beteiligt.<br>Abger\u00fcstet wurde aber seitdem nicht. Im Gegenteil. Im Rahmen des als &#8220;Zeitenwende&#8221; deklarierten Milit\u00e4rpakets der Bundesregierung wird massiv aufger\u00fcstet und entgegen bisher geltenden politischen Grunds\u00e4tzen Exporte von immer schwereren Waffen in Kriegsgebiete bef\u00f6rdert. Der Fliegerhorst B\u00fcchel wird inzwischen f\u00fcr die US-Tarnkappen-Bomber F35 modernisiert, die neue, lenkbare Atombomben in Zieln\u00e4he bringen sollen. Jede dieser Waffen hat die vielfache Sprengkraft der Hiroshima-Bombe. Gem\u00e4\u00df der 2022 beschlossenen NATO-Doktrin beruht unsere Sicherheit auf der Einsetzbarkeit dieser neuen Generation von Atomwaffen. B\u00fcchel (aktuell N\u00f6rvenich) ist der St\u00fctzpunkt in Deutschland, an dem ein Atomkrieg ge\u00fcbt wird, der f\u00fcr gewinnbar gehalten wird.<\/p>\n\n\n\n<p><strong>Frieden schaffen ohne Waffen!<\/strong><br>Anders wird es nicht gehen. Das f\u00fchrt besonders der Angriffskrieg Russlands auf die Ukraine in aller Grausamkeit vor. Die deutsche R\u00fcstungsindustrie hat Russland nicht nur vor 2014 mit Waffen beliefert, sondern sogar noch nach dem Embargo, das auf die Annexion der Krim folgte.<br>Statt nach der Aufl\u00f6sung des Warschauer Pakts 1990 auch die NATO aufzul\u00f6sen und an einer weltweiten Sicherheitsstruktur zu arbeiten, wurde seither weiter um die Wette ger\u00fcstet und Waffen exportiert. Das Ergebnis sehen wir nicht nur im Ukrainekrieg sondern in zahlreichen weiteren v\u00f6lkerrechtswidrigen Kriegen, auch mit deutscher Beteiligung.<\/p>\n\n\n\n<p><strong>Atomkriegsgefahr steigt<\/strong><br>Noch nie stand die Welt so nah vor einem Atomkrieg wie heute. Russland hat bereits mehrfach mit dem Einsatz von Atomwaffen gedroht und die USA haben im Oktober 2022 verk\u00fcndet, dass US-Atomwaffen zu mehr als nur zur Abschreckung dienen. Beide Seiten bedrohen auf diese Weise die gesamte Menschheit.<\/p>\n\n\n\n<p><strong>Wir wollen keinen Krieg gewinnen<\/strong><br>Wir brauchen eine friedensf\u00e4hige Weltordnung. Wir brauchen globale Anstrengungen, um die Klimakatastrophe zu verhindern. Wir brauchen soziale Gerechtigkeit.<\/p>\n\n\n\n<p>Wir spielen auf zum Abr\u00fcsten und fordern:<br>Die Waffen nieder &#8211; Schluss mit dem Ukrainekrieg! Verhandeln statt Schie\u00dfen!<br>Solidarit\u00e4t, Unterst\u00fctzung und politisches Asyl f\u00fcr Deserteur:innen aus der Ukraine, Russland und Belarus!<br>Beitritt Deutschlands zum Vertrag des Verbots von Atomwaffen \u2013 Schluss mit der Politik der \u201enuklearen Teilhabe\u201c Deutschlands!<br>Aufl\u00f6sung der Luftwaffenst\u00fctzpunkte B\u00fcchel und N\u00f6rvenich!<br>Wir wollen eine Zeitenwende f\u00fcr Frieden und Klimagerechtigkeit jetzt!<br><\/p>\n\n\n\n<a id=\"konzertprogramm\" xlink=\"href\"><\/a>\n\n\n\n<p><strong>&gt;&gt; Konzertmusik 2023<\/strong><br>Unter anderem spielen wir:<br>Louise Farrenc, Adagio aus Sinfonie Nr. 1<br>Benjamin Britten, War Requiem (&#8220;Dies irae&#8221; und &#8220;Lacrimosa&#8221;)<br>Faz\u0131l Say, Hiroshima &#8211; K\u0131z \u00e7ocu\u011fu &#8211; Das kleine tote M\u00e4dchen. Text: Naz\u0131m Hikmet &#8211; deutsche Nachdichtung und Arrangement f\u00fcr Chor von Ulrich Klan<br>au\u00dferdem Werke von Leo\u0161 Jan\u00e1\u010dek, Mauricio Kagel, Dota Kehr, Arvo P\u00e4rt, Dmitri Schostakowitsch und Anne T\u00fcbinger.<\/p>\n\n\n\n<p>Folk, Jazz, Tanzen, Kammermusik, Improvisieren, Theater und \u00e4hnliches sind als Zusatzprogramm sehr erw\u00fcnscht. Im Rahmen der Aktion freuen wir uns (nach Absprache) \u00fcber Beitr\u00e4ge weiterer Aktionsgruppen und Teilnehmer:innen!<\/p>\n\n\n\n<a id=\"wirsuchen\" xlink=\"href\"><\/a>\n\n\n\n<p><strong>&gt;&gt; Wir suchen<\/strong><\/p>\n\n\n\n<p><strong>Unter dem Namen LEBENSLAUTE\u2026<\/strong><br>\u2026engagieren sich seit 1986 musikalische Laien und Profis, mit Orchester-Instrumenten, im Chor, bei der Aktionsunterst\u00fctzung sowie als Zuh\u00f6rer:innen. Konzertaktionen finden einmal j\u00e4hrlich in Chor und Orchesterst\u00e4rke statt, dazwischen auch regional in kleineren Ensembles.<br>Die offene Musik- und Aktionsgruppe bringt \u00fcberwiegend klassische Musik gerade dort zum Klingen, wo dies nicht erwartet wird: auf Milit\u00e4r\u00fcbungspl\u00e4tzen und Abschiebeflugh\u00e4fen, vor Nuklearanlagen und Raketendepots, in Ausl\u00e4nderbeh\u00f6rden und an anderen menschenbedrohenden Orten.<br>Bei der Wahl unserer Konzertorte und Aktionsformen fragen wir, was legitim ist. Wir suchen mit Aktionen Zivilen Ungehorsams die politische Auseinander-setzung durch angek\u00fcndigten und bewussten Gesetzes\u00fcbertritt: Blockaden, Besetzungen, Entz\u00e4unungen, Betreten verbotener Orte.<br>Dabei ist es uns wichtig, lokale Protestbewegungen zu st\u00e4rken.<br>Entscheidungen treffen wir basisdemokratisch. Bed\u00fcrfnisse, Ideen und Bedenken aller sollen ber\u00fccksichtigt werden. Es bleibt stets in der Verantwortung der Teilnehmenden, wie weit sie sich einbringen und was sie riskieren. Betroffene m\u00f6glicher rechtlicher Konsequenzen unterst\u00fctzen wir solidarisch.<\/p>\n\n\n\n<p><strong>Anmeldung unbedingt erforderlich!<\/strong><br>Lebenslaute freut sich \u00fcber weitere Musiker:innen aller Chor und Orchesterstimmen, sowie insbesondere Aktionsunterst\u00fctzer:innen und Kinderbetreuer:innen. Wir bitten alle, die sich musikalisch beteiligen wollen, schon vor dem Probenwochenende ihren Instrumenten- und Chorpart zu \u00fcben. Noten werden rechtzeitig zur Verf\u00fcgung gestellt.<\/p>\n\n\n\n<p><strong>Teile uns bitte mit:<\/strong><br>Was brauchst Du, um mitmachen zu k\u00f6nnen: Kinderbetreuung, spezielle Hilfen<br>u.\u00e4.?<br>Wie m\u00f6chtest Du Dich beteiligen: Instrument(e), Stimmlage, geliebte Orga-T\u00e4tigkeiten oder Aufgaben in der Aktionsunterst\u00fctzung (B\u00fchnen aufbauen, Logistik, Aktionsplanung, usw.)?<\/p>\n\n\n\n<p> in Kooperation mit regionalen Friedensinitiativen<\/p>\n\n\n\n<p><\/p>\n\n\n\n<p>Programmheft 2023&nbsp;zum Download: folgt<\/p>\n\n\n\n<p><\/p>\n\n\n\n<p>Aktivist*innen k\u00f6nnen sich unabh\u00e4ngig von den j\u00e4hrlich \u00fcberregionalen Aktionswochen unseren&nbsp;<a href=\"https:\/\/listi.jpberlin.de\/pipermail\/lebenslaute-info\/\">E-Mail-Newsletter<\/a>&nbsp;(bis 10-mal j\u00e4hrlich) abonnieren, Kontakt zu unseren Regionalgruppen aufnehmen und Vorschl\u00e4ge f\u00fcr zuk\u00fcnftige Aktionsthemen und -orte schreiben.<\/p>\n\n\n\n<p><\/p>\n","protected":false},"excerpt":{"rendered":"<p>Aufspielen zum Abr\u00fcsten Aktionsticker mit Fotos | Fotos | Pressemitteilungen | Medienberichte | Material\/Rede | Aufruf | Konzertprogramm | Wir suchen &#8211; Mitmachen! 30. Juli bis 06. August 2023 bei N\u00f6rvenich: Mit einer Aktion zivilen Ungehorsams und einem angemeldeten Konzert stellen wir uns gegen Atomwaffenstationierung in Deutschland. Samstag, 5.8., Aachen:12 Uhr: Plakatenth\u00fcllung zum Gedenken an Hiroshima: Templergraben 11, Aachen, mit dem B\u00fcndnis &#8220;Keine Atomwaffen rund um Aachen&#8221;17 Uhr: Vorkonzert in der Citykirche, An der Nikolauskirche 3, Aachen Sonntag, 6. August:11&#8230;<\/p>\n<p class=\"read-more\"><a class=\"btn btn-default\" href=\"https:\/\/www.lebenslaute.net\/?page_id=9601\">Weiterlesen<span class=\"screen-reader-text\"> Weiterlesen<\/span><\/a><\/p>\n","protected":false},"author":28,"featured_media":0,"parent":30,"menu_order":0,"comment_status":"closed","ping_status":"closed","template":"","meta":{"footnotes":""},"class_list":["post-9601","page","type-page","status-publish","hentry"],"_links":{"self":[{"href":"https:\/\/www.lebenslaute.net\/index.php?rest_route=\/wp\/v2\/pages\/9601","targetHints":{"allow":["GET"]}}],"collection":[{"href":"https:\/\/www.lebenslaute.net\/index.php?rest_route=\/wp\/v2\/pages"}],"about":[{"href":"https:\/\/www.lebenslaute.net\/index.php?rest_route=\/wp\/v2\/types\/page"}],"author":[{"embeddable":true,"href":"https:\/\/www.lebenslaute.net\/index.php?rest_route=\/wp\/v2\/users\/28"}],"replies":[{"embeddable":true,"href":"https:\/\/www.lebenslaute.net\/index.php?rest_route=%2Fwp%2Fv2%2Fcomments&post=9601"}],"version-history":[{"count":43,"href":"https:\/\/www.lebenslaute.net\/index.php?rest_route=\/wp\/v2\/pages\/9601\/revisions"}],"predecessor-version":[{"id":10219,"href":"https:\/\/www.lebenslaute.net\/index.php?rest_route=\/wp\/v2\/pages\/9601\/revisions\/10219"}],"up":[{"embeddable":true,"href":"https:\/\/www.lebenslaute.net\/index.php?rest_route=\/wp\/v2\/pages\/30"}],"wp:attachment":[{"href":"https:\/\/www.lebenslaute.net\/index.php?rest_route=%2Fwp%2Fv2%2Fmedia&parent=9601"}],"curies":[{"name":"wp","href":"https:\/\/api.w.org\/{rel}","templated":true}]}}